{"id":48,"date":"2022-09-23T09:31:49","date_gmt":"2022-09-23T09:31:49","guid":{"rendered":"http:\/\/www.psv-wuppertal-leichtathletik.de\/?page_id=48"},"modified":"2024-11-10T18:01:36","modified_gmt":"2024-11-10T18:01:36","slug":"ueber-uns","status":"publish","type":"page","link":"https:\/\/www.psv-wuppertal-leichtathletik.de\/?page_id=48","title":{"rendered":"\u00dcber uns"},"content":{"rendered":"<p>[et_pb_section fb_built=&#8220;1&#8243; admin_label=&#8220;Header&#8220; _builder_version=&#8220;4.23&#8243; _module_preset=&#8220;default&#8220; background_enable_color=&#8220;off&#8220; background_image=&#8220;https:\/\/www.psv-wuppertal-leichtathletik.de\/wp-content\/uploads\/2023\/11\/haeder_2023_blau_gruen2.png&#8220; custom_margin=&#8220;||160px||false|false&#8220; custom_padding=&#8220;||0px|||&#8220; global_colors_info=&#8220;{}&#8220;][et_pb_row _builder_version=&#8220;4.16&#8243; _module_preset=&#8220;default&#8220; max_width=&#8220;none&#8220; global_colors_info=&#8220;{}&#8220;][et_pb_column type=&#8220;4_4&#8243; _builder_version=&#8220;4.16&#8243; _module_preset=&#8220;default&#8220; global_colors_info=&#8220;{}&#8220;][et_pb_text _builder_version=&#8220;4.18.0&#8243; _module_preset=&#8220;abe15537-a205-41f8-9025-7356e956fa93&#8243; header_font=&#8220;||||||||&#8220; header_3_font=&#8220;Arial|700||on|||||&#8220; header_3_text_color=&#8220;#FFFFFF&#8220; header_3_font_size=&#8220;26px&#8220; header_3_line_height=&#8220;1.2em&#8220; min_height=&#8220;40.2px&#8220; header_3_font_size_tablet=&#8220;20px&#8220; header_3_font_size_phone=&#8220;16px&#8220; header_3_font_size_last_edited=&#8220;on|desktop&#8220; global_colors_info=&#8220;{}&#8220;]<\/p>\n<h3>Eine Abteilung des PSV Wuppertal e.v.<\/h3>\n<p>[\/et_pb_text][et_pb_text _builder_version=&#8220;4.23&#8243; _module_preset=&#8220;77bd6224-541c-4dfa-aa0c-4832456a9557&#8243; header_font=&#8220;Advent Pro|700|on|on|||||&#8220; header_text_color=&#8220;#D5FF00&#8243; header_font_size=&#8220;10vw&#8220; header_line_height=&#8220;0.8em&#8220; header_font_size_tablet=&#8220;&#8220; header_font_size_phone=&#8220;&#8220; header_font_size_last_edited=&#8220;on|tablet&#8220; global_colors_info=&#8220;{%22gcid-5fba0126-308f-4f42-aa94-6c5d80831bca%22:%91%93}&#8220;]<\/p>\n<h1><span style=\"color: #abfa44;\">PSV Leichtathletik<\/span><\/h1>\n<p>[\/et_pb_text][\/et_pb_column][\/et_pb_row][\/et_pb_section][et_pb_section fb_built=&#8220;1&#8243; admin_label=&#8220;Stats&#8220; _builder_version=&#8220;4.16&#8243; _module_preset=&#8220;default&#8220; global_colors_info=&#8220;{}&#8220;][et_pb_row column_structure=&#8220;1_4,1_4,1_4,1_4&#8243; _builder_version=&#8220;4.16&#8243; _module_preset=&#8220;default&#8220; global_colors_info=&#8220;{}&#8220;][et_pb_column type=&#8220;1_4&#8243; _builder_version=&#8220;4.16&#8243; _module_preset=&#8220;default&#8220; global_colors_info=&#8220;{}&#8220;][et_pb_number_counter title=&#8220;Gr\u00fcndung&#8220; number=&#8220;1922&#8243; percent_sign=&#8220;off&#8220; _builder_version=&#8220;4.18.0&#8243; _module_preset=&#8220;default&#8220; title_font=&#8220;Syncopate|700||on|||||&#8220; title_text_color=&#8220;#000000&#8243; title_font_size=&#8220;14px&#8220; number_font=&#8220;Montserrat|800|on||||||&#8220; number_text_color=&#8220;#000000&#8243; number_font_size=&#8220;60px&#8220; custom_margin=&#8220;||60px||false|false&#8220; custom_margin_tablet=&#8220;-10px||||false|false&#8220; custom_margin_phone=&#8220;-50px||||false|false&#8220; custom_margin_last_edited=&#8220;on|phone&#8220; title_font_size_tablet=&#8220;&#8220; title_font_size_phone=&#8220;12px&#8220; title_font_size_last_edited=&#8220;on|phone&#8220; number_font_size_last_edited=&#8220;off|desktop&#8220; number_line_height_last_edited=&#8220;off|desktop&#8220; global_colors_info=&#8220;{}&#8220;][\/et_pb_number_counter][\/et_pb_column][et_pb_column type=&#8220;1_4&#8243; _builder_version=&#8220;4.16&#8243; _module_preset=&#8220;default&#8220; global_colors_info=&#8220;{}&#8220;][et_pb_number_counter title=&#8220;Trainer&#8220; number=&#8220;10+&#8220; percent_sign=&#8220;off&#8220; _builder_version=&#8220;4.18.0&#8243; _module_preset=&#8220;default&#8220; title_font=&#8220;Syncopate|700||on|||||&#8220; title_text_color=&#8220;#000000&#8243; title_font_size=&#8220;14px&#8220; number_font=&#8220;Montserrat|800|on||||||&#8220; number_text_color=&#8220;#000000&#8243; number_font_size=&#8220;60px&#8220; custom_margin=&#8220;||60px||false|false&#8220; custom_margin_tablet=&#8220;-10px||||false|false&#8220; custom_margin_phone=&#8220;-50px||||false|false&#8220; custom_margin_last_edited=&#8220;on|phone&#8220; title_font_size_tablet=&#8220;&#8220; title_font_size_phone=&#8220;12px&#8220; title_font_size_last_edited=&#8220;on|phone&#8220; number_font_size_last_edited=&#8220;off|desktop&#8220; number_line_height_last_edited=&#8220;off|desktop&#8220; locked=&#8220;off&#8220; global_colors_info=&#8220;{}&#8220;][\/et_pb_number_counter][\/et_pb_column][et_pb_column type=&#8220;1_4&#8243; _builder_version=&#8220;4.16&#8243; _module_preset=&#8220;default&#8220; global_colors_info=&#8220;{}&#8220;][et_pb_number_counter title=&#8220;Mitglieder PSV&#8220; number=&#8220;300+&#8220; percent_sign=&#8220;off&#8220; _builder_version=&#8220;4.18.0&#8243; _module_preset=&#8220;default&#8220; title_font=&#8220;Syncopate|700||on|||||&#8220; title_text_color=&#8220;#000000&#8243; title_font_size=&#8220;14px&#8220; number_font=&#8220;Montserrat|800|on||||||&#8220; number_text_color=&#8220;#000000&#8243; number_font_size=&#8220;60px&#8220; custom_margin=&#8220;||60px||false|false&#8220; custom_margin_tablet=&#8220;-10px||||false|false&#8220; custom_margin_phone=&#8220;-50px||||false|false&#8220; custom_margin_last_edited=&#8220;on|phone&#8220; title_font_size_tablet=&#8220;&#8220; title_font_size_phone=&#8220;12px&#8220; title_font_size_last_edited=&#8220;on|phone&#8220; number_font_size_last_edited=&#8220;off|desktop&#8220; number_line_height_last_edited=&#8220;off|desktop&#8220; locked=&#8220;off&#8220; global_colors_info=&#8220;{}&#8220;][\/et_pb_number_counter][\/et_pb_column][et_pb_column type=&#8220;1_4&#8243; _builder_version=&#8220;4.16&#8243; _module_preset=&#8220;default&#8220; global_colors_info=&#8220;{}&#8220;][et_pb_number_counter title=&#8220;Trainingsorte&#8220; number=&#8220;10&#8243; percent_sign=&#8220;off&#8220; _builder_version=&#8220;4.18.0&#8243; _module_preset=&#8220;default&#8220; title_font=&#8220;Syncopate|700||on|||||&#8220; title_text_color=&#8220;#000000&#8243; title_font_size=&#8220;14px&#8220; number_font=&#8220;Montserrat|800|on||||||&#8220; number_text_color=&#8220;#000000&#8243; number_font_size=&#8220;60px&#8220; custom_margin=&#8220;||60px||false|false&#8220; custom_margin_tablet=&#8220;-10px||||false|false&#8220; custom_margin_phone=&#8220;-50px||||false|false&#8220; custom_margin_last_edited=&#8220;on|phone&#8220; title_font_size_tablet=&#8220;&#8220; title_font_size_phone=&#8220;12px&#8220; title_font_size_last_edited=&#8220;on|phone&#8220; number_font_size_last_edited=&#8220;off|desktop&#8220; number_line_height_last_edited=&#8220;off|desktop&#8220; locked=&#8220;off&#8220; global_colors_info=&#8220;{}&#8220;][\/et_pb_number_counter][\/et_pb_column][\/et_pb_row][\/et_pb_section][et_pb_section fb_built=&#8220;1&#8243; admin_label=&#8220;Info&#8220; _builder_version=&#8220;4.16&#8243; _module_preset=&#8220;default&#8220; background_image=&#8220;https:\/\/www.psv-wuppertal-leichtathletik.de\/wp-content\/uploads\/2022\/10\/tennis-club-031.png&#8220; global_colors_info=&#8220;{}&#8220;][et_pb_row _builder_version=&#8220;4.16&#8243; _module_preset=&#8220;default&#8220; custom_padding=&#8220;||27px|||&#8220; global_colors_info=&#8220;{}&#8220;][et_pb_column type=&#8220;4_4&#8243; _builder_version=&#8220;4.16&#8243; _module_preset=&#8220;default&#8220; global_colors_info=&#8220;{}&#8220;][et_pb_text _builder_version=&#8220;4.16&#8243; _module_preset=&#8220;d87de799-28d7-4de5-ab6b-6617c666688a&#8220; header_4_font=&#8220;Montserrat|800|on|on|||||&#8220; header_4_text_color=&#8220;#FFFFFF&#8220; header_4_font_size=&#8220;120px&#8220; header_4_line_height=&#8220;1.1em&#8220; text_orientation=&#8220;center&#8220; width=&#8220;100%&#8220; custom_margin=&#8220;||-80px||false|false&#8220; custom_margin_tablet=&#8220;||-50px||false|false&#8220; custom_margin_phone=&#8220;||-20px||false|false&#8220; custom_margin_last_edited=&#8220;on|phone&#8220; header_4_font_size_tablet=&#8220;80px&#8220; header_4_font_size_phone=&#8220;26px&#8220; header_4_font_size_last_edited=&#8220;on|phone&#8220; header_4_text_shadow_style=&#8220;preset3&#8243; header_4_text_shadow_blur_strength=&#8220;0.01em&#8220; header_4_text_shadow_color=&#8220;#000000&#8243; header_4_text_shadow_blur_strength_tablet=&#8220;&#8220; header_4_text_shadow_blur_strength_phone=&#8220;0.03em&#8220; header_4_text_shadow_blur_strength_last_edited=&#8220;on|phone&#8220; global_colors_info=&#8220;{}&#8220;]<\/p>\n<h4>Leichtathletik<\/h4>\n<p>[\/et_pb_text][et_pb_text _builder_version=&#8220;4.16&#8243; _module_preset=&#8220;33d8ed47-9575-4183-ae48-b1d6c4145db4&#8243; header_2_font=&#8220;Syncopate|700||on|||||&#8220; header_2_text_color=&#8220;#000000&#8243; header_2_font_size=&#8220;60px&#8220; header_2_line_height=&#8220;1.2em&#8220; text_orientation=&#8220;center&#8220; max_width=&#8220;650px&#8220; module_alignment=&#8220;center&#8220; header_2_font_size_tablet=&#8220;32px&#8220; header_2_font_size_phone=&#8220;20px&#8220; header_2_font_size_last_edited=&#8220;on|phone&#8220; locked=&#8220;off&#8220; global_colors_info=&#8220;{}&#8220;]<\/p>\n<h2>Spa\u00df, disziplin &amp; erfolge<\/h2>\n<p>[\/et_pb_text][et_pb_text _builder_version=&#8220;4.16&#8243; _module_preset=&#8220;afe8fc41-dc70-4bf1-b625-17644c79cbc3&#8243; text_font=&#8220;||||||||&#8220; text_text_color=&#8220;#000000&#8243; text_font_size=&#8220;16px&#8220; text_line_height=&#8220;2.2em&#8220; text_orientation=&#8220;center&#8220; max_width=&#8220;800px&#8220; module_alignment=&#8220;center&#8220; text_font_size_tablet=&#8220;15px&#8220; text_font_size_phone=&#8220;14px&#8220; text_font_size_last_edited=&#8220;on|desktop&#8220; locked=&#8220;off&#8220; global_colors_info=&#8220;{}&#8220;]<\/p>\n<p>F\u00fcr jeden Athleten die richtige Formel! Der Spa\u00df steht im Vordergrund \u2013 dennoch zeigt es sich, dass jeder Athlet Erfolge aufweisen kann. Ob im Team oder als Einzelleistung \u2013 jeder Einzelne ist am Erfolg der gesamten Manschaft beteiligt. Erlebe selbst, mit welchem Teamgeist wir uns anfeuern!<\/p>\n<p>[\/et_pb_text][\/et_pb_column][\/et_pb_row][\/et_pb_section][et_pb_section fb_built=&#8220;1&#8243; admin_label=&#8220;Coaches&#8220; _builder_version=&#8220;4.16&#8243; _module_preset=&#8220;default&#8220; global_colors_info=&#8220;{}&#8220;][et_pb_row _builder_version=&#8220;4.16&#8243; _module_preset=&#8220;default&#8220; custom_padding=&#8220;||27px|||&#8220; locked=&#8220;off&#8220; global_colors_info=&#8220;{}&#8220;][et_pb_column type=&#8220;4_4&#8243; _builder_version=&#8220;4.16&#8243; _module_preset=&#8220;default&#8220; global_colors_info=&#8220;{}&#8220;][et_pb_text _builder_version=&#8220;4.16&#8243; _module_preset=&#8220;d87de799-28d7-4de5-ab6b-6617c666688a&#8220; header_4_font=&#8220;Montserrat|800|on|on|||||&#8220; header_4_text_color=&#8220;#FFFFFF&#8220; header_4_font_size=&#8220;120px&#8220; header_4_line_height=&#8220;1.1em&#8220; text_orientation=&#8220;center&#8220; width=&#8220;100%&#8220; custom_margin=&#8220;||-80px||false|false&#8220; custom_margin_tablet=&#8220;||-50px||false|false&#8220; custom_margin_phone=&#8220;||-20px||false|false&#8220; custom_margin_last_edited=&#8220;on|phone&#8220; header_4_font_size_tablet=&#8220;80px&#8220; header_4_font_size_phone=&#8220;26px&#8220; header_4_font_size_last_edited=&#8220;on|phone&#8220; header_4_text_shadow_style=&#8220;preset3&#8243; header_4_text_shadow_blur_strength=&#8220;0.01em&#8220; header_4_text_shadow_color=&#8220;#000000&#8243; header_4_text_shadow_blur_strength_tablet=&#8220;&#8220; header_4_text_shadow_blur_strength_phone=&#8220;0.03em&#8220; header_4_text_shadow_blur_strength_last_edited=&#8220;on|phone&#8220; global_colors_info=&#8220;{}&#8220;]<\/p>\n<h4>Training<\/h4>\n<p>[\/et_pb_text][et_pb_text _builder_version=&#8220;4.16&#8243; _module_preset=&#8220;33d8ed47-9575-4183-ae48-b1d6c4145db4&#8243; header_2_font=&#8220;Syncopate|700||on|||||&#8220; header_2_text_color=&#8220;#000000&#8243; header_2_font_size=&#8220;60px&#8220; header_2_line_height=&#8220;1.2em&#8220; text_orientation=&#8220;center&#8220; max_width=&#8220;650px&#8220; module_alignment=&#8220;center&#8220; header_2_font_size_tablet=&#8220;32px&#8220; header_2_font_size_phone=&#8220;20px&#8220; header_2_font_size_last_edited=&#8220;on|phone&#8220; locked=&#8220;off&#8220; global_colors_info=&#8220;{}&#8220;]<\/p>\n<h2>Lerne unsere Trainer kennen<\/h2>\n<p>[\/et_pb_text][\/et_pb_column][\/et_pb_row][et_pb_row column_structure=&#8220;1_5,1_5,1_5,1_5,1_5&#8243; use_custom_gutter=&#8220;on&#8220; gutter_width=&#8220;2&#8243; _builder_version=&#8220;4.18.0&#8243; _module_preset=&#8220;default&#8220; global_colors_info=&#8220;{}&#8220;][et_pb_column type=&#8220;1_5&#8243; _builder_version=&#8220;4.16&#8243; _module_preset=&#8220;default&#8220; global_colors_info=&#8220;{}&#8220;][et_pb_team_member name=&#8220;Gerhard&#8220; position=&#8220;Trainer&#8220; image_url=&#8220;https:\/\/www.psv-wuppertal-leichtathletik.de\/wp-content\/uploads\/2022\/12\/Gerhard-1.jpg&#8220; _builder_version=&#8220;4.19.0&#8243; _module_preset=&#8220;default&#8220; header_font=&#8220;Syncopate|700||on|||||&#8220; header_font_size=&#8220;12px&#8220; header_line_height=&#8220;1.2em&#8220; text_orientation=&#8220;center&#8220; max_width_tablet=&#8220;&#8220; max_width_phone=&#8220;130px&#8220; max_width_last_edited=&#8220;on|phone&#8220; module_alignment=&#8220;center&#8220; border_radii_image=&#8220;on|200px|200px|200px|200px&#8220; global_colors_info=&#8220;{}&#8220;][\/et_pb_team_member][\/et_pb_column][et_pb_column type=&#8220;1_5&#8243; _builder_version=&#8220;4.16&#8243; _module_preset=&#8220;default&#8220; global_colors_info=&#8220;{}&#8220;][et_pb_team_member name=&#8220;Christina&#8220; position=&#8220;Trainerin&#8220; image_url=&#8220;https:\/\/www.psv-wuppertal-leichtathletik.de\/wp-content\/uploads\/2022\/12\/Christina-1.jpg&#8220; _builder_version=&#8220;4.19.0&#8243; _module_preset=&#8220;default&#8220; header_font=&#8220;Syncopate|700||on|||||&#8220; header_font_size=&#8220;12px&#8220; header_line_height=&#8220;1.2em&#8220; text_orientation=&#8220;center&#8220; max_width_tablet=&#8220;&#8220; max_width_phone=&#8220;130px&#8220; max_width_last_edited=&#8220;on|phone&#8220; module_alignment=&#8220;center&#8220; border_radii_image=&#8220;on|200px|200px|200px|200px&#8220; locked=&#8220;off&#8220; global_colors_info=&#8220;{}&#8220;][\/et_pb_team_member][\/et_pb_column][et_pb_column type=&#8220;1_5&#8243; _builder_version=&#8220;4.16&#8243; _module_preset=&#8220;default&#8220; global_colors_info=&#8220;{}&#8220;][et_pb_team_member name=&#8220;Lena&#8220; position=&#8220;Trainerin&#8220; image_url=&#8220;https:\/\/www.psv-wuppertal-leichtathletik.de\/wp-content\/uploads\/2022\/10\/IMG_E3397-scaled.jpg&#8220; _builder_version=&#8220;4.27.0&#8243; _module_preset=&#8220;default&#8220; header_font=&#8220;Syncopate|700||on|||||&#8220; header_font_size=&#8220;12px&#8220; header_line_height=&#8220;1.2em&#8220; text_orientation=&#8220;center&#8220; max_width_tablet=&#8220;&#8220; max_width_phone=&#8220;130px&#8220; max_width_last_edited=&#8220;on|phone&#8220; module_alignment=&#8220;center&#8220; border_radii_image=&#8220;on|200px|200px|200px|200px&#8220; global_colors_info=&#8220;{}&#8220;][\/et_pb_team_member][\/et_pb_column][et_pb_column type=&#8220;1_5&#8243; _builder_version=&#8220;4.27.0&#8243; _module_preset=&#8220;default&#8220; global_colors_info=&#8220;{}&#8220;][et_pb_team_member name=&#8220;Lars&#8220; position=&#8220;Trainer&#8220; image_url=&#8220;https:\/\/www.psv-wuppertal-leichtathletik.de\/wp-content\/uploads\/2022\/10\/IMG_E3397-scaled.jpg&#8220; _builder_version=&#8220;4.27.0&#8243; _module_preset=&#8220;default&#8220; header_font=&#8220;Syncopate|700||on|||||&#8220; header_font_size=&#8220;12px&#8220; header_line_height=&#8220;1.2em&#8220; text_orientation=&#8220;center&#8220; max_width_tablet=&#8220;&#8220; max_width_phone=&#8220;130px&#8220; max_width_last_edited=&#8220;on|phone&#8220; module_alignment=&#8220;center&#8220; border_radii_image=&#8220;on|200px|200px|200px|200px&#8220; global_colors_info=&#8220;{}&#8220;][\/et_pb_team_member][\/et_pb_column][et_pb_column type=&#8220;1_5&#8243; _builder_version=&#8220;4.16&#8243; _module_preset=&#8220;default&#8220; global_colors_info=&#8220;{}&#8220;][et_pb_team_member name=&#8220;Stefan Buess&#8220; position=&#8220;Trainer&#8220; image_url=&#8220;https:\/\/www.psv-wuppertal-leichtathletik.de\/wp-content\/uploads\/2022\/10\/IMG_E3397-scaled.jpg&#8220; _builder_version=&#8220;4.23&#8243; _module_preset=&#8220;default&#8220; header_font=&#8220;Syncopate|700||on|||||&#8220; header_font_size=&#8220;12px&#8220; header_line_height=&#8220;1.2em&#8220; text_orientation=&#8220;center&#8220; max_width_tablet=&#8220;&#8220; max_width_phone=&#8220;130px&#8220; max_width_last_edited=&#8220;on|phone&#8220; module_alignment=&#8220;center&#8220; border_radii_image=&#8220;on|200px|200px|200px|200px&#8220; global_colors_info=&#8220;{}&#8220;][\/et_pb_team_member][\/et_pb_column][\/et_pb_row][et_pb_row column_structure=&#8220;1_4,1_4,1_4,1_4&#8243; use_custom_gutter=&#8220;on&#8220; gutter_width=&#8220;2&#8243; _builder_version=&#8220;4.18.0&#8243; _module_preset=&#8220;default&#8220; global_colors_info=&#8220;{}&#8220;][et_pb_column type=&#8220;1_4&#8243; _builder_version=&#8220;4.16&#8243; _module_preset=&#8220;default&#8220; global_colors_info=&#8220;{}&#8220;][et_pb_team_member name=&#8220;Ann-Kathrin&#8220; position=&#8220;Trainerin&#8220; image_url=&#8220;https:\/\/www.psv-wuppertal-leichtathletik.de\/wp-content\/uploads\/2022\/12\/Ann-Kathrin-1.jpg&#8220; _builder_version=&#8220;4.19.0&#8243; _module_preset=&#8220;default&#8220; header_font=&#8220;Syncopate|700||on|||||&#8220; header_font_size=&#8220;12px&#8220; header_line_height=&#8220;1.2em&#8220; text_orientation=&#8220;center&#8220; max_width_tablet=&#8220;&#8220; max_width_phone=&#8220;130px&#8220; max_width_last_edited=&#8220;on|phone&#8220; module_alignment=&#8220;center&#8220; border_radii_image=&#8220;on|200px|200px|200px|200px&#8220; global_colors_info=&#8220;{}&#8220;][\/et_pb_team_member][\/et_pb_column][et_pb_column type=&#8220;1_4&#8243; _builder_version=&#8220;4.16&#8243; _module_preset=&#8220;default&#8220; global_colors_info=&#8220;{}&#8220;][et_pb_team_member name=&#8220;Lili&#8220; position=&#8220;Trainerin&#8220; image_url=&#8220;https:\/\/www.psv-wuppertal-leichtathletik.de\/wp-content\/uploads\/2022\/10\/IMG_E3397-scaled.jpg&#8220; _builder_version=&#8220;4.27.0&#8243; _module_preset=&#8220;default&#8220; header_font=&#8220;Syncopate|700||on|||||&#8220; header_font_size=&#8220;12px&#8220; header_line_height=&#8220;1.2em&#8220; text_orientation=&#8220;center&#8220; max_width_tablet=&#8220;&#8220; max_width_phone=&#8220;130px&#8220; max_width_last_edited=&#8220;on|phone&#8220; module_alignment=&#8220;center&#8220; border_radii_image=&#8220;on|200px|200px|200px|200px&#8220; global_colors_info=&#8220;{}&#8220;][\/et_pb_team_member][\/et_pb_column][et_pb_column type=&#8220;1_4&#8243; _builder_version=&#8220;4.16&#8243; _module_preset=&#8220;default&#8220; global_colors_info=&#8220;{}&#8220;][et_pb_team_member name=&#8220;Helmut&#8220; position=&#8220;Trainer&#8220; image_url=&#8220;https:\/\/www.psv-wuppertal-leichtathletik.de\/wp-content\/uploads\/2022\/10\/IMG_E3397-scaled.jpg&#8220; _builder_version=&#8220;4.18.0&#8243; _module_preset=&#8220;default&#8220; header_font=&#8220;Syncopate|700||on|||||&#8220; header_font_size=&#8220;12px&#8220; header_line_height=&#8220;1.2em&#8220; text_orientation=&#8220;center&#8220; max_width_tablet=&#8220;&#8220; max_width_phone=&#8220;130px&#8220; max_width_last_edited=&#8220;on|phone&#8220; module_alignment=&#8220;center&#8220; border_radii_image=&#8220;on|200px|200px|200px|200px&#8220; locked=&#8220;off&#8220; global_colors_info=&#8220;{}&#8220;][\/et_pb_team_member][\/et_pb_column][et_pb_column type=&#8220;1_4&#8243; _builder_version=&#8220;4.16&#8243; _module_preset=&#8220;default&#8220; global_colors_info=&#8220;{}&#8220;][et_pb_team_member name=&#8220;Ralf&#8220; position=&#8220;Trainer&#8220; image_url=&#8220;https:\/\/www.psv-wuppertal-leichtathletik.de\/wp-content\/uploads\/2022\/12\/Ralf-scaled.jpg&#8220; _builder_version=&#8220;4.19.0&#8243; _module_preset=&#8220;default&#8220; header_font=&#8220;Syncopate|700||on|||||&#8220; header_font_size=&#8220;12px&#8220; header_line_height=&#8220;1.2em&#8220; text_orientation=&#8220;center&#8220; max_width_tablet=&#8220;&#8220; max_width_phone=&#8220;130px&#8220; max_width_last_edited=&#8220;on|phone&#8220; module_alignment=&#8220;center&#8220; border_radii_image=&#8220;on|200px|200px|200px|200px&#8220; global_colors_info=&#8220;{}&#8220;][\/et_pb_team_member][\/et_pb_column][\/et_pb_row][et_pb_row column_structure=&#8220;1_4,1_4,1_4,1_4&#8243; use_custom_gutter=&#8220;on&#8220; gutter_width=&#8220;2&#8243; _builder_version=&#8220;4.18.0&#8243; _module_preset=&#8220;default&#8220; global_colors_info=&#8220;{}&#8220;][et_pb_column type=&#8220;1_4&#8243; _builder_version=&#8220;4.16&#8243; _module_preset=&#8220;default&#8220; global_colors_info=&#8220;{}&#8220;][\/et_pb_column][et_pb_column type=&#8220;1_4&#8243; _builder_version=&#8220;4.16&#8243; _module_preset=&#8220;default&#8220; global_colors_info=&#8220;{}&#8220;][et_pb_team_member name=&#8220;Christopher&#8220; position=&#8220;Trainer&#8220; image_url=&#8220;https:\/\/www.psv-wuppertal-leichtathletik.de\/wp-content\/uploads\/2022\/10\/IMG_E3397-scaled.jpg&#8220; _builder_version=&#8220;4.27.0&#8243; _module_preset=&#8220;default&#8220; header_font=&#8220;Syncopate|700||on|||||&#8220; header_font_size=&#8220;12px&#8220; header_line_height=&#8220;1.2em&#8220; text_orientation=&#8220;center&#8220; max_width_tablet=&#8220;&#8220; max_width_phone=&#8220;130px&#8220; max_width_last_edited=&#8220;on|phone&#8220; module_alignment=&#8220;center&#8220; border_radii_image=&#8220;on|200px|200px|200px|200px&#8220; global_colors_info=&#8220;{}&#8220;][\/et_pb_team_member][\/et_pb_column][et_pb_column type=&#8220;1_4&#8243; _builder_version=&#8220;4.16&#8243; _module_preset=&#8220;default&#8220; global_colors_info=&#8220;{}&#8220;][\/et_pb_column][et_pb_column type=&#8220;1_4&#8243; _builder_version=&#8220;4.16&#8243; _module_preset=&#8220;default&#8220; global_colors_info=&#8220;{}&#8220;][\/et_pb_column][\/et_pb_row][et_pb_row column_structure=&#8220;1_3,1_3,1_3&#8243; _builder_version=&#8220;4.19.0&#8243; _module_preset=&#8220;default&#8220; global_colors_info=&#8220;{}&#8220;][et_pb_column type=&#8220;1_3&#8243; _builder_version=&#8220;4.19.0&#8243; _module_preset=&#8220;default&#8220; global_colors_info=&#8220;{}&#8220;][\/et_pb_column][et_pb_column type=&#8220;1_3&#8243; _builder_version=&#8220;4.19.0&#8243; _module_preset=&#8220;default&#8220; global_colors_info=&#8220;{}&#8220;][et_pb_text _builder_version=&#8220;4.16&#8243; _module_preset=&#8220;33d8ed47-9575-4183-ae48-b1d6c4145db4&#8243; header_2_font=&#8220;Syncopate|700||on|||||&#8220; header_2_text_color=&#8220;#000000&#8243; header_2_font_size=&#8220;60px&#8220; header_2_line_height=&#8220;1.2em&#8220; text_orientation=&#8220;center&#8220; max_width=&#8220;650px&#8220; module_alignment=&#8220;center&#8220; header_2_font_size_tablet=&#8220;32px&#8220; header_2_font_size_phone=&#8220;20px&#8220; header_2_font_size_last_edited=&#8220;on|phone&#8220; locked=&#8220;off&#8220; global_colors_info=&#8220;{}&#8220;]<\/p>\n<h2>DAS TEAM!<\/h2>\n<p>[\/et_pb_text][et_pb_image src=&#8220;https:\/\/www.psv-wuppertal-leichtathletik.de\/wp-content\/uploads\/2022\/12\/psv.gif&#8220; title_text=&#8220;psv&#8220; _builder_version=&#8220;4.19.0&#8243; _module_preset=&#8220;default&#8220; global_colors_info=&#8220;{}&#8220;][\/et_pb_image][\/et_pb_column][et_pb_column type=&#8220;1_3&#8243; _builder_version=&#8220;4.19.0&#8243; _module_preset=&#8220;default&#8220; global_colors_info=&#8220;{}&#8220;][\/et_pb_column][\/et_pb_row][\/et_pb_section][et_pb_section fb_built=&#8220;1&#8243; admin_label=&#8220;Call to Action&#8220; _builder_version=&#8220;4.18.0&#8243; _module_preset=&#8220;default&#8220; background_image=&#8220;https:\/\/www.psv-wuppertal-leichtathletik.de\/wp-content\/uploads\/2022\/10\/psv_aaab.jpg&#8220; background_size=&#8220;initial&#8220; global_colors_info=&#8220;{}&#8220;][et_pb_row column_structure=&#8220;1_3,2_3&#8243; _builder_version=&#8220;4.23&#8243; _module_preset=&#8220;default&#8220; max_width=&#8220;865px&#8220; global_colors_info=&#8220;{}&#8220;][et_pb_column type=&#8220;1_3&#8243; _builder_version=&#8220;4.18.0&#8243; _module_preset=&#8220;default&#8220; z_index=&#8220;10&#8243; mix_blend_mode=&#8220;luminosity&#8220; global_colors_info=&#8220;{}&#8220;][et_pb_image src=&#8220;https:\/\/www.psv-wuppertal-leichtathletik.de\/wp-content\/uploads\/2022\/10\/psv_aaacc.jpg&#8220; title_text=&#8220;psv_aaacc&#8220; _builder_version=&#8220;4.18.0&#8243; _module_preset=&#8220;default&#8220; custom_margin=&#8220;|-80%|||false|false&#8220; custom_margin_tablet=&#8220;|0px|||false|false&#8220; custom_margin_phone=&#8220;&#8220; custom_margin_last_edited=&#8220;on|desktop&#8220; scroll_vertical_motion_enable=&#8220;on&#8220; scroll_vertical_motion=&#8220;0|100|100|100|-1|0|0&#8243; scroll_vertical_motion_tablet=&#8220;0|100|100|100|0|0|0&#8243; scroll_vertical_motion_phone=&#8220;&#8220; scroll_vertical_motion_last_edited=&#8220;on|tablet&#8220; global_colors_info=&#8220;{}&#8220;][\/et_pb_image][\/et_pb_column][et_pb_column type=&#8220;2_3&#8243; _builder_version=&#8220;4.23&#8243; _module_preset=&#8220;default&#8220; background_color=&#8220;#abfa44&#8243; custom_padding=&#8220;50px|40px|50px|26%|true|false&#8220; custom_padding_tablet=&#8220;40px|30px|40px|30px|true|true&#8220; custom_padding_phone=&#8220;|20px||20px|false|true&#8220; custom_padding_last_edited=&#8220;on|phone&#8220; scroll_vertical_motion_enable=&#8220;on&#8220; scroll_vertical_motion=&#8220;0|100|100|100|2|0|0&#8243; motion_trigger_start=&#8220;bottom&#8220; scroll_vertical_motion_tablet=&#8220;0|50|50|100|0|0|0&#8243; scroll_vertical_motion_phone=&#8220;&#8220; scroll_vertical_motion_last_edited=&#8220;on|tablet&#8220; global_colors_info=&#8220;{}&#8220;][et_pb_text _builder_version=&#8220;4.21.2&#8243; _module_preset=&#8220;afe8fc41-dc70-4bf1-b625-17644c79cbc3&#8243; text_font=&#8220;||||||||&#8220; text_text_color=&#8220;#000000&#8243; text_font_size=&#8220;16px&#8220; text_line_height=&#8220;2.2em&#8220; text_font_size_tablet=&#8220;15px&#8220; text_font_size_phone=&#8220;14px&#8220; text_font_size_last_edited=&#8220;on|desktop&#8220; locked=&#8220;off&#8220; global_colors_info=&#8220;{}&#8220;]<\/p>\n<p>Kontaktiere uns!! <\/p>\n<p>[\/et_pb_text][et_pb_text _builder_version=&#8220;4.18.0&#8243; _module_preset=&#8220;abe15537-a205-41f8-9025-7356e956fa93&#8243; header_font=&#8220;||||||||&#8220; header_3_font=&#8220;Syncopate|700||on|||||&#8220; header_3_text_color=&#8220;#000000&#8243; header_3_font_size=&#8220;26px&#8220; header_3_line_height=&#8220;1.2em&#8220; header_3_font_size_tablet=&#8220;20px&#8220; header_3_font_size_phone=&#8220;16px&#8220; header_3_font_size_last_edited=&#8220;on|desktop&#8220; locked=&#8220;off&#8220; global_colors_info=&#8220;{}&#8220;][\/et_pb_text][et_pb_button button_url=&#8220;@ET-DC@eyJkeW5hbWljIjp0cnVlLCJjb250ZW50IjoicG9zdF9saW5rX3VybF9wYWdlIiwic2V0dGluZ3MiOnsicG9zdF9pZCI6IjUwIn19@&#8220; button_text=&#8220;Kontaktiere uns&#8220; _builder_version=&#8220;4.18.0&#8243; _dynamic_attributes=&#8220;button_url&#8220; _module_preset=&#8220;0e95629a-ed9c-4677-a66c-b68dc73da533&#8243; custom_button=&#8220;on&#8220; button_text_size=&#8220;14px&#8220; button_text_color=&#8220;#000000&#8243; button_bg_color=&#8220;RGBA(0,0,0,0)&#8220; button_border_width=&#8220;2px&#8220; button_border_color=&#8220;#000000&#8243; button_border_radius=&#8220;0px&#8220; button_letter_spacing=&#8220;2px&#8220; button_font=&#8220;Syncopate|700||on|||||&#8220; button_use_icon=&#8220;off&#8220; custom_margin=&#8220;60px||||false|false&#8220; custom_margin_tablet=&#8220;40px||||false|false&#8220; custom_margin_phone=&#8220;30px||||false|false&#8220; custom_margin_last_edited=&#8220;on|phone&#8220; custom_padding=&#8220;16px|28px|16px|28px|true|true&#8220; custom_padding_tablet=&#8220;14px|23px|14px|23px|true|true&#8220; custom_padding_phone=&#8220;14px|18px|14px|18px|true|true&#8220; custom_padding_last_edited=&#8220;on|phone&#8220; locked=&#8220;off&#8220; global_colors_info=&#8220;{}&#8220; button_border_color__hover=&#8220;#000000&#8243; button_border_color__hover_enabled=&#8220;on|hover&#8220; button_bg_color__hover=&#8220;#7CDA24&#8243; button_bg_color__hover_enabled=&#8220;on|hover&#8220; button_bg_enable_color__hover=&#8220;on&#8220;][\/et_pb_button][\/et_pb_column][\/et_pb_row][\/et_pb_section][et_pb_section fb_built=&#8220;1&#8243; admin_label=&#8220;Footer&#8220; _builder_version=&#8220;4.16&#8243; _module_preset=&#8220;default&#8220; saved_tabs=&#8220;all&#8220; locked=&#8220;off&#8220; global_colors_info=&#8220;{}&#8220;][et_pb_row column_structure=&#8220;1_3,1_3,1_3&#8243; use_custom_gutter=&#8220;on&#8220; gutter_width=&#8220;1&#8243; make_equal=&#8220;on&#8220; _builder_version=&#8220;4.23&#8243; _module_preset=&#8220;default&#8220; global_colors_info=&#8220;{}&#8220;][et_pb_column type=&#8220;1_3&#8243; _builder_version=&#8220;4.16&#8243; _module_preset=&#8220;default&#8220; custom_padding=&#8220;|40px|||false|false&#8220; custom_padding_tablet=&#8220;|0px|40px||false|false&#8220; custom_padding_phone=&#8220;&#8220; custom_padding_last_edited=&#8220;on|phone&#8220; global_colors_info=&#8220;{}&#8220;][et_pb_text _builder_version=&#8220;4.18.0&#8243; _module_preset=&#8220;7e815e5b-c042-4930-9f47-86f0425bfee6&#8243; header_font=&#8220;||||||||&#8220; header_4_font=&#8220;Syncopate|700||on|||||&#8220; header_4_text_color=&#8220;#000000&#8243; header_4_font_size=&#8220;14px&#8220; header_4_line_height=&#8220;1.8em&#8220; max_width=&#8220;550px&#8220; header_4_font_size_tablet=&#8220;14px&#8220; header_4_font_size_phone=&#8220;12px&#8220; header_4_font_size_last_edited=&#8220;on|desktop&#8220; locked=&#8220;off&#8220; global_colors_info=&#8220;{}&#8220;]<\/p>\n<h4>Telefon<\/h4>\n<p>[\/et_pb_text][et_pb_text _builder_version=&#8220;4.18.0&#8243; _module_preset=&#8220;e86a652b-bf09-4f72-ae7e-837e1e9c4ea7&#8243; text_font=&#8220;Syncopate|700|||||||&#8220; text_text_color=&#8220;#000000&#8243; text_font_size=&#8220;24px&#8220; text_line_height=&#8220;1.5em&#8220; link_text_color=&#8220;#000000&#8243; locked=&#8220;off&#8220; global_colors_info=&#8220;{}&#8220;]<\/p>\n<p>0202 \u2013 253-4215<\/p>\n<p>[\/et_pb_text][\/et_pb_column][et_pb_column type=&#8220;1_3&#8243; _builder_version=&#8220;4.23&#8243; _module_preset=&#8220;default&#8220; background_color=&#8220;#abfa44&#8243; custom_padding=&#8220;50px|50px|50px|50px|true|true&#8220; custom_padding_tablet=&#8220;&#8220; custom_padding_phone=&#8220;20px|20px|20px|20px|true|true&#8220; custom_padding_last_edited=&#8220;on|phone&#8220; global_colors_info=&#8220;{%22gcid-5fba0126-308f-4f42-aa94-6c5d80831bca%22:%91%93}&#8220;][et_pb_text _builder_version=&#8220;4.18.0&#8243; _module_preset=&#8220;7e815e5b-c042-4930-9f47-86f0425bfee6&#8243; header_font=&#8220;||||||||&#8220; header_4_font=&#8220;Syncopate|700||on|||||&#8220; header_4_text_color=&#8220;#000000&#8243; header_4_font_size=&#8220;14px&#8220; header_4_line_height=&#8220;1.8em&#8220; max_width=&#8220;550px&#8220; custom_margin=&#8220;||0px||false|false&#8220; header_4_font_size_tablet=&#8220;14px&#8220; header_4_font_size_phone=&#8220;12px&#8220; header_4_font_size_last_edited=&#8220;on|desktop&#8220; locked=&#8220;off&#8220; global_colors_info=&#8220;{}&#8220;]<\/p>\n<h4>Folge uns<\/h4>\n<p>[\/et_pb_text][et_pb_text _builder_version=&#8220;4.16&#8243; _module_preset=&#8220;afe8fc41-dc70-4bf1-b625-17644c79cbc3&#8243; text_font=&#8220;||||||||&#8220; text_text_color=&#8220;#000000&#8243; text_font_size=&#8220;16px&#8220; text_line_height=&#8220;2.2em&#8220; link_text_color=&#8220;#000000&#8243; link_font_size=&#8220;16px&#8220; link_line_height=&#8220;2.5em&#8220; text_font_size_tablet=&#8220;15px&#8220; text_font_size_phone=&#8220;14px&#8220; text_font_size_last_edited=&#8220;on|desktop&#8220; link_font_size_tablet=&#8220;14px&#8220; link_font_size_phone=&#8220;12px&#8220; link_font_size_last_edited=&#8220;on|phone&#8220; locked=&#8220;off&#8220; global_colors_info=&#8220;{}&#8220;]<\/p>\n<p>Folge uns auf Social Media<\/p>\n<p>[\/et_pb_text][et_pb_social_media_follow icon_color=&#8220;#000000&#8243; _builder_version=&#8220;4.18.0&#8243; _module_preset=&#8220;default&#8220; custom_margin=&#8220;30px|||-10px|false|false&#8220; global_colors_info=&#8220;{}&#8220;][et_pb_social_media_follow_network social_network=&#8220;instagram&#8220; url=&#8220;https:\/\/www.instagram.com\/psv_wuppertal_leichtathletik\/&#8220; _builder_version=&#8220;4.18.0&#8243; _module_preset=&#8220;default&#8220; background_color=&#8220;#ea2c59&#8243; background_enable_color=&#8220;off&#8220; global_colors_info=&#8220;{}&#8220; follow_button=&#8220;off&#8220; url_new_window=&#8220;on&#8220;]instagram[\/et_pb_social_media_follow_network][et_pb_social_media_follow_network social_network=&#8220;whatsapp&#8220; _builder_version=&#8220;4.18.0&#8243; _module_preset=&#8220;default&#8220; background_color=&#8220;#25D366&#8243; global_colors_info=&#8220;{}&#8220; follow_button=&#8220;off&#8220; url_new_window=&#8220;on&#8220;]whatsapp[\/et_pb_social_media_follow_network][et_pb_social_media_follow_network _builder_version=&#8220;4.18.0&#8243; _module_preset=&#8220;default&#8220; global_colors_info=&#8220;{}&#8220; follow_button=&#8220;off&#8220; url_new_window=&#8220;on&#8220;][\/et_pb_social_media_follow_network][\/et_pb_social_media_follow][\/et_pb_column][et_pb_column type=&#8220;1_3&#8243; _builder_version=&#8220;4.23&#8243; _module_preset=&#8220;default&#8220; background_color=&#8220;#000000&#8243; custom_padding=&#8220;100px||50px|50px|false|false&#8220; custom_padding_tablet=&#8220;&#8220; custom_padding_phone=&#8220;20px|20px|20px|20px|true|true&#8220; custom_padding_last_edited=&#8220;on|phone&#8220; box_shadow_style=&#8220;preset4&#8243; box_shadow_horizontal=&#8220;250px&#8220; box_shadow_vertical=&#8220;0px&#8220; box_shadow_color=&#8220;#000000&#8243; box_shadow_horizontal_tablet=&#8220;0px&#8220; box_shadow_horizontal_phone=&#8220;&#8220; box_shadow_horizontal_last_edited=&#8220;on|phone&#8220; global_colors_info=&#8220;{%22gcid-5fba0126-308f-4f42-aa94-6c5d80831bca%22:%91%93,%22gcid-659417ab-e651-462e-aeeb-08590c0ad506%22:%91%93}&#8220;][et_pb_divider show_divider=&#8220;off&#8220; divider_weight_tablet=&#8220;0px&#8220; divider_weight_phone=&#8220;&#8220; divider_weight_last_edited=&#8220;on|phone&#8220; _builder_version=&#8220;4.18.0&#8243; _module_preset=&#8220;default&#8220; background_color=&#8220;#7CDA24&#8243; positioning=&#8220;absolute&#8220; width=&#8220;100%&#8220; box_shadow_style=&#8220;preset4&#8243; box_shadow_horizontal=&#8220;250px&#8220; box_shadow_vertical=&#8220;0px&#8220; box_shadow_color=&#8220;#FFFFFF&#8220; box_shadow_horizontal_tablet=&#8220;0px&#8220; box_shadow_horizontal_phone=&#8220;&#8220; box_shadow_horizontal_last_edited=&#8220;on|tablet&#8220; box_shadow_color_last_edited=&#8220;off|tablet&#8220; global_colors_info=&#8220;{}&#8220; divider_weight__hover_enabled=&#8220;off|desktop&#8220;][\/et_pb_divider][et_pb_text _builder_version=&#8220;4.18.0&#8243; _dynamic_attributes=&#8220;link_option_url&#8220; _module_preset=&#8220;abe15537-a205-41f8-9025-7356e956fa93&#8243; text_font=&#8220;||||||||&#8220; header_font=&#8220;||||||||&#8220; header_3_font=&#8220;Syncopate|700||on|||||&#8220; header_3_text_color=&#8220;#FFFFFF&#8220; header_3_font_size=&#8220;26px&#8220; header_3_line_height=&#8220;1.2em&#8220; link_option_url=&#8220;@ET-DC@eyJkeW5hbWljIjp0cnVlLCJjb250ZW50IjoicG9zdF9saW5rX3VybF9wYWdlIiwic2V0dGluZ3MiOnsicG9zdF9pZCI6IjQ4MSJ9fQ==@&#8220; header_3_font_size_tablet=&#8220;20px&#8220; header_3_font_size_phone=&#8220;16px&#8220; header_3_font_size_last_edited=&#8220;on|desktop&#8220; locked=&#8220;off&#8220; global_colors_info=&#8220;{}&#8220;]<\/p>\n<h3><a href=\"https:\/\/www.psv-wuppertal-leichtathletik.de\/kontakt\/\">Kontaktiere uns<\/a><\/h3>\n<p>[\/et_pb_text][\/et_pb_column][\/et_pb_row][\/et_pb_section]<\/p>\n","protected":false},"excerpt":{"rendered":"<p>Eine Abteilung des PSV Wuppertal e.v.PSV LeichtathletikLeichtathletikSpa\u00df, disziplin &amp; erfolgeF\u00fcr jeden Athleten die richtige Formel! Der Spa\u00df steht im Vordergrund \u2013 dennoch zeigt es sich, dass jeder Athlet Erfolge aufweisen kann. Ob im Team oder als Einzelleistung \u2013 jeder Einzelne ist am Erfolg der gesamten Manschaft beteiligt. Erlebe selbst, mit welchem Teamgeist wir uns anfeuern!TrainingLerne [&hellip;]<\/p>\n","protected":false},"author":1,"featured_media":0,"parent":0,"menu_order":0,"comment_status":"closed","ping_status":"closed","template":"","meta":{"_et_pb_use_builder":"on","_et_pb_old_content":"<!-- wp:paragraph {\"backgroundColor\":\"white\"} -->\n<p class=\"has-white-background-color has-background\">In der Leichtathletikabteilung kann man im Alter von 5 Jahren anfangen und nach oben sind einem aktiven Leichtathleten keine Grenzen gesetzt. Sie finden bei uns die Minileichtathletik (5- bis 7-J\u00e4hrige), die Sch\u00fcler- und Jugendgruppen (8- bis ca. 18-J\u00e4hrige), Freizeit- und Sportabzeichengruppen, Konditions- und Funktionsgymnastik und Fitnesstraining. Neben unseren vielen Breitensportlern betreuen wir gerade im Sch\u00fcler- und Jugendbereich auch einige Sportlerinnen und Sportler, die durch bemerkenswerte Leistungen im Kreis des Bergischen Landes auf sich aufmerksam machen.<\/p>\n<!-- \/wp:paragraph -->\n\n<!-- wp:separator {\"className\":\"is-style-wide\"} -->\n<hr class=\"wp-block-separator has-alpha-channel-opacity is-style-wide\"\/>\n<!-- \/wp:separator -->\n\n<!-- wp:columns -->\n<div class=\"wp-block-columns\"><!-- wp:column {\"width\":\"100%\"} -->\n<div class=\"wp-block-column\" style=\"flex-basis:100%\"><!-- wp:heading -->\n<h2>Verantwortliche<\/h2>\n<!-- \/wp:heading -->\n\n<!-- wp:columns {\"align\":\"wide\"} -->\n<div class=\"wp-block-columns alignwide\"><!-- wp:column {\"style\":{\"color\":{\"text\":\"#000000\"},\"elements\":{\"link\":{\"color\":{\"text\":\"#000000\"}}},\"spacing\":{\"padding\":{\"top\":\"2em\",\"right\":\"2em\",\"bottom\":\"2em\",\"left\":\"2em\"}}},\"backgroundColor\":\"light-green-cyan\"} -->\n<div class=\"wp-block-column has-light-green-cyan-background-color has-text-color has-background has-link-color\" style=\"color:#000000;padding-top:2em;padding-right:2em;padding-bottom:2em;padding-left:2em\"><!-- wp:heading {\"style\":{\"typography\":{\"fontSize\":\"15px\"}}} -->\n<h2 id=\"single\" style=\"font-size:15px\"><strong>Vorsitzender<\/strong><\/h2>\n<!-- \/wp:heading -->\n\n<!-- wp:paragraph {\"style\":{\"typography\":{\"lineHeight\":\"1.5\"}},\"fontSize\":\"normal\"} -->\n<p class=\"has-normal-font-size\" style=\"line-height:1.5\">Frank Fichtel<\/p>\n<!-- \/wp:paragraph --><\/div>\n<!-- \/wp:column -->\n\n<!-- wp:column {\"style\":{\"color\":{\"text\":\"#000000\"},\"elements\":{\"link\":{\"color\":{\"text\":\"#000000\"}}},\"spacing\":{\"padding\":{\"top\":\"2em\",\"right\":\"2em\",\"bottom\":\"2em\",\"left\":\"2em\"}}},\"backgroundColor\":\"light-green-cyan\"} -->\n<div class=\"wp-block-column has-light-green-cyan-background-color has-text-color has-background has-link-color\" style=\"color:#000000;padding-top:2em;padding-right:2em;padding-bottom:2em;padding-left:2em\"><!-- wp:heading {\"style\":{\"typography\":{\"fontSize\":\"15px\"}}} -->\n<h2 id=\"single\" style=\"font-size:15px\"><strong>Gesch\u00e4ftsf\u00fchrer<\/strong><\/h2>\n<!-- \/wp:heading -->\n\n<!-- wp:paragraph {\"style\":{\"typography\":{\"lineHeight\":\"1.5\"}},\"fontSize\":\"normal\"} -->\n<p class=\"has-normal-font-size\" style=\"line-height:1.5\">Gerhard F\u00fctterer<\/p>\n<!-- \/wp:paragraph --><\/div>\n<!-- \/wp:column -->\n\n<!-- wp:column {\"style\":{\"color\":{\"text\":\"#000000\"},\"elements\":{\"link\":{\"color\":{\"text\":\"#000000\"}}},\"spacing\":{\"padding\":{\"top\":\"2em\",\"right\":\"2em\",\"bottom\":\"2em\",\"left\":\"2em\"}}},\"backgroundColor\":\"light-green-cyan\"} -->\n<div class=\"wp-block-column has-light-green-cyan-background-color has-text-color has-background has-link-color\" style=\"color:#000000;padding-top:2em;padding-right:2em;padding-bottom:2em;padding-left:2em\"><!-- wp:heading {\"style\":{\"typography\":{\"fontSize\":\"15px\"}}} -->\n<h2 id=\"single\" style=\"font-size:15px\"><strong>Kassierer<\/strong><\/h2>\n<!-- \/wp:heading -->\n\n<!-- wp:paragraph {\"style\":{\"typography\":{\"lineHeight\":\"1.5\"}},\"fontSize\":\"normal\"} -->\n<p class=\"has-normal-font-size\" style=\"line-height:1.5\">Gerhard F\u00fctterer<\/p>\n<!-- \/wp:paragraph --><\/div>\n<!-- \/wp:column -->\n\n<!-- wp:column {\"style\":{\"color\":{\"text\":\"#000000\"},\"elements\":{\"link\":{\"color\":{\"text\":\"#000000\"}}},\"spacing\":{\"padding\":{\"top\":\"2em\",\"right\":\"2em\",\"bottom\":\"2em\",\"left\":\"2em\"}}},\"backgroundColor\":\"light-green-cyan\"} -->\n<div class=\"wp-block-column has-light-green-cyan-background-color has-text-color has-background has-link-color\" style=\"color:#000000;padding-top:2em;padding-right:2em;padding-bottom:2em;padding-left:2em\"><!-- wp:heading {\"style\":{\"typography\":{\"fontSize\":\"15px\"}}} -->\n<h2 id=\"single\" style=\"font-size:15px\"><strong>Pressewartin<\/strong><\/h2>\n<!-- \/wp:heading -->\n\n<!-- wp:paragraph {\"style\":{\"typography\":{\"lineHeight\":\"1.5\"}},\"fontSize\":\"normal\"} -->\n<p class=\"has-normal-font-size\" style=\"line-height:1.5\">Lisa Meyer<\/p>\n<!-- \/wp:paragraph --><\/div>\n<!-- \/wp:column --><\/div>\n<!-- \/wp:columns --><\/div>\n<!-- \/wp:column --><\/div>\n<!-- \/wp:columns -->\n\n<!-- wp:heading -->\n<h2>Trainingsgel\u00e4nde<\/h2>\n<!-- \/wp:heading -->\n\n<!-- wp:media-text {\"align\":\"full\",\"mediaId\":74,\"mediaLink\":\"http:\/\/www.psv-wuppertal-leichtathletik.de\/ueber-uns\/attachment\/20220902_psv_image343\/\",\"mediaType\":\"image\",\"mediaWidth\":34,\"mediaSizeSlug\":\"full\",\"verticalAlignment\":\"top\",\"imageFill\":true,\"focalPoint\":{\"x\":\"0.47\",\"y\":\"0.67\"},\"style\":{\"color\":{\"background\":\"#121c1c\"},\"elements\":{\"link\":{\"color\":{\"text\":\"#fffdc7\"}}}},\"textColor\":\"vivid-green-cyan\"} -->\n<div class=\"wp-block-media-text alignfull is-stacked-on-mobile is-vertically-aligned-top is-image-fill has-vivid-green-cyan-color has-text-color has-background has-link-color\" style=\"background-color:#121c1c;grid-template-columns:34% auto\"><figure class=\"wp-block-media-text__media\" style=\"background-image:url(http:\/\/www.psv-wuppertal-leichtathletik.de\/wp-content\/uploads\/2022\/09\/20220902_PSV_image343-scaled.jpg);background-position:47% 67%\"><img src=\"http:\/\/www.psv-wuppertal-leichtathletik.de\/wp-content\/uploads\/2022\/09\/20220902_PSV_image343-scaled.jpg\" alt=\"\" class=\"wp-image-74 size-full\"\/><\/figure><div class=\"wp-block-media-text__content\"><!-- wp:group {\"style\":{\"spacing\":{\"padding\":{\"top\":\"2em\",\"right\":\"2em\",\"bottom\":\"2em\",\"left\":\"2em\"}},\"elements\":{\"link\":{\"color\":{\"text\":\"#fffdc7\"}}}}} -->\n<div class=\"wp-block-group has-link-color\" style=\"padding-top:2em;padding-right:2em;padding-bottom:2em;padding-left:2em\"><!-- wp:heading {\"style\":{\"typography\":{\"fontWeight\":\"700\",\"fontSize\":\"30px\",\"lineHeight\":\"1.15\"}},\"textColor\":\"vivid-green-cyan\"} -->\n<h2 class=\"has-vivid-green-cyan-color has-text-color\" style=\"font-size:30px;font-weight:700;line-height:1.15\">Sportplatz Oberbergische Stra\u00dfe<\/h2>\n<!-- \/wp:heading -->\n\n<!-- wp:paragraph -->\n<p>Oberbergische Stra\u00dfe<br>42285 Wuppertal<\/p>\n<!-- \/wp:paragraph --><\/div>\n<!-- \/wp:group --><\/div><\/div>\n<!-- \/wp:media-text -->\n\n<!-- wp:media-text {\"align\":\"full\",\"mediaPosition\":\"right\",\"mediaId\":329,\"mediaLink\":\"https:\/\/www.psv-wuppertal-leichtathletik.de\/ueber-uns\/attachment\/whatsapp-image-2022-09-28-at-11-39-02\/\",\"mediaType\":\"image\",\"mediaWidth\":34,\"mediaSizeSlug\":\"full\",\"verticalAlignment\":\"top\",\"imageFill\":true,\"style\":{\"color\":{\"background\":\"#121c1c\"},\"elements\":{\"link\":{\"color\":{\"text\":\"#fffdc7\"}}}},\"textColor\":\"vivid-green-cyan\"} -->\n<div class=\"wp-block-media-text alignfull has-media-on-the-right is-stacked-on-mobile is-vertically-aligned-top is-image-fill has-vivid-green-cyan-color has-text-color has-background has-link-color\" style=\"background-color:#121c1c;grid-template-columns:auto 34%\"><figure class=\"wp-block-media-text__media\" style=\"background-image:url(http:\/\/www.psv-wuppertal-leichtathletik.de\/wp-content\/uploads\/2022\/09\/WhatsApp-Image-2022-09-28-at-11.39.02.jpeg);background-position:50% 50%\"><img src=\"http:\/\/www.psv-wuppertal-leichtathletik.de\/wp-content\/uploads\/2022\/09\/WhatsApp-Image-2022-09-28-at-11.39.02.jpeg\" alt=\"\" class=\"wp-image-329 size-full\"\/><\/figure><div class=\"wp-block-media-text__content\"><!-- wp:group {\"style\":{\"spacing\":{\"padding\":{\"top\":\"2em\",\"right\":\"2em\",\"bottom\":\"2em\",\"left\":\"2em\"}},\"elements\":{\"link\":{\"color\":{\"text\":\"#fffdc7\"}}}}} -->\n<div class=\"wp-block-group has-link-color\" style=\"padding-top:2em;padding-right:2em;padding-bottom:2em;padding-left:2em\"><!-- wp:heading {\"style\":{\"typography\":{\"fontWeight\":\"700\",\"fontSize\":\"30px\",\"lineHeight\":\"1.15\"}},\"textColor\":\"vivid-green-cyan\"} -->\n<h2 class=\"has-vivid-green-cyan-color has-text-color\" style=\"font-size:30px;font-weight:700;line-height:1.15\">Turnhalle Unterbarmen Hesselnberg<\/h2>\n<!-- \/wp:heading -->\n\n<!-- wp:paragraph -->\n<p>Hesselnberg 42<br>42285 Wuppertal <\/p>\n<!-- \/wp:paragraph --><\/div>\n<!-- \/wp:group --><\/div><\/div>\n<!-- \/wp:media-text -->\n\n<!-- wp:media-text {\"align\":\"full\",\"mediaId\":228,\"mediaLink\":\"http:\/\/www.psv-wuppertal-leichtathletik.de\/ueber-uns\/attachment\/20220902_psv_image343\/\",\"mediaType\":\"image\",\"mediaWidth\":34,\"mediaSizeSlug\":\"full\",\"verticalAlignment\":\"top\",\"imageFill\":true,\"style\":{\"color\":{\"background\":\"#121c1c\"},\"elements\":{\"link\":{\"color\":{\"text\":\"#fffdc7\"}}}},\"textColor\":\"vivid-green-cyan\"} -->\n<div class=\"wp-block-media-text alignfull is-stacked-on-mobile is-vertically-aligned-top is-image-fill has-vivid-green-cyan-color has-text-color has-background has-link-color\" style=\"background-color:#121c1c;grid-template-columns:34% auto\"><figure class=\"wp-block-media-text__media\" style=\"background-image:url(https:\/\/www.psv-wuppertal-leichtathletik.de\/wp-content\/uploads\/2022\/09\/img_3386-1024x768.jpg);background-position:50% 50%\"><img src=\"https:\/\/www.psv-wuppertal-leichtathletik.de\/wp-content\/uploads\/2022\/09\/img_3386-1024x768.jpg\" alt=\"\" class=\"wp-image-228 size-full\"\/><\/figure><div class=\"wp-block-media-text__content\"><!-- wp:group {\"style\":{\"spacing\":{\"padding\":{\"top\":\"2em\",\"right\":\"2em\",\"bottom\":\"2em\",\"left\":\"2em\"}},\"elements\":{\"link\":{\"color\":{\"text\":\"#fffdc7\"}}}}} -->\n<div class=\"wp-block-group has-link-color\" style=\"padding-top:2em;padding-right:2em;padding-bottom:2em;padding-left:2em\"><!-- wp:heading {\"style\":{\"typography\":{\"fontWeight\":\"700\",\"fontSize\":\"30px\",\"lineHeight\":\"1.15\"}},\"textColor\":\"vivid-green-cyan\"} -->\n<h2 class=\"has-vivid-green-cyan-color has-text-color\" style=\"font-size:30px;font-weight:700;line-height:1.15\">Turnhalle CVJM<\/h2>\n<!-- \/wp:heading -->\n\n<!-- wp:paragraph -->\n<p>Bundesh\u00f6he 7 <\/p>\n<!-- \/wp:paragraph -->\n\n<!-- wp:paragraph -->\n<p>42285 Wuppertal<\/p>\n<!-- \/wp:paragraph --><\/div>\n<!-- \/wp:group --><\/div><\/div>\n<!-- \/wp:media-text -->\n\n<!-- wp:media-text {\"align\":\"full\",\"mediaPosition\":\"right\",\"mediaId\":230,\"mediaLink\":\"http:\/\/www.psv-wuppertal-leichtathletik.de\/ueber-uns\/attachment\/20220902_psv_image343\/\",\"mediaType\":\"image\",\"mediaWidth\":34,\"mediaSizeSlug\":\"full\",\"verticalAlignment\":\"top\",\"imageFill\":true,\"style\":{\"color\":{\"background\":\"#121c1c\"},\"elements\":{\"link\":{\"color\":{\"text\":\"#fffdc7\"}}}},\"textColor\":\"vivid-green-cyan\"} -->\n<div class=\"wp-block-media-text alignfull has-media-on-the-right is-stacked-on-mobile is-vertically-aligned-top is-image-fill has-vivid-green-cyan-color has-text-color has-background has-link-color\" style=\"background-color:#121c1c;grid-template-columns:auto 34%\"><figure class=\"wp-block-media-text__media\" style=\"background-image:url(https:\/\/www.psv-wuppertal-leichtathletik.de\/wp-content\/uploads\/2022\/09\/tenor-300x167.gif);background-position:50% 50%\"><img src=\"https:\/\/www.psv-wuppertal-leichtathletik.de\/wp-content\/uploads\/2022\/09\/tenor-300x167.gif\" alt=\"\" class=\"wp-image-230 size-full\"\/><\/figure><div class=\"wp-block-media-text__content\"><!-- wp:group {\"style\":{\"spacing\":{\"padding\":{\"top\":\"2em\",\"right\":\"2em\",\"bottom\":\"2em\",\"left\":\"2em\"}},\"elements\":{\"link\":{\"color\":{\"text\":\"#fffdc7\"}}}}} -->\n<div class=\"wp-block-group has-link-color\" style=\"padding-top:2em;padding-right:2em;padding-bottom:2em;padding-left:2em\"><!-- wp:heading {\"style\":{\"typography\":{\"fontWeight\":\"700\",\"fontSize\":\"30px\",\"lineHeight\":\"1.15\"}},\"textColor\":\"vivid-green-cyan\"} -->\n<h2 class=\"has-vivid-green-cyan-color has-text-color\" style=\"font-size:30px;font-weight:700;line-height:1.15\">Turnhalle Echoer Stra\u00dfe<\/h2>\n<!-- \/wp:heading -->\n\n<!-- wp:paragraph -->\n<p>Echoer Stra\u00dfe<br>42369 Wuppertal<\/p>\n<!-- \/wp:paragraph --><\/div>\n<!-- \/wp:group --><\/div><\/div>\n<!-- \/wp:media-text -->\n\n<!-- wp:media-text {\"align\":\"full\",\"mediaId\":220,\"mediaLink\":\"http:\/\/www.psv-wuppertal-leichtathletik.de\/ueber-uns\/attachment\/20220902_psv_image343\/\",\"mediaType\":\"image\",\"mediaWidth\":34,\"mediaSizeSlug\":\"full\",\"verticalAlignment\":\"top\",\"imageFill\":true,\"style\":{\"color\":{\"background\":\"#121c1c\"},\"elements\":{\"link\":{\"color\":{\"text\":\"#fffdc7\"}}}},\"textColor\":\"vivid-green-cyan\"} -->\n<div class=\"wp-block-media-text alignfull is-stacked-on-mobile is-vertically-aligned-top is-image-fill has-vivid-green-cyan-color has-text-color has-background has-link-color\" style=\"background-color:#121c1c;grid-template-columns:34% auto\"><figure class=\"wp-block-media-text__media\" style=\"background-image:url(https:\/\/www.psv-wuppertal-leichtathletik.de\/wp-content\/uploads\/2022\/09\/img_3410-768x1024.jpg);background-position:50% 50%\"><img src=\"https:\/\/www.psv-wuppertal-leichtathletik.de\/wp-content\/uploads\/2022\/09\/img_3410-768x1024.jpg\" alt=\"\" class=\"wp-image-220 size-full\"\/><\/figure><div class=\"wp-block-media-text__content\"><!-- wp:group {\"style\":{\"spacing\":{\"padding\":{\"top\":\"2em\",\"right\":\"2em\",\"bottom\":\"2em\",\"left\":\"2em\"}},\"elements\":{\"link\":{\"color\":{\"text\":\"#fffdc7\"}}}}} -->\n<div class=\"wp-block-group has-link-color\" style=\"padding-top:2em;padding-right:2em;padding-bottom:2em;padding-left:2em\"><!-- wp:heading {\"style\":{\"typography\":{\"fontWeight\":\"700\",\"fontSize\":\"30px\",\"lineHeight\":\"1.15\"}},\"textColor\":\"vivid-green-cyan\"} -->\n<h2 class=\"has-vivid-green-cyan-color has-text-color\" style=\"font-size:30px;font-weight:700;line-height:1.15\">Sporthalle Gesamtschule Ronsdorf<\/h2>\n<!-- \/wp:heading -->\n\n<!-- wp:paragraph -->\n<p>An der Blutfinke<br>42369 Wuppertal<\/p>\n<!-- \/wp:paragraph --><\/div>\n<!-- \/wp:group --><\/div><\/div>\n<!-- \/wp:media-text -->\n\n<!-- wp:media-text {\"align\":\"full\",\"mediaPosition\":\"right\",\"mediaId\":222,\"mediaLink\":\"http:\/\/www.psv-wuppertal-leichtathletik.de\/ueber-uns\/attachment\/20220902_psv_image343\/\",\"mediaType\":\"image\",\"mediaWidth\":34,\"mediaSizeSlug\":\"full\",\"verticalAlignment\":\"top\",\"imageFill\":true,\"style\":{\"color\":{\"background\":\"#121c1c\"},\"elements\":{\"link\":{\"color\":{\"text\":\"#fffdc7\"}}}},\"textColor\":\"vivid-green-cyan\"} -->\n<div class=\"wp-block-media-text alignfull has-media-on-the-right is-stacked-on-mobile is-vertically-aligned-top is-image-fill has-vivid-green-cyan-color has-text-color has-background has-link-color\" style=\"background-color:#121c1c;grid-template-columns:auto 34%\"><figure class=\"wp-block-media-text__media\" style=\"background-image:url(https:\/\/www.psv-wuppertal-leichtathletik.de\/wp-content\/uploads\/2022\/09\/img_3413-768x1024.jpg);background-position:50% 50%\"><img src=\"https:\/\/www.psv-wuppertal-leichtathletik.de\/wp-content\/uploads\/2022\/09\/img_3413-768x1024.jpg\" alt=\"\" class=\"wp-image-222 size-full\"\/><\/figure><div class=\"wp-block-media-text__content\"><!-- wp:group {\"style\":{\"spacing\":{\"padding\":{\"top\":\"2em\",\"right\":\"2em\",\"bottom\":\"2em\",\"left\":\"2em\"}},\"elements\":{\"link\":{\"color\":{\"text\":\"#fffdc7\"}}}}} -->\n<div class=\"wp-block-group has-link-color\" style=\"padding-top:2em;padding-right:2em;padding-bottom:2em;padding-left:2em\"><!-- wp:heading {\"style\":{\"typography\":{\"fontWeight\":\"700\",\"fontSize\":\"30px\",\"lineHeight\":\"1.15\"}},\"textColor\":\"vivid-green-cyan\"} -->\n<h2 class=\"has-vivid-green-cyan-color has-text-color\" style=\"font-size:30px;font-weight:700;line-height:1.15\">Sportplatz an der Gesamtschule Ronsdorf<\/h2>\n<!-- \/wp:heading -->\n\n<!-- wp:paragraph -->\n<p>An der Blutfinke<br>42369 Wuppertal<\/p>\n<!-- \/wp:paragraph --><\/div>\n<!-- \/wp:group --><\/div><\/div>\n<!-- \/wp:media-text -->\n\n<!-- wp:media-text {\"align\":\"full\",\"mediaId\":230,\"mediaLink\":\"http:\/\/www.psv-wuppertal-leichtathletik.de\/ueber-uns\/attachment\/20220902_psv_image343\/\",\"mediaType\":\"image\",\"mediaWidth\":34,\"mediaSizeSlug\":\"full\",\"verticalAlignment\":\"top\",\"imageFill\":true,\"style\":{\"color\":{\"background\":\"#121c1c\"},\"elements\":{\"link\":{\"color\":{\"text\":\"#fffdc7\"}}}},\"textColor\":\"vivid-green-cyan\"} -->\n<div class=\"wp-block-media-text alignfull is-stacked-on-mobile is-vertically-aligned-top is-image-fill has-vivid-green-cyan-color has-text-color has-background has-link-color\" style=\"background-color:#121c1c;grid-template-columns:34% auto\"><figure class=\"wp-block-media-text__media\" style=\"background-image:url(https:\/\/www.psv-wuppertal-leichtathletik.de\/wp-content\/uploads\/2022\/09\/tenor-300x167.gif);background-position:50% 50%\"><img src=\"https:\/\/www.psv-wuppertal-leichtathletik.de\/wp-content\/uploads\/2022\/09\/tenor-300x167.gif\" alt=\"\" class=\"wp-image-230 size-full\"\/><\/figure><div class=\"wp-block-media-text__content\"><!-- wp:group {\"style\":{\"spacing\":{\"padding\":{\"top\":\"2em\",\"right\":\"2em\",\"bottom\":\"2em\",\"left\":\"2em\"}},\"elements\":{\"link\":{\"color\":{\"text\":\"#fffdc7\"}}}}} -->\n<div class=\"wp-block-group has-link-color\" style=\"padding-top:2em;padding-right:2em;padding-bottom:2em;padding-left:2em\"><!-- wp:heading {\"style\":{\"typography\":{\"fontWeight\":\"700\",\"fontSize\":\"30px\",\"lineHeight\":\"1.15\"}},\"textColor\":\"vivid-green-cyan\"} -->\n<h2 class=\"has-vivid-green-cyan-color has-text-color\" style=\"font-size:30px;font-weight:700;line-height:1.15\">Sporthalle (Alte Halle) am Buschland<\/h2>\n<!-- \/wp:heading -->\n\n<!-- wp:paragraph -->\n<p>Buschland 35<br>42285 Wuppertal<\/p>\n<!-- \/wp:paragraph --><\/div>\n<!-- \/wp:group --><\/div><\/div>\n<!-- \/wp:media-text -->","_et_gb_content_width":"","footnotes":""},"class_list":["post-48","page","type-page","status-publish","hentry"],"featured_media_urls":[],"_links":{"self":[{"href":"https:\/\/www.psv-wuppertal-leichtathletik.de\/index.php?rest_route=\/wp\/v2\/pages\/48","targetHints":{"allow":["GET"]}}],"collection":[{"href":"https:\/\/www.psv-wuppertal-leichtathletik.de\/index.php?rest_route=\/wp\/v2\/pages"}],"about":[{"href":"https:\/\/www.psv-wuppertal-leichtathletik.de\/index.php?rest_route=\/wp\/v2\/types\/page"}],"author":[{"embeddable":true,"href":"https:\/\/www.psv-wuppertal-leichtathletik.de\/index.php?rest_route=\/wp\/v2\/users\/1"}],"replies":[{"embeddable":true,"href":"https:\/\/www.psv-wuppertal-leichtathletik.de\/index.php?rest_route=%2Fwp%2Fv2%2Fcomments&post=48"}],"version-history":[{"count":81,"href":"https:\/\/www.psv-wuppertal-leichtathletik.de\/index.php?rest_route=\/wp\/v2\/pages\/48\/revisions"}],"predecessor-version":[{"id":4363,"href":"https:\/\/www.psv-wuppertal-leichtathletik.de\/index.php?rest_route=\/wp\/v2\/pages\/48\/revisions\/4363"}],"wp:attachment":[{"href":"https:\/\/www.psv-wuppertal-leichtathletik.de\/index.php?rest_route=%2Fwp%2Fv2%2Fmedia&parent=48"}],"curies":[{"name":"wp","href":"https:\/\/api.w.org\/{rel}","templated":true}]}}