{"id":562,"date":"2022-10-15T13:40:27","date_gmt":"2022-10-15T13:40:27","guid":{"rendered":"https:\/\/www.psv-wuppertal-leichtathletik.de\/?page_id=562"},"modified":"2025-06-22T18:00:59","modified_gmt":"2025-06-22T18:00:59","slug":"newsblog","status":"publish","type":"page","link":"https:\/\/www.psv-wuppertal-leichtathletik.de\/?page_id=562","title":{"rendered":"Newsblog"},"content":{"rendered":"<p>[et_pb_section fb_built=&#8220;1&#8243; admin_label=&#8220;Header&#8220; _builder_version=&#8220;4.23&#8243; _module_preset=&#8220;default&#8220; background_enable_color=&#8220;off&#8220; background_image=&#8220;https:\/\/www.psv-wuppertal-leichtathletik.de\/wp-content\/uploads\/2023\/11\/haeder_2023_blau_gruen2.png&#8220; custom_margin=&#8220;||-1px||false|false&#8220; custom_padding=&#8220;0px||0px|||&#8220; global_colors_info=&#8220;{}&#8220;][et_pb_row _builder_version=&#8220;4.18.0&#8243; _module_preset=&#8220;default&#8220; max_width=&#8220;none&#8220; global_colors_info=&#8220;{}&#8220;][et_pb_column type=&#8220;4_4&#8243; _builder_version=&#8220;4.16&#8243; _module_preset=&#8220;default&#8220; global_colors_info=&#8220;{}&#8220;][et_pb_text _builder_version=&#8220;4.18.0&#8243; _module_preset=&#8220;abe15537-a205-41f8-9025-7356e956fa93&#8243; header_font=&#8220;||||||||&#8220; header_3_font=&#8220;Arial|700||on|||||&#8220; header_3_text_color=&#8220;#FFFFFF&#8220; header_3_font_size=&#8220;31px&#8220; header_3_line_height=&#8220;1.2em&#8220; header_3_font_size_tablet=&#8220;20px&#8220; header_3_font_size_phone=&#8220;16px&#8220; header_3_font_size_last_edited=&#8220;on|desktop&#8220; global_colors_info=&#8220;{}&#8220;]<\/p>\n<h3>PSV Wuppertal 1921 e.V. \/ Abteilung Leichtathletik<\/h3>\n<p>[\/et_pb_text][et_pb_text _builder_version=&#8220;4.19.4&#8243; _module_preset=&#8220;77bd6224-541c-4dfa-aa0c-4832456a9557&#8243; header_font=&#8220;Advent Pro|700|on|on|||||&#8220; header_text_color=&#8220;#7CDA24&#8243; header_font_size=&#8220;10vw&#8220; header_line_height=&#8220;0.8em&#8220; header_font_size_tablet=&#8220;&#8220; header_font_size_phone=&#8220;&#8220; header_font_size_last_edited=&#8220;on|desktop&#8220; global_colors_info=&#8220;{%22gcid-5fba0126-308f-4f42-aa94-6c5d80831bca%22:%91%93}&#8220;]<\/p>\n<h1><span style=\"color: #7cda24;\"><span style=\"color: #abfa44;\">Newsblog<\/span><br \/><\/span><\/h1>\n<p>[\/et_pb_text][\/et_pb_column][\/et_pb_row][\/et_pb_section][et_pb_section fb_built=&#8220;1&#8243; admin_label=&#8220;Info&#8220; _builder_version=&#8220;4.23&#8243; _module_preset=&#8220;default&#8220; background_image=&#8220;https:\/\/www.psv-wuppertal-leichtathletik.de\/wp-content\/uploads\/2022\/10\/tennis-club-031.png&#8220; custom_padding=&#8220;5px||0px|||&#8220; global_colors_info=&#8220;{}&#8220;][et_pb_row _builder_version=&#8220;4.16&#8243; _module_preset=&#8220;default&#8220; custom_padding=&#8220;||27px|||&#8220; global_colors_info=&#8220;{}&#8220;][et_pb_column type=&#8220;4_4&#8243; _builder_version=&#8220;4.16&#8243; _module_preset=&#8220;default&#8220; global_colors_info=&#8220;{}&#8220;][et_pb_text _builder_version=&#8220;4.16&#8243; _module_preset=&#8220;d87de799-28d7-4de5-ab6b-6617c666688a&#8220; header_4_font=&#8220;Montserrat|800|on|on|||||&#8220; header_4_text_color=&#8220;#FFFFFF&#8220; header_4_font_size=&#8220;120px&#8220; header_4_line_height=&#8220;1.1em&#8220; text_orientation=&#8220;center&#8220; width=&#8220;100%&#8220; custom_margin=&#8220;||-80px||false|false&#8220; custom_margin_tablet=&#8220;||-50px||false|false&#8220; custom_margin_phone=&#8220;||-20px||false|false&#8220; custom_margin_last_edited=&#8220;on|phone&#8220; header_4_font_size_tablet=&#8220;80px&#8220; header_4_font_size_phone=&#8220;26px&#8220; header_4_font_size_last_edited=&#8220;on|phone&#8220; header_4_text_shadow_style=&#8220;preset3&#8243; header_4_text_shadow_blur_strength=&#8220;0.01em&#8220; header_4_text_shadow_color=&#8220;#000000&#8243; header_4_text_shadow_blur_strength_tablet=&#8220;&#8220; header_4_text_shadow_blur_strength_phone=&#8220;0.03em&#8220; header_4_text_shadow_blur_strength_last_edited=&#8220;on|phone&#8220; global_colors_info=&#8220;{}&#8220;]<\/p>\n<h4>Newsblog<\/h4>\n<p>[\/et_pb_text][et_pb_text _builder_version=&#8220;4.23&#8243; _module_preset=&#8220;33d8ed47-9575-4183-ae48-b1d6c4145db4&#8243; header_2_font=&#8220;Syncopate|700||on|||||&#8220; header_2_text_color=&#8220;#000000&#8243; header_2_font_size=&#8220;60px&#8220; header_2_line_height=&#8220;1.2em&#8220; text_orientation=&#8220;center&#8220; max_width=&#8220;650px&#8220; module_alignment=&#8220;center&#8220; header_2_font_size_tablet=&#8220;32px&#8220; header_2_font_size_phone=&#8220;20px&#8220; header_2_font_size_last_edited=&#8220;on|phone&#8220; locked=&#8220;off&#8220; global_colors_info=&#8220;{}&#8220;]<\/p>\n<h2>News, Wissenswertes &amp; erfolge<\/h2>\n<p>[\/et_pb_text][\/et_pb_column][\/et_pb_row][et_pb_row _builder_version=&#8220;4.27.4&#8243; _module_preset=&#8220;default&#8220; hover_enabled=&#8220;0&#8243; global_colors_info=&#8220;{}&#8220; max_width=&#8220;700px&#8220; module_alignment=&#8220;center&#8220; sticky_enabled=&#8220;0&#8243;][et_pb_column type=&#8220;4_4&#8243; _builder_version=&#8220;4.18.0&#8243; _module_preset=&#8220;default&#8220; global_colors_info=&#8220;{}&#8220;][et_pb_blog fullwidth=&#8220;off&#8220; posts_number=&#8220;9&#8243; include_categories=&#8220;22,20,1,24,25&#8243; show_more=&#8220;on&#8220; show_author=&#8220;off&#8220; show_categories=&#8220;off&#8220; show_excerpt=&#8220;off&#8220; _builder_version=&#8220;4.27.4&#8243; _module_preset=&#8220;default&#8220; meta_font_size=&#8220;10px&#8220; meta_line_height=&#8220;1em&#8220; hover_enabled=&#8220;0&#8243; box_shadow_style=&#8220;preset1&#8243; global_colors_info=&#8220;{}&#8220; sticky_enabled=&#8220;0&#8243;][\/et_pb_blog][\/et_pb_column][\/et_pb_row][et_pb_row _builder_version=&#8220;4.27.4&#8243; _module_preset=&#8220;default&#8220;][et_pb_column _builder_version=&#8220;4.27.4&#8243; _module_preset=&#8220;default&#8220; type=&#8220;4_4&#8243;][et_pb_icon _builder_version=&#8220;4.27.4&#8243; _module_preset=&#8220;default&#8220; font_icon=&#8220;&#xe0c8;||divi||400&#8243; hover_enabled=&#8220;0&#8243; sticky_enabled=&#8220;0&#8243;][\/et_pb_icon][\/et_pb_column][\/et_pb_row][et_pb_row _builder_version=&#8220;4.27.4&#8243; _module_preset=&#8220;default&#8220;][et_pb_column _builder_version=&#8220;4.27.4&#8243; _module_preset=&#8220;default&#8220; type=&#8220;4_4&#8243;][et_pb_heading title=&#8220;Ab zu Instagram&#8230;. folgt uns auch dort f\u00fcr mehr Informationen&#8220; _builder_version=&#8220;4.27.4&#8243; _module_preset=&#8220;default&#8220; title_text_align=&#8220;center&#8220; hover_enabled=&#8220;0&#8243; sticky_enabled=&#8220;0&#8243;][\/et_pb_heading][\/et_pb_column][\/et_pb_row][et_pb_row _builder_version=&#8220;4.27.4&#8243; _module_preset=&#8220;default&#8220;][et_pb_column _builder_version=&#8220;4.27.4&#8243; _module_preset=&#8220;default&#8220; type=&#8220;4_4&#8243;][et_pb_code _builder_version=&#8220;4.27.4&#8243; _module_preset=&#8220;default&#8220; hover_enabled=&#8220;0&#8243; sticky_enabled=&#8220;0&#8243; module_alignment=&#8220;center&#8220; max_width=&#8220;100%&#8220; width=&#8220;70%&#8220;]<style type=\"text\/css\">.zoom-instagram.feed-4937{font-size:14px!important;padding:1px!important;}.zoom-instagram.feed-4937 .zoom-instagram-widget__items{display:grid!important;grid-template-columns:repeat(3,1fr);}.zoom-instagram.feed-4937 .zoom-instagram-widget__items{gap:10px!important;}<\/style>\n<div class=\"zoom-instagram feed-4937 layout-grid columns-3 with-lightbox spacing-10 perpage-3\"><header class=\"zoom-instagram-widget__header\"><div class=\"zoom-instagram-widget__header-column-left\"><img decoding=\"async\" src=\"https:\/\/www.psv-wuppertal-leichtathletik.de\/wp-content\/uploads\/2025\/06\/311629697_1518541368580916_8865808881464703002_n-150x150.jpg\" alt=\"@psv_wuppertal_leichtathletik\" width=\"70\" \/><\/div><div class=\"zoom-instagram-widget__header-column-right\"><h5 class=\"zoom-instagram-widget__header-name\">PSV Wuppertal Abt. Leichtathletik<\/h5><p class=\"zoom-instagram-widget__header-user\"><a href=\"https:\/\/www.instagram.com\/psv_wuppertal_leichtathletik\" target=\"_blank\" rel=\"nofollow\">@psv_wuppertal_leichtathletik<\/a><\/p><div class=\"zoom-instagram-widget__header-bio\">Eine Abteilung des PSV Wuppertal 1921 e.V. Abteilung Leichtathletik<\/div><\/div><\/header><div class=\"zoom-instagram-widget__items-wrapper\"><ul class=\"zoom-instagram-widget__items zoom-instagram-widget__items--no-js layout-grid\" data-layout=\"grid\" data-lightbox=\"1\" data-spacing=\"10\" data-perpage=\"3\"><li class=\"zoom-instagram-widget__item media-icons-normal media-icons-hover\" data-media-type=\"video\"><div class=\"zoom-instagram-widget__item-inner-wrap\"><img fetchpriority=\"high\" fetchpriority=\"high\" class=\"zoom-instagram-link zoom-instagram-link-new\"  data-src=\"https:\/\/www.psv-wuppertal-leichtathletik.de\/wp-content\/uploads\/2022\/10\/604043499_3260388694139032_6669597838019129000_n-361x640.jpg\" data-mfp-src=\"18099057238661520\" width=\"361\" height=\"640\" alt=\"\" \/><div class=\"hover-layout zoom-instagram-widget__overlay zoom-instagram-widget__black small\"><svg class=\"svg-icon\" shape-rendering=\"geometricPrecision\"><use xlink:href=\"https:\/\/www.psv-wuppertal-leichtathletik.de\/wp-content\/plugins\/instagram-widget-by-wpzoom\/dist\/images\/frontend\/wpzoom-instagram-icons.svg#video\"><\/use><\/svg><div class=\"zoom-instagram-icon-wrap\"><a class=\"zoom-svg-instagram-stroke\" href=\"https:\/\/www.instagram.com\/reel\/DSpKzTKiOS6\/\" rel=\"noopener nofollow\" target=\"_blank\" title=\"\"><\/a><\/div><a class=\"zoom-instagram-link\" data-src=\"https:\/\/www.psv-wuppertal-leichtathletik.de\/wp-content\/uploads\/2022\/10\/604043499_3260388694139032_6669597838019129000_n-361x640.jpg\" data-mfp-src=\"18099057238661520\" href=\"https:\/\/www.instagram.com\/reel\/DSpKzTKiOS6\/\" target=\"_blank\" rel=\"noopener nofollow\" title=\"\"><\/a><\/div><\/div><\/li><li class=\"zoom-instagram-widget__item media-icons-normal media-icons-hover\" data-media-type=\"video\"><div class=\"zoom-instagram-widget__item-inner-wrap\"><img class=\"zoom-instagram-link zoom-instagram-link-new\"  data-src=\"https:\/\/www.psv-wuppertal-leichtathletik.de\/wp-content\/uploads\/2022\/10\/551144000_1312501197287793_852634444670714854_n-361x640.jpg\" data-mfp-src=\"18080131061491475\" width=\"361\" height=\"640\" alt=\"Es geht doch nichts \u00fcber ein spontanes Bild. \ud83d\udcf8\n\nBei so vielen erfolgreichen Ergebnissen am heutigen Tage strahlt der PSV Wuppertal mit seinem Team. \u2728\nModeriert von @jan.fitschen beim @svbayerwuppertal \u2013 dem 58. Wuppertaler Volkslauf! \ud83c\udfc3\u200d\u2642\ufe0f\ud83c\udf89\n\nPerfekt organisiert, bei traumhaftem Wetter \u2013 ein echtes Highlight f\u00fcr alle L\u00e4uferinnen und L\u00e4ufer. \u2600\ufe0f\ud83d\udcaa\n\n#laufenmachtgl\u00fccklich #laufmotivation #runnershigh #laufliebe #runhappy #instarunners #laufmomente #volkslauf #wettkampf #runningevent #runforfun #personalbest #wuppertal #psvwuppertal #svbayerwuppertal #bergischesland #nrwl\u00e4uft #laufwetter #sportfreude #teamspirit #svbayerwuppertal #volkslauf #volkslaufwuppertal #janfitschen #teamgeist #ehrenamt #wirsindwuppertal #wuppertalaktiv\" \/><div class=\"hover-layout zoom-instagram-widget__overlay zoom-instagram-widget__black small\"><svg class=\"svg-icon\" shape-rendering=\"geometricPrecision\"><use xlink:href=\"https:\/\/www.psv-wuppertal-leichtathletik.de\/wp-content\/plugins\/instagram-widget-by-wpzoom\/dist\/images\/frontend\/wpzoom-instagram-icons.svg#video\"><\/use><\/svg><div class=\"zoom-instagram-icon-wrap\"><a class=\"zoom-svg-instagram-stroke\" href=\"https:\/\/www.instagram.com\/reel\/DO025oJCKNf\/\" rel=\"noopener nofollow\" target=\"_blank\" title=\"Es geht doch nichts \u00fcber ein spontanes Bild. \ud83d\udcf8\n\nBei so vielen erfolgreichen Ergebnissen am heutigen Tage strahlt der PSV Wuppertal mit seinem Team. \u2728\nModeriert von @jan.fitschen beim @svbayerwuppertal \u2013 dem 58. Wuppertaler Volkslauf! \ud83c\udfc3\u200d\u2642\ufe0f\ud83c\udf89\n\nPerfekt organisiert, bei traumhaftem Wetter \u2013 ein echtes Highlight f\u00fcr alle L\u00e4uferinnen und L\u00e4ufer. \u2600\ufe0f\ud83d\udcaa\n\n#laufenmachtgl\u00fccklich #laufmotivation #runnershigh #laufliebe #runhappy #instarunners #laufmomente #volkslauf #wettkampf #runningevent #runforfun #personalbest #wuppertal #psvwuppertal #svbayerwuppertal #bergischesland #nrwl\u00e4uft #laufwetter #sportfreude #teamspirit #svbayerwuppertal #volkslauf #volkslaufwuppertal #janfitschen #teamgeist #ehrenamt #wirsindwuppertal #wuppertalaktiv\"><\/a><\/div><a class=\"zoom-instagram-link\" data-src=\"https:\/\/www.psv-wuppertal-leichtathletik.de\/wp-content\/uploads\/2022\/10\/551144000_1312501197287793_852634444670714854_n-361x640.jpg\" data-mfp-src=\"18080131061491475\" href=\"https:\/\/www.instagram.com\/reel\/DO025oJCKNf\/\" target=\"_blank\" rel=\"noopener nofollow\" title=\"Es geht doch nichts \u00fcber ein spontanes Bild. \ud83d\udcf8\n\nBei so vielen erfolgreichen Ergebnissen am heutigen Tage strahlt der PSV Wuppertal mit seinem Team. \u2728\nModeriert von @jan.fitschen beim @svbayerwuppertal \u2013 dem 58. Wuppertaler Volkslauf! \ud83c\udfc3\u200d\u2642\ufe0f\ud83c\udf89\n\nPerfekt organisiert, bei traumhaftem Wetter \u2013 ein echtes Highlight f\u00fcr alle L\u00e4uferinnen und L\u00e4ufer. \u2600\ufe0f\ud83d\udcaa\n\n#laufenmachtgl\u00fccklich #laufmotivation #runnershigh #laufliebe #runhappy #instarunners #laufmomente #volkslauf #wettkampf #runningevent #runforfun #personalbest #wuppertal #psvwuppertal #svbayerwuppertal #bergischesland #nrwl\u00e4uft #laufwetter #sportfreude #teamspirit #svbayerwuppertal #volkslauf #volkslaufwuppertal #janfitschen #teamgeist #ehrenamt #wirsindwuppertal #wuppertalaktiv\"><\/a><\/div><\/div><\/li><li class=\"zoom-instagram-widget__item media-icons-normal media-icons-hover\" data-media-type=\"image\"><div class=\"zoom-instagram-widget__item-inner-wrap\"><img class=\"zoom-instagram-link zoom-instagram-link-new\"  data-src=\"https:\/\/www.psv-wuppertal-leichtathletik.de\/wp-content\/uploads\/2015\/09\/513820321_17983436432839807_17176459855191158_n-640x640.jpg\" data-mfp-src=\"18255989575303617\" width=\"640\" height=\"640\" alt=\"\ud83c\udfc3\u200d\u2640\ufe0f\ud83c\udfc3\u200d\u2642\ufe0f Regionsmeisterschaften Remscheid 2025 \ud83c\udfc6\n\ud83d\udcc5 28. Juni | \ud83d\udccd Remscheid \n\n3x800m \u2013 U14 Zeitl\u00e4ufe\nEin erfolgreicher Tag f\u00fcr den PSV Wuppertal bei den Regionsmeisterschaften in Remscheid!\n\n\ud83d\udc99 Weibliche Jugend U14 \u2013 REGIONS V I Z E MEISTER!\nJana Stanic (2012), Sophia van Look (2013) und Neele Johanna Leven (2013) liefen mit 8:20,30 min als Zweite durchs Ziel \u2013 und sichern sich damit den 2. Platz in der Regionswertung, hinter OSC Waldniel (au\u00dfer Konkurrenz) und vor der LG Remscheid.\n\ud83e\udd47 WJU14 | 2.\/I\n\n\ud83d\udd25 M\u00e4nnliche Jugend U14 \u2013 STARKER 3. PLATZ!\nAuch unsere Jungs zeigten eine tolle Teamleistung!\nOskar Bleidi\u00dfel (2013), Jona Schwedler (2014) und Jonathan Kaufmann (2013) liefen mit 8:22,77 min auf einen verdienten 3. Platz in der Regionswertung.\n\ud83e\udd49 MJU14 | 3.\/I\n\nEin rundum erfolgreicher Wettkampftag f\u00fcr unseren Nachwuchs \u2013 weiter so! \ud83d\udcaa\n#PSVWuppertal #Leichtathletik #Regionsmeisterschaft #3x800m #U14 #Remscheid2025 #Teamwork #Nachwuchsleistung #WJU14 #MJU14 #StolzAufEuch\n#psvwuppertalleichtathletik\" \/><div class=\"hover-layout zoom-instagram-widget__overlay zoom-instagram-widget__black small\"><div class=\"zoom-instagram-icon-wrap\"><a class=\"zoom-svg-instagram-stroke\" href=\"https:\/\/www.instagram.com\/p\/DLc79vytJzU\/\" rel=\"noopener nofollow\" target=\"_blank\" title=\"\ud83c\udfc3\u200d\u2640\ufe0f\ud83c\udfc3\u200d\u2642\ufe0f Regionsmeisterschaften Remscheid 2025 \ud83c\udfc6\n\ud83d\udcc5 28. Juni | \ud83d\udccd Remscheid \n\n3x800m \u2013 U14 Zeitl\u00e4ufe\nEin erfolgreicher Tag f\u00fcr den PSV Wuppertal bei den Regionsmeisterschaften in Remscheid!\n\n\ud83d\udc99 Weibliche Jugend U14 \u2013 REGIONS V I Z E MEISTER!\nJana Stanic (2012), Sophia van Look (2013) und Neele Johanna Leven (2013) liefen mit 8:20,30 min als Zweite durchs Ziel \u2013 und sichern sich damit den 2. Platz in der Regionswertung, hinter OSC Waldniel (au\u00dfer Konkurrenz) und vor der LG Remscheid.\n\ud83e\udd47 WJU14 | 2.\/I\n\n\ud83d\udd25 M\u00e4nnliche Jugend U14 \u2013 STARKER 3. PLATZ!\nAuch unsere Jungs zeigten eine tolle Teamleistung!\nOskar Bleidi\u00dfel (2013), Jona Schwedler (2014) und Jonathan Kaufmann (2013) liefen mit 8:22,77 min auf einen verdienten 3. Platz in der Regionswertung.\n\ud83e\udd49 MJU14 | 3.\/I\n\nEin rundum erfolgreicher Wettkampftag f\u00fcr unseren Nachwuchs \u2013 weiter so! \ud83d\udcaa\n#PSVWuppertal #Leichtathletik #Regionsmeisterschaft #3x800m #U14 #Remscheid2025 #Teamwork #Nachwuchsleistung #WJU14 #MJU14 #StolzAufEuch\n#psvwuppertalleichtathletik\"><\/a><\/div><a class=\"zoom-instagram-link\" data-src=\"https:\/\/www.psv-wuppertal-leichtathletik.de\/wp-content\/uploads\/2015\/09\/513820321_17983436432839807_17176459855191158_n-640x640.jpg\" data-mfp-src=\"18255989575303617\" href=\"https:\/\/www.instagram.com\/p\/DLc79vytJzU\/\" target=\"_blank\" rel=\"noopener nofollow\" title=\"\ud83c\udfc3\u200d\u2640\ufe0f\ud83c\udfc3\u200d\u2642\ufe0f Regionsmeisterschaften Remscheid 2025 \ud83c\udfc6\n\ud83d\udcc5 28. Juni | \ud83d\udccd Remscheid \n\n3x800m \u2013 U14 Zeitl\u00e4ufe\nEin erfolgreicher Tag f\u00fcr den PSV Wuppertal bei den Regionsmeisterschaften in Remscheid!\n\n\ud83d\udc99 Weibliche Jugend U14 \u2013 REGIONS V I Z E MEISTER!\nJana Stanic (2012), Sophia van Look (2013) und Neele Johanna Leven (2013) liefen mit 8:20,30 min als Zweite durchs Ziel \u2013 und sichern sich damit den 2. Platz in der Regionswertung, hinter OSC Waldniel (au\u00dfer Konkurrenz) und vor der LG Remscheid.\n\ud83e\udd47 WJU14 | 2.\/I\n\n\ud83d\udd25 M\u00e4nnliche Jugend U14 \u2013 STARKER 3. PLATZ!\nAuch unsere Jungs zeigten eine tolle Teamleistung!\nOskar Bleidi\u00dfel (2013), Jona Schwedler (2014) und Jonathan Kaufmann (2013) liefen mit 8:22,77 min auf einen verdienten 3. Platz in der Regionswertung.\n\ud83e\udd49 MJU14 | 3.\/I\n\nEin rundum erfolgreicher Wettkampftag f\u00fcr unseren Nachwuchs \u2013 weiter so! \ud83d\udcaa\n#PSVWuppertal #Leichtathletik #Regionsmeisterschaft #3x800m #U14 #Remscheid2025 #Teamwork #Nachwuchsleistung #WJU14 #MJU14 #StolzAufEuch\n#psvwuppertalleichtathletik\"><\/a><\/div><\/div><\/li><li class=\"zoom-instagram-widget__item media-icons-normal media-icons-hover\" data-media-type=\"image\"><div class=\"zoom-instagram-widget__item-inner-wrap\"><img loading=\"lazy\" loading=\"lazy\" class=\"zoom-instagram-link zoom-instagram-link-new\"  data-src=\"https:\/\/www.psv-wuppertal-leichtathletik.de\/wp-content\/uploads\/2011\/04\/503699034_17982872714839807_6176530549750510117_n-640x640.jpg\" data-mfp-src=\"18284047210280045\" width=\"640\" height=\"640\" alt=\"\u26a1\ufe0fTarik \u00dcnal sprintet sich ins Rampenlicht! \ud83d\udd25\n\nBei den Nordrhein-Meisterschaften 2025 in Duisburg zeigte unser M14-Athlet Tarik \u00dcnal ein echtes Ausrufezeichen:\n3 L\u00e4ufe, 1 Tag, 36 Grad \u2013 und ein starker 4. Platz im Finale! \ud83d\udcaa\u2600\ufe0f\n\n\ud83c\udfc1 100m-Vorlauf: PB auf 12,00 Sek. gedr\u00fcckt \u2013 mega Einstieg!\n\ud83c\udfc1 Zwischenlauf: 12,25 Sek. \u2013 cool geblieben &amp; sicher f\u00fcrs Finale qualifiziert.\n\ud83c\udfc1 Finale: 12,21 Sek. &amp; Platz 4 bei seiner allerersten Landesmeisterschaft \u2013 stark! \ud83c\udfc5\n\n\ud83d\udcac Trainer Ralf setzt bewusst auf langsamen, gesunden Aufbau \u2013 denn: Tarik trainiert aktuell nur 2x pro Woche und steht dennoch ganz vorne mit dabei. \ud83d\udc4f\n\n\ud83e\uddca Wermutstropfen: Im Winter stehen nur 25 m Kunststoffbahn zur Verf\u00fcgung\u2026\n\u27a1\ufe0f Mehr Infrastruktur = mehr Potenzial. Eine Kaltlufthalle in Wuppertal w\u00e4re ein echter Gamechanger!\n\n\ud83d\udc49 Fazit: Tarik hat nicht nur Speed, sondern auch Herz, Fokus &amp; Perspektive.\nWir sind gespannt auf alles, was da noch kommt! \ud83d\ude80\n\n#PSVWuppertal #NordrheinMeisterschaften2025 #SprintTalent #LeichtathletikLiebe #Zukunftl\u00e4uft #WuppertalBewegtSich #MehrF\u00fcrDenSport #KaltlufthalleJetzt #ehrenamt #psvwuppertalleichtathletik\" \/><div class=\"hover-layout zoom-instagram-widget__overlay zoom-instagram-widget__black small\"><div class=\"zoom-instagram-icon-wrap\"><a class=\"zoom-svg-instagram-stroke\" href=\"https:\/\/www.instagram.com\/p\/DLPVarpt40h\/\" rel=\"noopener nofollow\" target=\"_blank\" title=\"\u26a1\ufe0fTarik \u00dcnal sprintet sich ins Rampenlicht! \ud83d\udd25\n\nBei den Nordrhein-Meisterschaften 2025 in Duisburg zeigte unser M14-Athlet Tarik \u00dcnal ein echtes Ausrufezeichen:\n3 L\u00e4ufe, 1 Tag, 36 Grad \u2013 und ein starker 4. Platz im Finale! \ud83d\udcaa\u2600\ufe0f\n\n\ud83c\udfc1 100m-Vorlauf: PB auf 12,00 Sek. gedr\u00fcckt \u2013 mega Einstieg!\n\ud83c\udfc1 Zwischenlauf: 12,25 Sek. \u2013 cool geblieben &amp; sicher f\u00fcrs Finale qualifiziert.\n\ud83c\udfc1 Finale: 12,21 Sek. &amp; Platz 4 bei seiner allerersten Landesmeisterschaft \u2013 stark! \ud83c\udfc5\n\n\ud83d\udcac Trainer Ralf setzt bewusst auf langsamen, gesunden Aufbau \u2013 denn: Tarik trainiert aktuell nur 2x pro Woche und steht dennoch ganz vorne mit dabei. \ud83d\udc4f\n\n\ud83e\uddca Wermutstropfen: Im Winter stehen nur 25 m Kunststoffbahn zur Verf\u00fcgung\u2026\n\u27a1\ufe0f Mehr Infrastruktur = mehr Potenzial. Eine Kaltlufthalle in Wuppertal w\u00e4re ein echter Gamechanger!\n\n\ud83d\udc49 Fazit: Tarik hat nicht nur Speed, sondern auch Herz, Fokus &amp; Perspektive.\nWir sind gespannt auf alles, was da noch kommt! \ud83d\ude80\n\n#PSVWuppertal #NordrheinMeisterschaften2025 #SprintTalent #LeichtathletikLiebe #Zukunftl\u00e4uft #WuppertalBewegtSich #MehrF\u00fcrDenSport #KaltlufthalleJetzt #ehrenamt #psvwuppertalleichtathletik\"><\/a><\/div><a class=\"zoom-instagram-link\" data-src=\"https:\/\/www.psv-wuppertal-leichtathletik.de\/wp-content\/uploads\/2011\/04\/503699034_17982872714839807_6176530549750510117_n-640x640.jpg\" data-mfp-src=\"18284047210280045\" href=\"https:\/\/www.instagram.com\/p\/DLPVarpt40h\/\" target=\"_blank\" rel=\"noopener nofollow\" title=\"\u26a1\ufe0fTarik \u00dcnal sprintet sich ins Rampenlicht! \ud83d\udd25\n\nBei den Nordrhein-Meisterschaften 2025 in Duisburg zeigte unser M14-Athlet Tarik \u00dcnal ein echtes Ausrufezeichen:\n3 L\u00e4ufe, 1 Tag, 36 Grad \u2013 und ein starker 4. Platz im Finale! \ud83d\udcaa\u2600\ufe0f\n\n\ud83c\udfc1 100m-Vorlauf: PB auf 12,00 Sek. gedr\u00fcckt \u2013 mega Einstieg!\n\ud83c\udfc1 Zwischenlauf: 12,25 Sek. \u2013 cool geblieben &amp; sicher f\u00fcrs Finale qualifiziert.\n\ud83c\udfc1 Finale: 12,21 Sek. &amp; Platz 4 bei seiner allerersten Landesmeisterschaft \u2013 stark! \ud83c\udfc5\n\n\ud83d\udcac Trainer Ralf setzt bewusst auf langsamen, gesunden Aufbau \u2013 denn: Tarik trainiert aktuell nur 2x pro Woche und steht dennoch ganz vorne mit dabei. \ud83d\udc4f\n\n\ud83e\uddca Wermutstropfen: Im Winter stehen nur 25 m Kunststoffbahn zur Verf\u00fcgung\u2026\n\u27a1\ufe0f Mehr Infrastruktur = mehr Potenzial. Eine Kaltlufthalle in Wuppertal w\u00e4re ein echter Gamechanger!\n\n\ud83d\udc49 Fazit: Tarik hat nicht nur Speed, sondern auch Herz, Fokus &amp; Perspektive.\nWir sind gespannt auf alles, was da noch kommt! \ud83d\ude80\n\n#PSVWuppertal #NordrheinMeisterschaften2025 #SprintTalent #LeichtathletikLiebe #Zukunftl\u00e4uft #WuppertalBewegtSich #MehrF\u00fcrDenSport #KaltlufthalleJetzt #ehrenamt #psvwuppertalleichtathletik\"><\/a><\/div><\/div><\/li><li class=\"zoom-instagram-widget__item media-icons-normal media-icons-hover\" data-media-type=\"image\"><div class=\"zoom-instagram-widget__item-inner-wrap\"><img loading=\"lazy\" loading=\"lazy\" class=\"zoom-instagram-link zoom-instagram-link-new\"  data-src=\"https:\/\/www.psv-wuppertal-leichtathletik.de\/wp-content\/uploads\/2025\/06\/503939663_17982598718839807_6313133696954821570_n-640x640.jpg\" data-mfp-src=\"18057727739019985\" width=\"640\" height=\"640\" alt=\"\ud83c\udfc6 VON 0 AUF SIEG! \u2013 Unsere \u201eGrash\u00fcpfer\u201c rocken Solingen! \ud83d\udc38\ud83d\udd25\n\nBeim 21. Kinderleichtathletik-Sportfest des SLC Solingen am 01. Februar gingen unsere U8- und U10-Teams an den Start \u2013 und das mit ganz gro\u00dfem Kino! \ud83c\udfac\ud83d\udc99\n\n\ud83d\udfe2 U8 \u2013 \u201ePSV-Grash\u00fcpfer\u201c:\nNoch fast ganz neu im Team, Ziel war: nicht Letzter werden\u2026 und dann DAS:\n\ud83e\udd47 1. Platz \u2013 mit Power, Teamgeist und einer Biathlonstaffel zum Staunen!\n\ud83d\udca5 Platz 1 im Medizinballsto\u00df \u2714\n\ud83d\udca5 Platz 1 im Hindernissprint \u2714\n\ud83d\udca5 Nur 3 Fehlsch\u00fcsse im Biathlon \u2714\n\u27a1\ufe0f Vom Neuling zum Turniersieger \u2013 was f\u00fcr eine Geschichte! \ud83e\udd2f\ud83d\udc4f\n\n\ud83d\udd35 U10 \u2013 \u201eGrash\u00fcpfer\u201c &amp; \u201eBlaulichter\u201c:\nStarke Leistung der U10-Grash\u00fcpfer mit Platz 9 \u2013\nund dann kamen die \u201eBlaulichter\u201c:\n\ud83e\udd47 Platz 1 in der U10 \u2013 Doppelsieg f\u00fcr den PSV! \ud83c\udfc6\ud83c\udfc6\n\n\ud83d\udc49 Fazit: Zwei Teams, zwei Altersklassen, zwei Mal Platz 1 \u2013 PSV-Power pur!\nEin Riesen-Dank an alle Trainerinnen, Helferinnen &amp; Eltern f\u00fcr die Unterst\u00fctzung. \ud83d\udc99\n\n#PSVWuppertal #Grash\u00fcpferPower #U8Champions #U10Gewinner #Kinderleichtathletik #TeamPSV #SolingenErobert #Vereinsliebe #BiathlonWunder #JungUndStark #WettkampfDeb\u00fct #Doppelsieg #psvwuppertalleichtathletik #ehrenamt #wuppertal #solingerleichtathletikclub\" \/><div class=\"hover-layout zoom-instagram-widget__overlay zoom-instagram-widget__black small\"><div class=\"zoom-instagram-icon-wrap\"><a class=\"zoom-svg-instagram-stroke\" href=\"https:\/\/www.instagram.com\/p\/DLKc-A1tEVX\/\" rel=\"noopener nofollow\" target=\"_blank\" title=\"\ud83c\udfc6 VON 0 AUF SIEG! \u2013 Unsere \u201eGrash\u00fcpfer\u201c rocken Solingen! \ud83d\udc38\ud83d\udd25\n\nBeim 21. Kinderleichtathletik-Sportfest des SLC Solingen am 01. Februar gingen unsere U8- und U10-Teams an den Start \u2013 und das mit ganz gro\u00dfem Kino! \ud83c\udfac\ud83d\udc99\n\n\ud83d\udfe2 U8 \u2013 \u201ePSV-Grash\u00fcpfer\u201c:\nNoch fast ganz neu im Team, Ziel war: nicht Letzter werden\u2026 und dann DAS:\n\ud83e\udd47 1. Platz \u2013 mit Power, Teamgeist und einer Biathlonstaffel zum Staunen!\n\ud83d\udca5 Platz 1 im Medizinballsto\u00df \u2714\n\ud83d\udca5 Platz 1 im Hindernissprint \u2714\n\ud83d\udca5 Nur 3 Fehlsch\u00fcsse im Biathlon \u2714\n\u27a1\ufe0f Vom Neuling zum Turniersieger \u2013 was f\u00fcr eine Geschichte! \ud83e\udd2f\ud83d\udc4f\n\n\ud83d\udd35 U10 \u2013 \u201eGrash\u00fcpfer\u201c &amp; \u201eBlaulichter\u201c:\nStarke Leistung der U10-Grash\u00fcpfer mit Platz 9 \u2013\nund dann kamen die \u201eBlaulichter\u201c:\n\ud83e\udd47 Platz 1 in der U10 \u2013 Doppelsieg f\u00fcr den PSV! \ud83c\udfc6\ud83c\udfc6\n\n\ud83d\udc49 Fazit: Zwei Teams, zwei Altersklassen, zwei Mal Platz 1 \u2013 PSV-Power pur!\nEin Riesen-Dank an alle Trainerinnen, Helferinnen &amp; Eltern f\u00fcr die Unterst\u00fctzung. \ud83d\udc99\n\n#PSVWuppertal #Grash\u00fcpferPower #U8Champions #U10Gewinner #Kinderleichtathletik #TeamPSV #SolingenErobert #Vereinsliebe #BiathlonWunder #JungUndStark #WettkampfDeb\u00fct #Doppelsieg #psvwuppertalleichtathletik #ehrenamt #wuppertal #solingerleichtathletikclub\"><\/a><\/div><a class=\"zoom-instagram-link\" data-src=\"https:\/\/www.psv-wuppertal-leichtathletik.de\/wp-content\/uploads\/2025\/06\/503939663_17982598718839807_6313133696954821570_n-640x640.jpg\" data-mfp-src=\"18057727739019985\" href=\"https:\/\/www.instagram.com\/p\/DLKc-A1tEVX\/\" target=\"_blank\" rel=\"noopener nofollow\" title=\"\ud83c\udfc6 VON 0 AUF SIEG! \u2013 Unsere \u201eGrash\u00fcpfer\u201c rocken Solingen! \ud83d\udc38\ud83d\udd25\n\nBeim 21. Kinderleichtathletik-Sportfest des SLC Solingen am 01. Februar gingen unsere U8- und U10-Teams an den Start \u2013 und das mit ganz gro\u00dfem Kino! \ud83c\udfac\ud83d\udc99\n\n\ud83d\udfe2 U8 \u2013 \u201ePSV-Grash\u00fcpfer\u201c:\nNoch fast ganz neu im Team, Ziel war: nicht Letzter werden\u2026 und dann DAS:\n\ud83e\udd47 1. Platz \u2013 mit Power, Teamgeist und einer Biathlonstaffel zum Staunen!\n\ud83d\udca5 Platz 1 im Medizinballsto\u00df \u2714\n\ud83d\udca5 Platz 1 im Hindernissprint \u2714\n\ud83d\udca5 Nur 3 Fehlsch\u00fcsse im Biathlon \u2714\n\u27a1\ufe0f Vom Neuling zum Turniersieger \u2013 was f\u00fcr eine Geschichte! \ud83e\udd2f\ud83d\udc4f\n\n\ud83d\udd35 U10 \u2013 \u201eGrash\u00fcpfer\u201c &amp; \u201eBlaulichter\u201c:\nStarke Leistung der U10-Grash\u00fcpfer mit Platz 9 \u2013\nund dann kamen die \u201eBlaulichter\u201c:\n\ud83e\udd47 Platz 1 in der U10 \u2013 Doppelsieg f\u00fcr den PSV! \ud83c\udfc6\ud83c\udfc6\n\n\ud83d\udc49 Fazit: Zwei Teams, zwei Altersklassen, zwei Mal Platz 1 \u2013 PSV-Power pur!\nEin Riesen-Dank an alle Trainerinnen, Helferinnen &amp; Eltern f\u00fcr die Unterst\u00fctzung. \ud83d\udc99\n\n#PSVWuppertal #Grash\u00fcpferPower #U8Champions #U10Gewinner #Kinderleichtathletik #TeamPSV #SolingenErobert #Vereinsliebe #BiathlonWunder #JungUndStark #WettkampfDeb\u00fct #Doppelsieg #psvwuppertalleichtathletik #ehrenamt #wuppertal #solingerleichtathletikclub\"><\/a><\/div><\/div><\/li><li class=\"zoom-instagram-widget__item media-icons-normal media-icons-hover\" data-media-type=\"image\"><div class=\"zoom-instagram-widget__item-inner-wrap\"><img loading=\"lazy\" loading=\"lazy\" class=\"zoom-instagram-link zoom-instagram-link-new\"  data-src=\"https:\/\/www.psv-wuppertal-leichtathletik.de\/wp-content\/uploads\/2025\/06\/509591521_17982598619839807_3574380035072918052_n-640x640.jpg\" data-mfp-src=\"18075276394913560\" width=\"640\" height=\"640\" alt=\"\ud83d\udea8 Vereinsrekord-Alarm! \ud83d\udea8\n\nClara (Jg. 2014) stellte sich der Herausforderung \u2013 und wie! \ud83d\udcaa\nEine Altersklasse h\u00f6her (W12) angetreten, ging sie beim Kugelsto\u00dfen und Speerwurf mutig an den Start \u2013 mit Zielen, die Geschichte schreiben. \ud83c\udfc6\n\n\ud83e\udd47 Kugelsto\u00dfen:\nZiel war der Vereinsrekord aus dem Jahr 1981 (!) \u2013 6,97 m.\nClara schleuderte die Kugel auf 7,10 m, holte sich Platz 1 UND den neuen Vereinsrekord! \ud83d\udd25\nDas Wintertraining zahlt sich aus!\n\n\ud83e\udd48 Speerwurf:\nErst zwei Trainingseinheiten \u2013 und trotzdem ein Volltreffer:\n16,22 m, Platz 2 und erneut Vereinsrekord in ihrer eigentlichen Altersklasse! \ud83c\udfaf\nMit mehr Konstanz ist der 20-Meter-Wurf nur noch eine Frage der Zeit.\n\n\ud83d\udc49 Zwei Starts, zwei Rekorde \u2013 und ganz viel Potenzial!\nClara, das war richtig stark! \ud83d\udc99\ud83d\udca5\n\n#PSVWuppertal #psvwuppertalleichtathletik #ehrenamt #wuppertal #Vereinsrekord #Kugelsto\u00dfen #Speerwurf #WurfPower #Nachwuchstalent #LeichtathletikLiebe #TeamPSV #WuppertalBewegtSich #Rekordj\u00e4gerin\" \/><div class=\"hover-layout zoom-instagram-widget__overlay zoom-instagram-widget__black small\"><div class=\"zoom-instagram-icon-wrap\"><a class=\"zoom-svg-instagram-stroke\" href=\"https:\/\/www.instagram.com\/p\/DLKPMQhtkkW\/\" rel=\"noopener nofollow\" target=\"_blank\" title=\"\ud83d\udea8 Vereinsrekord-Alarm! \ud83d\udea8\n\nClara (Jg. 2014) stellte sich der Herausforderung \u2013 und wie! \ud83d\udcaa\nEine Altersklasse h\u00f6her (W12) angetreten, ging sie beim Kugelsto\u00dfen und Speerwurf mutig an den Start \u2013 mit Zielen, die Geschichte schreiben. \ud83c\udfc6\n\n\ud83e\udd47 Kugelsto\u00dfen:\nZiel war der Vereinsrekord aus dem Jahr 1981 (!) \u2013 6,97 m.\nClara schleuderte die Kugel auf 7,10 m, holte sich Platz 1 UND den neuen Vereinsrekord! \ud83d\udd25\nDas Wintertraining zahlt sich aus!\n\n\ud83e\udd48 Speerwurf:\nErst zwei Trainingseinheiten \u2013 und trotzdem ein Volltreffer:\n16,22 m, Platz 2 und erneut Vereinsrekord in ihrer eigentlichen Altersklasse! \ud83c\udfaf\nMit mehr Konstanz ist der 20-Meter-Wurf nur noch eine Frage der Zeit.\n\n\ud83d\udc49 Zwei Starts, zwei Rekorde \u2013 und ganz viel Potenzial!\nClara, das war richtig stark! \ud83d\udc99\ud83d\udca5\n\n#PSVWuppertal #psvwuppertalleichtathletik #ehrenamt #wuppertal #Vereinsrekord #Kugelsto\u00dfen #Speerwurf #WurfPower #Nachwuchstalent #LeichtathletikLiebe #TeamPSV #WuppertalBewegtSich #Rekordj\u00e4gerin\"><\/a><\/div><a class=\"zoom-instagram-link\" data-src=\"https:\/\/www.psv-wuppertal-leichtathletik.de\/wp-content\/uploads\/2025\/06\/509591521_17982598619839807_3574380035072918052_n-640x640.jpg\" data-mfp-src=\"18075276394913560\" href=\"https:\/\/www.instagram.com\/p\/DLKPMQhtkkW\/\" target=\"_blank\" rel=\"noopener nofollow\" title=\"\ud83d\udea8 Vereinsrekord-Alarm! \ud83d\udea8\n\nClara (Jg. 2014) stellte sich der Herausforderung \u2013 und wie! \ud83d\udcaa\nEine Altersklasse h\u00f6her (W12) angetreten, ging sie beim Kugelsto\u00dfen und Speerwurf mutig an den Start \u2013 mit Zielen, die Geschichte schreiben. \ud83c\udfc6\n\n\ud83e\udd47 Kugelsto\u00dfen:\nZiel war der Vereinsrekord aus dem Jahr 1981 (!) \u2013 6,97 m.\nClara schleuderte die Kugel auf 7,10 m, holte sich Platz 1 UND den neuen Vereinsrekord! \ud83d\udd25\nDas Wintertraining zahlt sich aus!\n\n\ud83e\udd48 Speerwurf:\nErst zwei Trainingseinheiten \u2013 und trotzdem ein Volltreffer:\n16,22 m, Platz 2 und erneut Vereinsrekord in ihrer eigentlichen Altersklasse! \ud83c\udfaf\nMit mehr Konstanz ist der 20-Meter-Wurf nur noch eine Frage der Zeit.\n\n\ud83d\udc49 Zwei Starts, zwei Rekorde \u2013 und ganz viel Potenzial!\nClara, das war richtig stark! \ud83d\udc99\ud83d\udca5\n\n#PSVWuppertal #psvwuppertalleichtathletik #ehrenamt #wuppertal #Vereinsrekord #Kugelsto\u00dfen #Speerwurf #WurfPower #Nachwuchstalent #LeichtathletikLiebe #TeamPSV #WuppertalBewegtSich #Rekordj\u00e4gerin\"><\/a><\/div><\/div><\/li><\/ul><\/div><div class=\"zoom-instagram-widget__footer\"><a href=\"https:\/\/www.instagram.com\/psv_wuppertal_leichtathletik\" target=\"_blank\" rel=\"noopener nofollow\" class=\"wpz-button wpz-button-primary wpz-insta-view-on-insta-button\"><span class=\"button-icon zoom-svg-instagram-stroke\"><\/span> Gehe zu Instagram<\/a><\/div><div class=\"wpz-insta-lightbox-wrapper mfp-hide\"><div class=\"swiper\"><div class=\"swiper-wrapper\"><div data-uid=\"18099057238661520\" class=\"swiper-slide wpz-insta-lightbox-item\"><div class=\"wpz-insta-lightbox\"><div class=\"image-wrapper\"><video controls muted preload=\"none\"><source src=\"https:\/\/scontent-fra3-1.cdninstagram.com\/o1\/v\/t2\/f2\/m86\/AQO_ADd5QEBlgh4gZe3W_zkiyzh1r_lul1zZxuSUCISeIdDH8KybEVEumD1ZyPCbOw0DFKAV4UlqIH2o0MRp-CwpLrt40hQjC0HhwEg.mp4?_nc_cat=103&#038;_nc_sid=5e9851&#038;_nc_ht=scontent-fra3-1.cdninstagram.com&#038;_nc_ohc=bmcrnAmMn54Q7kNvwGNuBVz&#038;efg=eyJ2ZW5jb2RlX3RhZyI6Inhwdl9wcm9ncmVzc2l2ZS5JTlNUQUdSQU0uQ0xJUFMuQzMuNzIwLmRhc2hfYmFzZWxpbmVfMV92MSIsInhwdl9hc3NldF9pZCI6ODQzMzYzMzYxNjM5MjcwLCJhc3NldF9hZ2VfZGF5cyI6MTI3LCJ2aV91c2VjYXNlX2lkIjoxMDA5OSwiZHVyYXRpb25fcyI6MTIsInVybGdlbl9zb3VyY2UiOiJ3d3cifQ%3D%3D&#038;ccb=17-1&#038;vs=18cc22e3022ce701&#038;_nc_vs=HBksFQIYUmlnX3hwdl9yZWVsc19wZXJtYW5lbnRfc3JfcHJvZC80NzRDNjQ4NUJDRUNDMDZBMzdBNjg3OUY0QkU3OTRBNV92aWRlb19kYXNoaW5pdC5tcDQVAALIARIAFQIYR2lnX3hwdl9yZWVsc19wZXJtYW5lbnRfc3JfcHJvZC8xMTg0OTE1NDA3MDc5OTAzXzExNjkyMzE2NzcwNTE0MTQ4MDAubXA0FQICyAESACgAGAAbAogHdXNlX29pbAExEnByb2dyZXNzaXZlX3JlY2lwZQExFQAAJsytstmawv8CFQIoAkMzLBdAKBDlYEGJNxgSZGFzaF9iYXNlbGluZV8xX3YxEQB1_gdl5p0BAA&#038;_nc_gid=xceFXkFQ1lZmArVem45r7Q&#038;edm=ANo9K5cEAAAA&#038;_nc_zt=28&#038;_nc_tpa=Q5bMBQHoRCJkJAhEV81sjN8wkGwtvwONlDdsl_frBm4RJsEq1MyvuMGNorCZpD1yX3iEl6dWLPrW8GMY&#038;oh=00_Af5dME8w7cagZhdw_pT09UrLwV4usqXlxlIP2NDbOokgIw&#038;oe=69F6410C\" type=\"video\/mp4\"\/><\/video><\/div>\n\t\t\t\t\t<div class=\"details-wrapper\">\n\t\t\t\t\t<div class=\"wpz-insta-header\">\n\t\t\t\t\t\t<div class=\"wpz-insta-avatar\">\n\t\t\t\t\t\t\t<img loading=\"lazy\" loading=\"lazy\" decoding=\"async\" src=\"https:\/\/www.psv-wuppertal-leichtathletik.de\/wp-content\/uploads\/2025\/06\/311629697_1518541368580916_8865808881464703002_n-150x150.jpg\" alt=\"@psv_wuppertal_leichtathletik\" width=\"42\" height=\"42\"\/>\n\t\t\t\t\t\t<\/div>\n\t\t\t\t\t\t<div class=\"wpz-insta-buttons\">\n\t\t\t\t\t\t\t<div class=\"wpz-insta-username\">\n\t\t\t\t\t\t\t\t<a rel=\"noopener\" target=\"_blank\" href=\"https:\/\/instagram.com\/psv_wuppertal_leichtathletik\">@psv_wuppertal_leichtathletik<\/a>\n\t\t\t\t\t\t\t<\/div>\n\t\t\t\t\t\t\t<div>&bull;<\/div>\n\t\t\t\t\t\t\t<div class=\"wpz-insta-follow\">\n\t\t\t\t\t\t\t\t<a target=\"_blank\" rel=\"noopener\"\n\t\t\t\t\t\t\t\thref=\"https:\/\/instagram.com\/psv_wuppertal_leichtathletik?ref=badge\">\n\t\t\t\t\t\t\t\t\tFollow\n\t\t\t\t\t\t\t\t<\/a>\n\t\t\t\t\t\t\t<\/div>\n\t\t\t\t\t\t<\/div>\n\t\t\t\t\t<\/div><div class=\"wpz-insta-date\">4\u00a0Monaten ago<\/div><div class=\"view-post\">\n\t\t\t\t\t<a href=\"https:\/\/www.instagram.com\/reel\/DSpKzTKiOS6\/\" target=\"_blank\" rel=\"noopener\"><span class=\"dashicons dashicons-instagram\"><\/span>View on Instagram<\/a>\n\t\t\t\t\t<span class=\"delimiter\">|<\/span>\n\t\t\t\t\t<div class=\"wpz-insta-pagination\">1\/6<\/div>\n\t\t\t\t\t<\/div><\/div><\/div><\/div><div data-uid=\"18080131061491475\" class=\"swiper-slide wpz-insta-lightbox-item\"><div class=\"wpz-insta-lightbox\"><div class=\"image-wrapper\"><video controls muted preload=\"none\"><source src=\"https:\/\/scontent-fra3-1.cdninstagram.com\/o1\/v\/t2\/f2\/m86\/AQNjivqqJsSu2BkgF4YbSjUEEiVi7MDlBZA_5dHXwwTdkhi_8uWb2CzwGMMiDS7w3DP5GpZT9aDnPpC5qLMl6Qb2vBYPv6fuUfDoQXE.mp4?_nc_cat=108&#038;_nc_sid=5e9851&#038;_nc_ht=scontent-fra3-1.cdninstagram.com&#038;_nc_ohc=RulFZlnBRv4Q7kNvwHeaX09&#038;efg=eyJ2ZW5jb2RlX3RhZyI6Inhwdl9wcm9ncmVzc2l2ZS5JTlNUQUdSQU0uQ0xJUFMuQzMuNzIwLmRhc2hfYmFzZWxpbmVfMV92MSIsInhwdl9hc3NldF9pZCI6MTMwOTUyODQxMDc2Mjk3MiwiYXNzZXRfYWdlX2RheXMiOjIyMiwidmlfdXNlY2FzZV9pZCI6MTAwOTksImR1cmF0aW9uX3MiOjEyLCJ1cmxnZW5fc291cmNlIjoid3d3In0%3D&#038;ccb=17-1&#038;vs=3787a7fc524cb213&#038;_nc_vs=HBksFQIYUmlnX3hwdl9yZWVsc19wZXJtYW5lbnRfc3JfcHJvZC84RTQ4NENDREY4RTBGNjI5RTg1NzJFRTBGQ0I0NzhBQl92aWRlb19kYXNoaW5pdC5tcDQVAALIARIAFQIYR2lnX3hwdl9yZWVsc19wZXJtYW5lbnRfc3JfcHJvZC8yMDAxMTE2NDIzOTkzMzc5XzY3ODI4MzA3MDM2NDMzNjUwNjUubXA0FQICyAESACgAGAAbAogHdXNlX29pbAExEnByb2dyZXNzaXZlX3JlY2lwZQExFQAAJri7-fvKwNMEFQIoAkMzLBdAKN2yLQ5WBBgSZGFzaF9iYXNlbGluZV8xX3YxEQB1_gdl5p0BAA&#038;_nc_gid=xceFXkFQ1lZmArVem45r7Q&#038;edm=ANo9K5cEAAAA&#038;_nc_zt=28&#038;_nc_tpa=Q5bMBQEc9hrnI-lqQysGa9T2cllKGF5c1_ZWW_OP8tIBCt42gtXBVr35yJIZ5YRke3lPDmWwfMvYY9PR&#038;oh=00_Af72btn3WghDE0JfBEc8arRZWTr230peBYm5Dght3PcGJA&#038;oe=69F63F49\" type=\"video\/mp4\"\/><\/video><\/div>\n\t\t\t\t\t<div class=\"details-wrapper\">\n\t\t\t\t\t<div class=\"wpz-insta-header\">\n\t\t\t\t\t\t<div class=\"wpz-insta-avatar\">\n\t\t\t\t\t\t\t<img loading=\"lazy\" loading=\"lazy\" decoding=\"async\" src=\"https:\/\/www.psv-wuppertal-leichtathletik.de\/wp-content\/uploads\/2025\/06\/311629697_1518541368580916_8865808881464703002_n-150x150.jpg\" alt=\"@psv_wuppertal_leichtathletik\" width=\"42\" height=\"42\"\/>\n\t\t\t\t\t\t<\/div>\n\t\t\t\t\t\t<div class=\"wpz-insta-buttons\">\n\t\t\t\t\t\t\t<div class=\"wpz-insta-username\">\n\t\t\t\t\t\t\t\t<a rel=\"noopener\" target=\"_blank\" href=\"https:\/\/instagram.com\/psv_wuppertal_leichtathletik\">@psv_wuppertal_leichtathletik<\/a>\n\t\t\t\t\t\t\t<\/div>\n\t\t\t\t\t\t\t<div>&bull;<\/div>\n\t\t\t\t\t\t\t<div class=\"wpz-insta-follow\">\n\t\t\t\t\t\t\t\t<a target=\"_blank\" rel=\"noopener\"\n\t\t\t\t\t\t\t\thref=\"https:\/\/instagram.com\/psv_wuppertal_leichtathletik?ref=badge\">\n\t\t\t\t\t\t\t\t\tFollow\n\t\t\t\t\t\t\t\t<\/a>\n\t\t\t\t\t\t\t<\/div>\n\t\t\t\t\t\t<\/div>\n\t\t\t\t\t<\/div><div class=\"wpz-insta-caption\">Es geht doch nichts \u00fcber ein spontanes Bild. \ud83d\udcf8\n\nBei so vielen erfolgreichen Ergebnissen am heutigen Tage strahlt der PSV Wuppertal mit seinem Team. \u2728\nModeriert von @jan.fitschen beim @svbayerwuppertal \u2013 dem 58. Wuppertaler Volkslauf! \ud83c\udfc3\u200d\u2642\ufe0f\ud83c\udf89\n\nPerfekt organisiert, bei traumhaftem Wetter \u2013 ein echtes Highlight f\u00fcr alle L\u00e4uferinnen und L\u00e4ufer. \u2600\ufe0f\ud83d\udcaa\n\n#laufenmachtgl\u00fccklich #laufmotivation #runnershigh #laufliebe #runhappy #instarunners #laufmomente #volkslauf #wettkampf #runningevent #runforfun #personalbest #wuppertal #psvwuppertal #svbayerwuppertal #bergischesland #nrwl\u00e4uft #laufwetter #sportfreude #teamspirit #svbayerwuppertal #volkslauf #volkslaufwuppertal #janfitschen #teamgeist #ehrenamt #wirsindwuppertal #wuppertalaktiv<\/div><div class=\"wpz-insta-date\">7\u00a0Monaten ago<\/div><div class=\"view-post\">\n\t\t\t\t\t<a href=\"https:\/\/www.instagram.com\/reel\/DO025oJCKNf\/\" target=\"_blank\" rel=\"noopener\"><span class=\"dashicons dashicons-instagram\"><\/span>View on Instagram<\/a>\n\t\t\t\t\t<span class=\"delimiter\">|<\/span>\n\t\t\t\t\t<div class=\"wpz-insta-pagination\">2\/6<\/div>\n\t\t\t\t\t<\/div><\/div><\/div><\/div><div data-uid=\"18255989575303617\" class=\"swiper-slide wpz-insta-lightbox-item\"><div class=\"wpz-insta-lightbox\"><div class=\"image-wrapper\"><img class=\"wpzoom-swiper-image swiper-lazy\" data-src=\"https:\/\/www.psv-wuppertal-leichtathletik.de\/wp-content\/uploads\/2015\/09\/513820321_17983436432839807_17176459855191158_n.jpg\" alt=\"\ud83c\udfc3\u200d\u2640\ufe0f\ud83c\udfc3\u200d\u2642\ufe0f Regionsmeisterschaften Remscheid 2025 \ud83c\udfc6\n\ud83d\udcc5 28. Juni | \ud83d\udccd Remscheid \n\n3x800m \u2013 U14 Zeitl\u00e4ufe\nEin erfolgreicher Tag f\u00fcr den PSV Wuppertal bei den Regionsmeisterschaften in Remscheid!\n\n\ud83d\udc99 Weibliche Jugend U14 \u2013 REGIONS V I Z E MEISTER!\nJana Stanic (2012), Sophia van Look (2013) und Neele Johanna Leven (2013) liefen mit 8:20,30 min als Zweite durchs Ziel \u2013 und sichern sich damit den 2. Platz in der Regionswertung, hinter OSC Waldniel (au\u00dfer Konkurrenz) und vor der LG Remscheid.\n\ud83e\udd47 WJU14 | 2.\/I\n\n\ud83d\udd25 M\u00e4nnliche Jugend U14 \u2013 STARKER 3. PLATZ!\nAuch unsere Jungs zeigten eine tolle Teamleistung!\nOskar Bleidi\u00dfel (2013), Jona Schwedler (2014) und Jonathan Kaufmann (2013) liefen mit 8:22,77 min auf einen verdienten 3. Platz in der Regionswertung.\n\ud83e\udd49 MJU14 | 3.\/I\n\nEin rundum erfolgreicher Wettkampftag f\u00fcr unseren Nachwuchs \u2013 weiter so! \ud83d\udcaa\n#PSVWuppertal #Leichtathletik #Regionsmeisterschaft #3x800m #U14 #Remscheid2025 #Teamwork #Nachwuchsleistung #WJU14 #MJU14 #StolzAufEuch\n#psvwuppertalleichtathletik\"\/><div class=\"swiper-lazy-preloader swiper-lazy-preloader-white\"><\/div><\/div>\n\t\t\t\t\t<div class=\"details-wrapper\">\n\t\t\t\t\t<div class=\"wpz-insta-header\">\n\t\t\t\t\t\t<div class=\"wpz-insta-avatar\">\n\t\t\t\t\t\t\t<img loading=\"lazy\" loading=\"lazy\" decoding=\"async\" src=\"https:\/\/www.psv-wuppertal-leichtathletik.de\/wp-content\/uploads\/2025\/06\/311629697_1518541368580916_8865808881464703002_n-150x150.jpg\" alt=\"@psv_wuppertal_leichtathletik\" width=\"42\" height=\"42\"\/>\n\t\t\t\t\t\t<\/div>\n\t\t\t\t\t\t<div class=\"wpz-insta-buttons\">\n\t\t\t\t\t\t\t<div class=\"wpz-insta-username\">\n\t\t\t\t\t\t\t\t<a rel=\"noopener\" target=\"_blank\" href=\"https:\/\/instagram.com\/psv_wuppertal_leichtathletik\">@psv_wuppertal_leichtathletik<\/a>\n\t\t\t\t\t\t\t<\/div>\n\t\t\t\t\t\t\t<div>&bull;<\/div>\n\t\t\t\t\t\t\t<div class=\"wpz-insta-follow\">\n\t\t\t\t\t\t\t\t<a target=\"_blank\" rel=\"noopener\"\n\t\t\t\t\t\t\t\thref=\"https:\/\/instagram.com\/psv_wuppertal_leichtathletik?ref=badge\">\n\t\t\t\t\t\t\t\t\tFollow\n\t\t\t\t\t\t\t\t<\/a>\n\t\t\t\t\t\t\t<\/div>\n\t\t\t\t\t\t<\/div>\n\t\t\t\t\t<\/div><div class=\"wpz-insta-caption\">\ud83c\udfc3\u200d\u2640\ufe0f\ud83c\udfc3\u200d\u2642\ufe0f Regionsmeisterschaften Remscheid 2025 \ud83c\udfc6\n\ud83d\udcc5 28. Juni | \ud83d\udccd Remscheid \n\n3x800m \u2013 U14 Zeitl\u00e4ufe\nEin erfolgreicher Tag f\u00fcr den PSV Wuppertal bei den Regionsmeisterschaften in Remscheid!\n\n\ud83d\udc99 Weibliche Jugend U14 \u2013 REGIONS V I Z E MEISTER!\nJana Stanic (2012), Sophia van Look (2013) und Neele Johanna Leven (2013) liefen mit 8:20,30 min als Zweite durchs Ziel \u2013 und sichern sich damit den 2. Platz in der Regionswertung, hinter OSC Waldniel (au\u00dfer Konkurrenz) und vor der LG Remscheid.\n\ud83e\udd47 WJU14 | 2.\/I\n\n\ud83d\udd25 M\u00e4nnliche Jugend U14 \u2013 STARKER 3. PLATZ!\nAuch unsere Jungs zeigten eine tolle Teamleistung!\nOskar Bleidi\u00dfel (2013), Jona Schwedler (2014) und Jonathan Kaufmann (2013) liefen mit 8:22,77 min auf einen verdienten 3. Platz in der Regionswertung.\n\ud83e\udd49 MJU14 | 3.\/I\n\nEin rundum erfolgreicher Wettkampftag f\u00fcr unseren Nachwuchs \u2013 weiter so! \ud83d\udcaa\n#PSVWuppertal #Leichtathletik #Regionsmeisterschaft #3x800m #U14 #Remscheid2025 #Teamwork #Nachwuchsleistung #WJU14 #MJU14 #StolzAufEuch\n#psvwuppertalleichtathletik<\/div><div class=\"wpz-insta-date\">10\u00a0Monaten ago<\/div><div class=\"view-post\">\n\t\t\t\t\t<a href=\"https:\/\/www.instagram.com\/p\/DLc79vytJzU\/\" target=\"_blank\" rel=\"noopener\"><span class=\"dashicons dashicons-instagram\"><\/span>View on Instagram<\/a>\n\t\t\t\t\t<span class=\"delimiter\">|<\/span>\n\t\t\t\t\t<div class=\"wpz-insta-pagination\">3\/6<\/div>\n\t\t\t\t\t<\/div><\/div><\/div><\/div><div data-uid=\"18284047210280045\" class=\"swiper-slide wpz-insta-lightbox-item\"><div class=\"wpz-insta-lightbox\"><div class=\"image-wrapper\"><img class=\"wpzoom-swiper-image swiper-lazy\" data-src=\"https:\/\/www.psv-wuppertal-leichtathletik.de\/wp-content\/uploads\/2011\/04\/503699034_17982872714839807_6176530549750510117_n.jpg\" alt=\"\u26a1\ufe0fTarik \u00dcnal sprintet sich ins Rampenlicht! \ud83d\udd25\n\nBei den Nordrhein-Meisterschaften 2025 in Duisburg zeigte unser M14-Athlet Tarik \u00dcnal ein echtes Ausrufezeichen:\n3 L\u00e4ufe, 1 Tag, 36 Grad \u2013 und ein starker 4. Platz im Finale! \ud83d\udcaa\u2600\ufe0f\n\n\ud83c\udfc1 100m-Vorlauf: PB auf 12,00 Sek. gedr\u00fcckt \u2013 mega Einstieg!\n\ud83c\udfc1 Zwischenlauf: 12,25 Sek. \u2013 cool geblieben &amp; sicher f\u00fcrs Finale qualifiziert.\n\ud83c\udfc1 Finale: 12,21 Sek. &amp; Platz 4 bei seiner allerersten Landesmeisterschaft \u2013 stark! \ud83c\udfc5\n\n\ud83d\udcac Trainer Ralf setzt bewusst auf langsamen, gesunden Aufbau \u2013 denn: Tarik trainiert aktuell nur 2x pro Woche und steht dennoch ganz vorne mit dabei. \ud83d\udc4f\n\n\ud83e\uddca Wermutstropfen: Im Winter stehen nur 25 m Kunststoffbahn zur Verf\u00fcgung\u2026\n\u27a1\ufe0f Mehr Infrastruktur = mehr Potenzial. Eine Kaltlufthalle in Wuppertal w\u00e4re ein echter Gamechanger!\n\n\ud83d\udc49 Fazit: Tarik hat nicht nur Speed, sondern auch Herz, Fokus &amp; Perspektive.\nWir sind gespannt auf alles, was da noch kommt! \ud83d\ude80\n\n#PSVWuppertal #NordrheinMeisterschaften2025 #SprintTalent #LeichtathletikLiebe #Zukunftl\u00e4uft #WuppertalBewegtSich #MehrF\u00fcrDenSport #KaltlufthalleJetzt #ehrenamt #psvwuppertalleichtathletik\"\/><div class=\"swiper-lazy-preloader swiper-lazy-preloader-white\"><\/div><\/div>\n\t\t\t\t\t<div class=\"details-wrapper\">\n\t\t\t\t\t<div class=\"wpz-insta-header\">\n\t\t\t\t\t\t<div class=\"wpz-insta-avatar\">\n\t\t\t\t\t\t\t<img loading=\"lazy\" loading=\"lazy\" decoding=\"async\" src=\"https:\/\/www.psv-wuppertal-leichtathletik.de\/wp-content\/uploads\/2025\/06\/311629697_1518541368580916_8865808881464703002_n-150x150.jpg\" alt=\"@psv_wuppertal_leichtathletik\" width=\"42\" height=\"42\"\/>\n\t\t\t\t\t\t<\/div>\n\t\t\t\t\t\t<div class=\"wpz-insta-buttons\">\n\t\t\t\t\t\t\t<div class=\"wpz-insta-username\">\n\t\t\t\t\t\t\t\t<a rel=\"noopener\" target=\"_blank\" href=\"https:\/\/instagram.com\/psv_wuppertal_leichtathletik\">@psv_wuppertal_leichtathletik<\/a>\n\t\t\t\t\t\t\t<\/div>\n\t\t\t\t\t\t\t<div>&bull;<\/div>\n\t\t\t\t\t\t\t<div class=\"wpz-insta-follow\">\n\t\t\t\t\t\t\t\t<a target=\"_blank\" rel=\"noopener\"\n\t\t\t\t\t\t\t\thref=\"https:\/\/instagram.com\/psv_wuppertal_leichtathletik?ref=badge\">\n\t\t\t\t\t\t\t\t\tFollow\n\t\t\t\t\t\t\t\t<\/a>\n\t\t\t\t\t\t\t<\/div>\n\t\t\t\t\t\t<\/div>\n\t\t\t\t\t<\/div><div class=\"wpz-insta-caption\">\u26a1\ufe0fTarik \u00dcnal sprintet sich ins Rampenlicht! \ud83d\udd25\n\nBei den Nordrhein-Meisterschaften 2025 in Duisburg zeigte unser M14-Athlet Tarik \u00dcnal ein echtes Ausrufezeichen:\n3 L\u00e4ufe, 1 Tag, 36 Grad \u2013 und ein starker 4. Platz im Finale! \ud83d\udcaa\u2600\ufe0f\n\n\ud83c\udfc1 100m-Vorlauf: PB auf 12,00 Sek. gedr\u00fcckt \u2013 mega Einstieg!\n\ud83c\udfc1 Zwischenlauf: 12,25 Sek. \u2013 cool geblieben &amp; sicher f\u00fcrs Finale qualifiziert.\n\ud83c\udfc1 Finale: 12,21 Sek. &amp; Platz 4 bei seiner allerersten Landesmeisterschaft \u2013 stark! \ud83c\udfc5\n\n\ud83d\udcac Trainer Ralf setzt bewusst auf langsamen, gesunden Aufbau \u2013 denn: Tarik trainiert aktuell nur 2x pro Woche und steht dennoch ganz vorne mit dabei. \ud83d\udc4f\n\n\ud83e\uddca Wermutstropfen: Im Winter stehen nur 25 m Kunststoffbahn zur Verf\u00fcgung\u2026\n\u27a1\ufe0f Mehr Infrastruktur = mehr Potenzial. Eine Kaltlufthalle in Wuppertal w\u00e4re ein echter Gamechanger!\n\n\ud83d\udc49 Fazit: Tarik hat nicht nur Speed, sondern auch Herz, Fokus &amp; Perspektive.\nWir sind gespannt auf alles, was da noch kommt! \ud83d\ude80\n\n#PSVWuppertal #NordrheinMeisterschaften2025 #SprintTalent #LeichtathletikLiebe #Zukunftl\u00e4uft #WuppertalBewegtSich #MehrF\u00fcrDenSport #KaltlufthalleJetzt #ehrenamt #psvwuppertalleichtathletik<\/div><div class=\"wpz-insta-date\">10\u00a0Monaten ago<\/div><div class=\"view-post\">\n\t\t\t\t\t<a href=\"https:\/\/www.instagram.com\/p\/DLPVarpt40h\/\" target=\"_blank\" rel=\"noopener\"><span class=\"dashicons dashicons-instagram\"><\/span>View on Instagram<\/a>\n\t\t\t\t\t<span class=\"delimiter\">|<\/span>\n\t\t\t\t\t<div class=\"wpz-insta-pagination\">4\/6<\/div>\n\t\t\t\t\t<\/div><\/div><\/div><\/div><div data-uid=\"18057727739019985\" class=\"swiper-slide wpz-insta-lightbox-item\"><div class=\"wpz-insta-lightbox\"><div class=\"image-wrapper\"><img class=\"wpzoom-swiper-image swiper-lazy\" data-src=\"https:\/\/www.psv-wuppertal-leichtathletik.de\/wp-content\/uploads\/2025\/06\/503939663_17982598718839807_6313133696954821570_n.jpg\" alt=\"\ud83c\udfc6 VON 0 AUF SIEG! \u2013 Unsere \u201eGrash\u00fcpfer\u201c rocken Solingen! \ud83d\udc38\ud83d\udd25\n\nBeim 21. Kinderleichtathletik-Sportfest des SLC Solingen am 01. Februar gingen unsere U8- und U10-Teams an den Start \u2013 und das mit ganz gro\u00dfem Kino! \ud83c\udfac\ud83d\udc99\n\n\ud83d\udfe2 U8 \u2013 \u201ePSV-Grash\u00fcpfer\u201c:\nNoch fast ganz neu im Team, Ziel war: nicht Letzter werden\u2026 und dann DAS:\n\ud83e\udd47 1. Platz \u2013 mit Power, Teamgeist und einer Biathlonstaffel zum Staunen!\n\ud83d\udca5 Platz 1 im Medizinballsto\u00df \u2714\n\ud83d\udca5 Platz 1 im Hindernissprint \u2714\n\ud83d\udca5 Nur 3 Fehlsch\u00fcsse im Biathlon \u2714\n\u27a1\ufe0f Vom Neuling zum Turniersieger \u2013 was f\u00fcr eine Geschichte! \ud83e\udd2f\ud83d\udc4f\n\n\ud83d\udd35 U10 \u2013 \u201eGrash\u00fcpfer\u201c &amp; \u201eBlaulichter\u201c:\nStarke Leistung der U10-Grash\u00fcpfer mit Platz 9 \u2013\nund dann kamen die \u201eBlaulichter\u201c:\n\ud83e\udd47 Platz 1 in der U10 \u2013 Doppelsieg f\u00fcr den PSV! \ud83c\udfc6\ud83c\udfc6\n\n\ud83d\udc49 Fazit: Zwei Teams, zwei Altersklassen, zwei Mal Platz 1 \u2013 PSV-Power pur!\nEin Riesen-Dank an alle Trainerinnen, Helferinnen &amp; Eltern f\u00fcr die Unterst\u00fctzung. \ud83d\udc99\n\n#PSVWuppertal #Grash\u00fcpferPower #U8Champions #U10Gewinner #Kinderleichtathletik #TeamPSV #SolingenErobert #Vereinsliebe #BiathlonWunder #JungUndStark #WettkampfDeb\u00fct #Doppelsieg #psvwuppertalleichtathletik #ehrenamt #wuppertal #solingerleichtathletikclub\"\/><div class=\"swiper-lazy-preloader swiper-lazy-preloader-white\"><\/div><\/div>\n\t\t\t\t\t<div class=\"details-wrapper\">\n\t\t\t\t\t<div class=\"wpz-insta-header\">\n\t\t\t\t\t\t<div class=\"wpz-insta-avatar\">\n\t\t\t\t\t\t\t<img loading=\"lazy\" loading=\"lazy\" decoding=\"async\" src=\"https:\/\/www.psv-wuppertal-leichtathletik.de\/wp-content\/uploads\/2025\/06\/311629697_1518541368580916_8865808881464703002_n-150x150.jpg\" alt=\"@psv_wuppertal_leichtathletik\" width=\"42\" height=\"42\"\/>\n\t\t\t\t\t\t<\/div>\n\t\t\t\t\t\t<div class=\"wpz-insta-buttons\">\n\t\t\t\t\t\t\t<div class=\"wpz-insta-username\">\n\t\t\t\t\t\t\t\t<a rel=\"noopener\" target=\"_blank\" href=\"https:\/\/instagram.com\/psv_wuppertal_leichtathletik\">@psv_wuppertal_leichtathletik<\/a>\n\t\t\t\t\t\t\t<\/div>\n\t\t\t\t\t\t\t<div>&bull;<\/div>\n\t\t\t\t\t\t\t<div class=\"wpz-insta-follow\">\n\t\t\t\t\t\t\t\t<a target=\"_blank\" rel=\"noopener\"\n\t\t\t\t\t\t\t\thref=\"https:\/\/instagram.com\/psv_wuppertal_leichtathletik?ref=badge\">\n\t\t\t\t\t\t\t\t\tFollow\n\t\t\t\t\t\t\t\t<\/a>\n\t\t\t\t\t\t\t<\/div>\n\t\t\t\t\t\t<\/div>\n\t\t\t\t\t<\/div><div class=\"wpz-insta-caption\">\ud83c\udfc6 VON 0 AUF SIEG! \u2013 Unsere \u201eGrash\u00fcpfer\u201c rocken Solingen! \ud83d\udc38\ud83d\udd25\n\nBeim 21. Kinderleichtathletik-Sportfest des SLC Solingen am 01. Februar gingen unsere U8- und U10-Teams an den Start \u2013 und das mit ganz gro\u00dfem Kino! \ud83c\udfac\ud83d\udc99\n\n\ud83d\udfe2 U8 \u2013 \u201ePSV-Grash\u00fcpfer\u201c:\nNoch fast ganz neu im Team, Ziel war: nicht Letzter werden\u2026 und dann DAS:\n\ud83e\udd47 1. Platz \u2013 mit Power, Teamgeist und einer Biathlonstaffel zum Staunen!\n\ud83d\udca5 Platz 1 im Medizinballsto\u00df \u2714\n\ud83d\udca5 Platz 1 im Hindernissprint \u2714\n\ud83d\udca5 Nur 3 Fehlsch\u00fcsse im Biathlon \u2714\n\u27a1\ufe0f Vom Neuling zum Turniersieger \u2013 was f\u00fcr eine Geschichte! \ud83e\udd2f\ud83d\udc4f\n\n\ud83d\udd35 U10 \u2013 \u201eGrash\u00fcpfer\u201c &amp; \u201eBlaulichter\u201c:\nStarke Leistung der U10-Grash\u00fcpfer mit Platz 9 \u2013\nund dann kamen die \u201eBlaulichter\u201c:\n\ud83e\udd47 Platz 1 in der U10 \u2013 Doppelsieg f\u00fcr den PSV! \ud83c\udfc6\ud83c\udfc6\n\n\ud83d\udc49 Fazit: Zwei Teams, zwei Altersklassen, zwei Mal Platz 1 \u2013 PSV-Power pur!\nEin Riesen-Dank an alle Trainerinnen, Helferinnen &amp; Eltern f\u00fcr die Unterst\u00fctzung. \ud83d\udc99\n\n#PSVWuppertal #Grash\u00fcpferPower #U8Champions #U10Gewinner #Kinderleichtathletik #TeamPSV #SolingenErobert #Vereinsliebe #BiathlonWunder #JungUndStark #WettkampfDeb\u00fct #Doppelsieg #psvwuppertalleichtathletik #ehrenamt #wuppertal #solingerleichtathletikclub<\/div><div class=\"wpz-insta-date\">10\u00a0Monaten ago<\/div><div class=\"view-post\">\n\t\t\t\t\t<a href=\"https:\/\/www.instagram.com\/p\/DLKc-A1tEVX\/\" target=\"_blank\" rel=\"noopener\"><span class=\"dashicons dashicons-instagram\"><\/span>View on Instagram<\/a>\n\t\t\t\t\t<span class=\"delimiter\">|<\/span>\n\t\t\t\t\t<div class=\"wpz-insta-pagination\">5\/6<\/div>\n\t\t\t\t\t<\/div><\/div><\/div><\/div><div data-uid=\"18075276394913560\" class=\"swiper-slide wpz-insta-lightbox-item\"><div class=\"wpz-insta-lightbox\"><div class=\"image-wrapper\"><img class=\"wpzoom-swiper-image swiper-lazy\" data-src=\"https:\/\/www.psv-wuppertal-leichtathletik.de\/wp-content\/uploads\/2025\/06\/509591521_17982598619839807_3574380035072918052_n.jpg\" alt=\"\ud83d\udea8 Vereinsrekord-Alarm! \ud83d\udea8\n\nClara (Jg. 2014) stellte sich der Herausforderung \u2013 und wie! \ud83d\udcaa\nEine Altersklasse h\u00f6her (W12) angetreten, ging sie beim Kugelsto\u00dfen und Speerwurf mutig an den Start \u2013 mit Zielen, die Geschichte schreiben. \ud83c\udfc6\n\n\ud83e\udd47 Kugelsto\u00dfen:\nZiel war der Vereinsrekord aus dem Jahr 1981 (!) \u2013 6,97 m.\nClara schleuderte die Kugel auf 7,10 m, holte sich Platz 1 UND den neuen Vereinsrekord! \ud83d\udd25\nDas Wintertraining zahlt sich aus!\n\n\ud83e\udd48 Speerwurf:\nErst zwei Trainingseinheiten \u2013 und trotzdem ein Volltreffer:\n16,22 m, Platz 2 und erneut Vereinsrekord in ihrer eigentlichen Altersklasse! \ud83c\udfaf\nMit mehr Konstanz ist der 20-Meter-Wurf nur noch eine Frage der Zeit.\n\n\ud83d\udc49 Zwei Starts, zwei Rekorde \u2013 und ganz viel Potenzial!\nClara, das war richtig stark! \ud83d\udc99\ud83d\udca5\n\n#PSVWuppertal #psvwuppertalleichtathletik #ehrenamt #wuppertal #Vereinsrekord #Kugelsto\u00dfen #Speerwurf #WurfPower #Nachwuchstalent #LeichtathletikLiebe #TeamPSV #WuppertalBewegtSich #Rekordj\u00e4gerin\"\/><div class=\"swiper-lazy-preloader swiper-lazy-preloader-white\"><\/div><\/div>\n\t\t\t\t\t<div class=\"details-wrapper\">\n\t\t\t\t\t<div class=\"wpz-insta-header\">\n\t\t\t\t\t\t<div class=\"wpz-insta-avatar\">\n\t\t\t\t\t\t\t<img loading=\"lazy\" loading=\"lazy\" decoding=\"async\" src=\"https:\/\/www.psv-wuppertal-leichtathletik.de\/wp-content\/uploads\/2025\/06\/311629697_1518541368580916_8865808881464703002_n-150x150.jpg\" alt=\"@psv_wuppertal_leichtathletik\" width=\"42\" height=\"42\"\/>\n\t\t\t\t\t\t<\/div>\n\t\t\t\t\t\t<div class=\"wpz-insta-buttons\">\n\t\t\t\t\t\t\t<div class=\"wpz-insta-username\">\n\t\t\t\t\t\t\t\t<a rel=\"noopener\" target=\"_blank\" href=\"https:\/\/instagram.com\/psv_wuppertal_leichtathletik\">@psv_wuppertal_leichtathletik<\/a>\n\t\t\t\t\t\t\t<\/div>\n\t\t\t\t\t\t\t<div>&bull;<\/div>\n\t\t\t\t\t\t\t<div class=\"wpz-insta-follow\">\n\t\t\t\t\t\t\t\t<a target=\"_blank\" rel=\"noopener\"\n\t\t\t\t\t\t\t\thref=\"https:\/\/instagram.com\/psv_wuppertal_leichtathletik?ref=badge\">\n\t\t\t\t\t\t\t\t\tFollow\n\t\t\t\t\t\t\t\t<\/a>\n\t\t\t\t\t\t\t<\/div>\n\t\t\t\t\t\t<\/div>\n\t\t\t\t\t<\/div><div class=\"wpz-insta-caption\">\ud83d\udea8 Vereinsrekord-Alarm! \ud83d\udea8\n\nClara (Jg. 2014) stellte sich der Herausforderung \u2013 und wie! \ud83d\udcaa\nEine Altersklasse h\u00f6her (W12) angetreten, ging sie beim Kugelsto\u00dfen und Speerwurf mutig an den Start \u2013 mit Zielen, die Geschichte schreiben. \ud83c\udfc6\n\n\ud83e\udd47 Kugelsto\u00dfen:\nZiel war der Vereinsrekord aus dem Jahr 1981 (!) \u2013 6,97 m.\nClara schleuderte die Kugel auf 7,10 m, holte sich Platz 1 UND den neuen Vereinsrekord! \ud83d\udd25\nDas Wintertraining zahlt sich aus!\n\n\ud83e\udd48 Speerwurf:\nErst zwei Trainingseinheiten \u2013 und trotzdem ein Volltreffer:\n16,22 m, Platz 2 und erneut Vereinsrekord in ihrer eigentlichen Altersklasse! \ud83c\udfaf\nMit mehr Konstanz ist der 20-Meter-Wurf nur noch eine Frage der Zeit.\n\n\ud83d\udc49 Zwei Starts, zwei Rekorde \u2013 und ganz viel Potenzial!\nClara, das war richtig stark! \ud83d\udc99\ud83d\udca5\n\n#PSVWuppertal #psvwuppertalleichtathletik #ehrenamt #wuppertal #Vereinsrekord #Kugelsto\u00dfen #Speerwurf #WurfPower #Nachwuchstalent #LeichtathletikLiebe #TeamPSV #WuppertalBewegtSich #Rekordj\u00e4gerin<\/div><div class=\"wpz-insta-date\">10\u00a0Monaten ago<\/div><div class=\"view-post\">\n\t\t\t\t\t<a href=\"https:\/\/www.instagram.com\/p\/DLKPMQhtkkW\/\" target=\"_blank\" rel=\"noopener\"><span class=\"dashicons dashicons-instagram\"><\/span>View on Instagram<\/a>\n\t\t\t\t\t<span class=\"delimiter\">|<\/span>\n\t\t\t\t\t<div class=\"wpz-insta-pagination\">6\/6<\/div>\n\t\t\t\t\t<\/div><\/div><\/div><\/div><\/div><div class=\"swiper-button-prev\"><\/div><div class=\"swiper-button-next\"><\/div><\/div><\/div><\/div>[\/et_pb_code][\/et_pb_column][\/et_pb_row][\/et_pb_section]<\/p>\n","protected":false},"excerpt":{"rendered":"<p>PSV Wuppertal 1921 e.V. \/ Abteilung LeichtathletikNewsblogNewsblogNews, Wissenswertes &amp; erfolge<style type=\"text\/css\">.zoom-instagram.feed-4937{font-size:14px!important;padding:1px!important;}.zoom-instagram.feed-4937 .zoom-instagram-widget__items{display:grid!important;grid-template-columns:repeat(3,1fr);}.zoom-instagram.feed-4937 .zoom-instagram-widget__items{gap:10px!important;}<\/style>\n<div class=\"zoom-instagram feed-4937 layout-grid columns-3 with-lightbox spacing-10 perpage-3\"><header class=\"zoom-instagram-widget__header\"><div class=\"zoom-instagram-widget__header-column-left\"><img decoding=\"async\" src=\"https:\/\/www.psv-wuppertal-leichtathletik.de\/wp-content\/uploads\/2025\/06\/311629697_1518541368580916_8865808881464703002_n-150x150.jpg\" alt=\"@psv_wuppertal_leichtathletik\" width=\"70\" \/><\/div><div class=\"zoom-instagram-widget__header-column-right\"><h5 class=\"zoom-instagram-widget__header-name\">PSV Wuppertal Abt. Leichtathletik<\/h5><p class=\"zoom-instagram-widget__header-user\"><a href=\"https:\/\/www.instagram.com\/psv_wuppertal_leichtathletik\" target=\"_blank\" rel=\"nofollow\">@psv_wuppertal_leichtathletik<\/a><\/p><div class=\"zoom-instagram-widget__header-bio\">Eine Abteilung des PSV Wuppertal 1921 e.V. Abteilung Leichtathletik<\/div><\/div><\/header><div class=\"zoom-instagram-widget__items-wrapper\"><ul class=\"zoom-instagram-widget__items zoom-instagram-widget__items--no-js layout-grid\" data-layout=\"grid\" data-lightbox=\"1\" data-spacing=\"10\" data-perpage=\"3\"><li class=\"zoom-instagram-widget__item media-icons-normal media-icons-hover\" data-media-type=\"video\"><div class=\"zoom-instagram-widget__item-inner-wrap\"><img fetchpriority=\"high\" class=\"zoom-instagram-link zoom-instagram-link-new\"  data-src=\"https:\/\/www.psv-wuppertal-leichtathletik.de\/wp-content\/uploads\/2022\/10\/604043499_3260388694139032_6669597838019129000_n-361x640.jpg\" data-mfp-src=\"18099057238661520\" width=\"361\" height=\"640\" alt=\"\" \/><div class=\"hover-layout zoom-instagram-widget__overlay zoom-instagram-widget__black small\"><svg class=\"svg-icon\" shape-rendering=\"geometricPrecision\"><use xlink:href=\"https:\/\/www.psv-wuppertal-leichtathletik.de\/wp-content\/plugins\/instagram-widget-by-wpzoom\/dist\/images\/frontend\/wpzoom-instagram-icons.svg#video\"><\/use><\/svg><div class=\"zoom-instagram-icon-wrap\"><a class=\"zoom-svg-instagram-stroke\" href=\"https:\/\/www.instagram.com\/reel\/DSpKzTKiOS6\/\" rel=\"noopener nofollow\" target=\"_blank\" title=\"\"><\/a><\/div><a class=\"zoom-instagram-link\" data-src=\"https:\/\/www.psv-wuppertal-leichtathletik.de\/wp-content\/uploads\/2022\/10\/604043499_3260388694139032_6669597838019129000_n-361x640.jpg\" data-mfp-src=\"18099057238661520\" href=\"https:\/\/www.instagram.com\/reel\/DSpKzTKiOS6\/\" target=\"_blank\" rel=\"noopener nofollow\" title=\"\"><\/a><\/div><\/div><\/li><li class=\"zoom-instagram-widget__item media-icons-normal media-icons-hover\" data-media-type=\"video\"><div class=\"zoom-instagram-widget__item-inner-wrap\"><img class=\"zoom-instagram-link zoom-instagram-link-new\"  data-src=\"https:\/\/www.psv-wuppertal-leichtathletik.de\/wp-content\/uploads\/2022\/10\/551144000_1312501197287793_852634444670714854_n-361x640.jpg\" data-mfp-src=\"18080131061491475\" width=\"361\" height=\"640\" alt=\"Es geht doch nichts \u00fcber ein spontanes Bild. \ud83d\udcf8\n\nBei so vielen erfolgreichen Ergebnissen am heutigen Tage strahlt der PSV Wuppertal mit seinem Team. \u2728\nModeriert von @jan.fitschen beim @svbayerwuppertal \u2013 dem 58. Wuppertaler Volkslauf! \ud83c\udfc3\u200d\u2642\ufe0f\ud83c\udf89\n\nPerfekt organisiert, bei traumhaftem Wetter \u2013 ein echtes Highlight f\u00fcr alle L\u00e4uferinnen und L\u00e4ufer. \u2600\ufe0f\ud83d\udcaa\n\n#laufenmachtgl\u00fccklich #laufmotivation #runnershigh #laufliebe #runhappy #instarunners #laufmomente #volkslauf #wettkampf #runningevent #runforfun #personalbest #wuppertal #psvwuppertal #svbayerwuppertal #bergischesland #nrwl\u00e4uft #laufwetter #sportfreude #teamspirit #svbayerwuppertal #volkslauf #volkslaufwuppertal #janfitschen #teamgeist #ehrenamt #wirsindwuppertal #wuppertalaktiv\" \/><div class=\"hover-layout zoom-instagram-widget__overlay zoom-instagram-widget__black small\"><svg class=\"svg-icon\" shape-rendering=\"geometricPrecision\"><use xlink:href=\"https:\/\/www.psv-wuppertal-leichtathletik.de\/wp-content\/plugins\/instagram-widget-by-wpzoom\/dist\/images\/frontend\/wpzoom-instagram-icons.svg#video\"><\/use><\/svg><div class=\"zoom-instagram-icon-wrap\"><a class=\"zoom-svg-instagram-stroke\" href=\"https:\/\/www.instagram.com\/reel\/DO025oJCKNf\/\" rel=\"noopener nofollow\" target=\"_blank\" title=\"Es geht doch nichts \u00fcber ein spontanes Bild. \ud83d\udcf8\n\nBei so vielen erfolgreichen Ergebnissen am heutigen Tage strahlt der PSV Wuppertal mit seinem Team. \u2728\nModeriert von @jan.fitschen beim @svbayerwuppertal \u2013 dem 58. Wuppertaler Volkslauf! \ud83c\udfc3\u200d\u2642\ufe0f\ud83c\udf89\n\nPerfekt organisiert, bei traumhaftem Wetter \u2013 ein echtes Highlight f\u00fcr alle L\u00e4uferinnen und L\u00e4ufer. \u2600\ufe0f\ud83d\udcaa\n\n#laufenmachtgl\u00fccklich #laufmotivation #runnershigh #laufliebe #runhappy #instarunners #laufmomente #volkslauf #wettkampf #runningevent #runforfun #personalbest #wuppertal #psvwuppertal #svbayerwuppertal #bergischesland #nrwl\u00e4uft #laufwetter #sportfreude #teamspirit #svbayerwuppertal #volkslauf #volkslaufwuppertal #janfitschen #teamgeist #ehrenamt #wirsindwuppertal #wuppertalaktiv\"><\/a><\/div><a class=\"zoom-instagram-link\" data-src=\"https:\/\/www.psv-wuppertal-leichtathletik.de\/wp-content\/uploads\/2022\/10\/551144000_1312501197287793_852634444670714854_n-361x640.jpg\" data-mfp-src=\"18080131061491475\" href=\"https:\/\/www.instagram.com\/reel\/DO025oJCKNf\/\" target=\"_blank\" rel=\"noopener nofollow\" title=\"Es geht doch nichts \u00fcber ein spontanes Bild. \ud83d\udcf8\n\nBei so vielen erfolgreichen Ergebnissen am heutigen Tage strahlt der PSV Wuppertal mit seinem Team. \u2728\nModeriert von @jan.fitschen beim @svbayerwuppertal \u2013 dem 58. Wuppertaler Volkslauf! \ud83c\udfc3\u200d\u2642\ufe0f\ud83c\udf89\n\nPerfekt organisiert, bei traumhaftem Wetter \u2013 ein echtes Highlight f\u00fcr alle L\u00e4uferinnen und L\u00e4ufer. \u2600\ufe0f\ud83d\udcaa\n\n#laufenmachtgl\u00fccklich #laufmotivation #runnershigh #laufliebe #runhappy #instarunners #laufmomente #volkslauf #wettkampf #runningevent #runforfun #personalbest #wuppertal #psvwuppertal #svbayerwuppertal #bergischesland #nrwl\u00e4uft #laufwetter #sportfreude #teamspirit #svbayerwuppertal #volkslauf #volkslaufwuppertal #janfitschen #teamgeist #ehrenamt #wirsindwuppertal #wuppertalaktiv\"><\/a><\/div><\/div><\/li><li class=\"zoom-instagram-widget__item media-icons-normal media-icons-hover\" data-media-type=\"image\"><div class=\"zoom-instagram-widget__item-inner-wrap\"><img class=\"zoom-instagram-link zoom-instagram-link-new\"  data-src=\"https:\/\/www.psv-wuppertal-leichtathletik.de\/wp-content\/uploads\/2015\/09\/513820321_17983436432839807_17176459855191158_n-640x640.jpg\" data-mfp-src=\"18255989575303617\" width=\"640\" height=\"640\" alt=\"\ud83c\udfc3\u200d\u2640\ufe0f\ud83c\udfc3\u200d\u2642\ufe0f Regionsmeisterschaften Remscheid 2025 \ud83c\udfc6\n\ud83d\udcc5 28. Juni | \ud83d\udccd Remscheid \n\n3x800m \u2013 U14 Zeitl\u00e4ufe\nEin erfolgreicher Tag f\u00fcr den PSV Wuppertal bei den Regionsmeisterschaften in Remscheid!\n\n\ud83d\udc99 Weibliche Jugend U14 \u2013 REGIONS V I Z E MEISTER!\nJana Stanic (2012), Sophia van Look (2013) und Neele Johanna Leven (2013) liefen mit 8:20,30 min als Zweite durchs Ziel \u2013 und sichern sich damit den 2. Platz in der Regionswertung, hinter OSC Waldniel (au\u00dfer Konkurrenz) und vor der LG Remscheid.\n\ud83e\udd47 WJU14 | 2.\/I\n\n\ud83d\udd25 M\u00e4nnliche Jugend U14 \u2013 STARKER 3. PLATZ!\nAuch unsere Jungs zeigten eine tolle Teamleistung!\nOskar Bleidi\u00dfel (2013), Jona Schwedler (2014) und Jonathan Kaufmann (2013) liefen mit 8:22,77 min auf einen verdienten 3. Platz in der Regionswertung.\n\ud83e\udd49 MJU14 | 3.\/I\n\nEin rundum erfolgreicher Wettkampftag f\u00fcr unseren Nachwuchs \u2013 weiter so! \ud83d\udcaa\n#PSVWuppertal #Leichtathletik #Regionsmeisterschaft #3x800m #U14 #Remscheid2025 #Teamwork #Nachwuchsleistung #WJU14 #MJU14 #StolzAufEuch\n#psvwuppertalleichtathletik\" \/><div class=\"hover-layout zoom-instagram-widget__overlay zoom-instagram-widget__black small\"><div class=\"zoom-instagram-icon-wrap\"><a class=\"zoom-svg-instagram-stroke\" href=\"https:\/\/www.instagram.com\/p\/DLc79vytJzU\/\" rel=\"noopener nofollow\" target=\"_blank\" title=\"\ud83c\udfc3\u200d\u2640\ufe0f\ud83c\udfc3\u200d\u2642\ufe0f Regionsmeisterschaften Remscheid 2025 \ud83c\udfc6\n\ud83d\udcc5 28. Juni | \ud83d\udccd Remscheid \n\n3x800m \u2013 U14 Zeitl\u00e4ufe\nEin erfolgreicher Tag f\u00fcr den PSV Wuppertal bei den Regionsmeisterschaften in Remscheid!\n\n\ud83d\udc99 Weibliche Jugend U14 \u2013 REGIONS V I Z E MEISTER!\nJana Stanic (2012), Sophia van Look (2013) und Neele Johanna Leven (2013) liefen mit 8:20,30 min als Zweite durchs Ziel \u2013 und sichern sich damit den 2. Platz in der Regionswertung, hinter OSC Waldniel (au\u00dfer Konkurrenz) und vor der LG Remscheid.\n\ud83e\udd47 WJU14 | 2.\/I\n\n\ud83d\udd25 M\u00e4nnliche Jugend U14 \u2013 STARKER 3. PLATZ!\nAuch unsere Jungs zeigten eine tolle Teamleistung!\nOskar Bleidi\u00dfel (2013), Jona Schwedler (2014) und Jonathan Kaufmann (2013) liefen mit 8:22,77 min auf einen verdienten 3. Platz in der Regionswertung.\n\ud83e\udd49 MJU14 | 3.\/I\n\nEin rundum erfolgreicher Wettkampftag f\u00fcr unseren Nachwuchs \u2013 weiter so! \ud83d\udcaa\n#PSVWuppertal #Leichtathletik #Regionsmeisterschaft #3x800m #U14 #Remscheid2025 #Teamwork #Nachwuchsleistung #WJU14 #MJU14 #StolzAufEuch\n#psvwuppertalleichtathletik\"><\/a><\/div><a class=\"zoom-instagram-link\" data-src=\"https:\/\/www.psv-wuppertal-leichtathletik.de\/wp-content\/uploads\/2015\/09\/513820321_17983436432839807_17176459855191158_n-640x640.jpg\" data-mfp-src=\"18255989575303617\" href=\"https:\/\/www.instagram.com\/p\/DLc79vytJzU\/\" target=\"_blank\" rel=\"noopener nofollow\" title=\"\ud83c\udfc3\u200d\u2640\ufe0f\ud83c\udfc3\u200d\u2642\ufe0f Regionsmeisterschaften Remscheid 2025 \ud83c\udfc6\n\ud83d\udcc5 28. Juni | \ud83d\udccd Remscheid \n\n3x800m \u2013 U14 Zeitl\u00e4ufe\nEin erfolgreicher Tag f\u00fcr den PSV Wuppertal bei den Regionsmeisterschaften in Remscheid!\n\n\ud83d\udc99 Weibliche Jugend U14 \u2013 REGIONS V I Z E MEISTER!\nJana Stanic (2012), Sophia van Look (2013) und Neele Johanna Leven (2013) liefen mit 8:20,30 min als Zweite durchs Ziel \u2013 und sichern sich damit den 2. Platz in der Regionswertung, hinter OSC Waldniel (au\u00dfer Konkurrenz) und vor der LG Remscheid.\n\ud83e\udd47 WJU14 | 2.\/I\n\n\ud83d\udd25 M\u00e4nnliche Jugend U14 \u2013 STARKER 3. PLATZ!\nAuch unsere Jungs zeigten eine tolle Teamleistung!\nOskar Bleidi\u00dfel (2013), Jona Schwedler (2014) und Jonathan Kaufmann (2013) liefen mit 8:22,77 min auf einen verdienten 3. Platz in der Regionswertung.\n\ud83e\udd49 MJU14 | 3.\/I\n\nEin rundum erfolgreicher Wettkampftag f\u00fcr unseren Nachwuchs \u2013 weiter so! \ud83d\udcaa\n#PSVWuppertal #Leichtathletik #Regionsmeisterschaft #3x800m #U14 #Remscheid2025 #Teamwork #Nachwuchsleistung #WJU14 #MJU14 #StolzAufEuch\n#psvwuppertalleichtathletik\"><\/a><\/div><\/div><\/li><li class=\"zoom-instagram-widget__item media-icons-normal media-icons-hover\" data-media-type=\"image\"><div class=\"zoom-instagram-widget__item-inner-wrap\"><img loading=\"lazy\" class=\"zoom-instagram-link zoom-instagram-link-new\"  data-src=\"https:\/\/www.psv-wuppertal-leichtathletik.de\/wp-content\/uploads\/2011\/04\/503699034_17982872714839807_6176530549750510117_n-640x640.jpg\" data-mfp-src=\"18284047210280045\" width=\"640\" height=\"640\" alt=\"\u26a1\ufe0fTarik \u00dcnal sprintet sich ins Rampenlicht! \ud83d\udd25\n\nBei den Nordrhein-Meisterschaften 2025 in Duisburg zeigte unser M14-Athlet Tarik \u00dcnal ein echtes Ausrufezeichen:\n3 L\u00e4ufe, 1 Tag, 36 Grad \u2013 und ein starker 4. Platz im Finale! \ud83d\udcaa\u2600\ufe0f\n\n\ud83c\udfc1 100m-Vorlauf: PB auf 12,00 Sek. gedr\u00fcckt \u2013 mega Einstieg!\n\ud83c\udfc1 Zwischenlauf: 12,25 Sek. \u2013 cool geblieben &amp; sicher f\u00fcrs Finale qualifiziert.\n\ud83c\udfc1 Finale: 12,21 Sek. &amp; Platz 4 bei seiner allerersten Landesmeisterschaft \u2013 stark! \ud83c\udfc5\n\n\ud83d\udcac Trainer Ralf setzt bewusst auf langsamen, gesunden Aufbau \u2013 denn: Tarik trainiert aktuell nur 2x pro Woche und steht dennoch ganz vorne mit dabei. \ud83d\udc4f\n\n\ud83e\uddca Wermutstropfen: Im Winter stehen nur 25 m Kunststoffbahn zur Verf\u00fcgung\u2026\n\u27a1\ufe0f Mehr Infrastruktur = mehr Potenzial. Eine Kaltlufthalle in Wuppertal w\u00e4re ein echter Gamechanger!\n\n\ud83d\udc49 Fazit: Tarik hat nicht nur Speed, sondern auch Herz, Fokus &amp; Perspektive.\nWir sind gespannt auf alles, was da noch kommt! \ud83d\ude80\n\n#PSVWuppertal #NordrheinMeisterschaften2025 #SprintTalent #LeichtathletikLiebe #Zukunftl\u00e4uft #WuppertalBewegtSich #MehrF\u00fcrDenSport #KaltlufthalleJetzt #ehrenamt #psvwuppertalleichtathletik\" \/><div class=\"hover-layout zoom-instagram-widget__overlay zoom-instagram-widget__black small\"><div class=\"zoom-instagram-icon-wrap\"><a class=\"zoom-svg-instagram-stroke\" href=\"https:\/\/www.instagram.com\/p\/DLPVarpt40h\/\" rel=\"noopener nofollow\" target=\"_blank\" title=\"\u26a1\ufe0fTarik \u00dcnal sprintet sich ins Rampenlicht! \ud83d\udd25\n\nBei den Nordrhein-Meisterschaften 2025 in Duisburg zeigte unser M14-Athlet Tarik \u00dcnal ein echtes Ausrufezeichen:\n3 L\u00e4ufe, 1 Tag, 36 Grad \u2013 und ein starker 4. Platz im Finale! \ud83d\udcaa\u2600\ufe0f\n\n\ud83c\udfc1 100m-Vorlauf: PB auf 12,00 Sek. gedr\u00fcckt \u2013 mega Einstieg!\n\ud83c\udfc1 Zwischenlauf: 12,25 Sek. \u2013 cool geblieben &amp; sicher f\u00fcrs Finale qualifiziert.\n\ud83c\udfc1 Finale: 12,21 Sek. &amp; Platz 4 bei seiner allerersten Landesmeisterschaft \u2013 stark! \ud83c\udfc5\n\n\ud83d\udcac Trainer Ralf setzt bewusst auf langsamen, gesunden Aufbau \u2013 denn: Tarik trainiert aktuell nur 2x pro Woche und steht dennoch ganz vorne mit dabei. \ud83d\udc4f\n\n\ud83e\uddca Wermutstropfen: Im Winter stehen nur 25 m Kunststoffbahn zur Verf\u00fcgung\u2026\n\u27a1\ufe0f Mehr Infrastruktur = mehr Potenzial. Eine Kaltlufthalle in Wuppertal w\u00e4re ein echter Gamechanger!\n\n\ud83d\udc49 Fazit: Tarik hat nicht nur Speed, sondern auch Herz, Fokus &amp; Perspektive.\nWir sind gespannt auf alles, was da noch kommt! \ud83d\ude80\n\n#PSVWuppertal #NordrheinMeisterschaften2025 #SprintTalent #LeichtathletikLiebe #Zukunftl\u00e4uft #WuppertalBewegtSich #MehrF\u00fcrDenSport #KaltlufthalleJetzt #ehrenamt #psvwuppertalleichtathletik\"><\/a><\/div><a class=\"zoom-instagram-link\" data-src=\"https:\/\/www.psv-wuppertal-leichtathletik.de\/wp-content\/uploads\/2011\/04\/503699034_17982872714839807_6176530549750510117_n-640x640.jpg\" data-mfp-src=\"18284047210280045\" href=\"https:\/\/www.instagram.com\/p\/DLPVarpt40h\/\" target=\"_blank\" rel=\"noopener nofollow\" title=\"\u26a1\ufe0fTarik \u00dcnal sprintet sich ins Rampenlicht! \ud83d\udd25\n\nBei den Nordrhein-Meisterschaften 2025 in Duisburg zeigte unser M14-Athlet Tarik \u00dcnal ein echtes Ausrufezeichen:\n3 L\u00e4ufe, 1 Tag, 36 Grad \u2013 und ein starker 4. Platz im Finale! \ud83d\udcaa\u2600\ufe0f\n\n\ud83c\udfc1 100m-Vorlauf: PB auf 12,00 Sek. gedr\u00fcckt \u2013 mega Einstieg!\n\ud83c\udfc1 Zwischenlauf: 12,25 Sek. \u2013 cool geblieben &amp; sicher f\u00fcrs Finale qualifiziert.\n\ud83c\udfc1 Finale: 12,21 Sek. &amp; Platz 4 bei seiner allerersten Landesmeisterschaft \u2013 stark! \ud83c\udfc5\n\n\ud83d\udcac Trainer Ralf setzt bewusst auf langsamen, gesunden Aufbau \u2013 denn: Tarik trainiert aktuell nur 2x pro Woche und steht dennoch ganz vorne mit dabei. \ud83d\udc4f\n\n\ud83e\uddca Wermutstropfen: Im Winter stehen nur 25 m Kunststoffbahn zur Verf\u00fcgung\u2026\n\u27a1\ufe0f Mehr Infrastruktur = mehr Potenzial. Eine Kaltlufthalle in Wuppertal w\u00e4re ein echter Gamechanger!\n\n\ud83d\udc49 Fazit: Tarik hat nicht nur Speed, sondern auch Herz, Fokus &amp; Perspektive.\nWir sind gespannt auf alles, was da noch kommt! \ud83d\ude80\n\n#PSVWuppertal #NordrheinMeisterschaften2025 #SprintTalent #LeichtathletikLiebe #Zukunftl\u00e4uft #WuppertalBewegtSich #MehrF\u00fcrDenSport #KaltlufthalleJetzt #ehrenamt #psvwuppertalleichtathletik\"><\/a><\/div><\/div><\/li><li class=\"zoom-instagram-widget__item media-icons-normal media-icons-hover\" data-media-type=\"image\"><div class=\"zoom-instagram-widget__item-inner-wrap\"><img loading=\"lazy\" class=\"zoom-instagram-link zoom-instagram-link-new\"  data-src=\"https:\/\/www.psv-wuppertal-leichtathletik.de\/wp-content\/uploads\/2025\/06\/503939663_17982598718839807_6313133696954821570_n-640x640.jpg\" data-mfp-src=\"18057727739019985\" width=\"640\" height=\"640\" alt=\"\ud83c\udfc6 VON 0 AUF SIEG! \u2013 Unsere \u201eGrash\u00fcpfer\u201c rocken Solingen! \ud83d\udc38\ud83d\udd25\n\nBeim 21. Kinderleichtathletik-Sportfest des SLC Solingen am 01. Februar gingen unsere U8- und U10-Teams an den Start \u2013 und das mit ganz gro\u00dfem Kino! \ud83c\udfac\ud83d\udc99\n\n\ud83d\udfe2 U8 \u2013 \u201ePSV-Grash\u00fcpfer\u201c:\nNoch fast ganz neu im Team, Ziel war: nicht Letzter werden\u2026 und dann DAS:\n\ud83e\udd47 1. Platz \u2013 mit Power, Teamgeist und einer Biathlonstaffel zum Staunen!\n\ud83d\udca5 Platz 1 im Medizinballsto\u00df \u2714\n\ud83d\udca5 Platz 1 im Hindernissprint \u2714\n\ud83d\udca5 Nur 3 Fehlsch\u00fcsse im Biathlon \u2714\n\u27a1\ufe0f Vom Neuling zum Turniersieger \u2013 was f\u00fcr eine Geschichte! \ud83e\udd2f\ud83d\udc4f\n\n\ud83d\udd35 U10 \u2013 \u201eGrash\u00fcpfer\u201c &amp; \u201eBlaulichter\u201c:\nStarke Leistung der U10-Grash\u00fcpfer mit Platz 9 \u2013\nund dann kamen die \u201eBlaulichter\u201c:\n\ud83e\udd47 Platz 1 in der U10 \u2013 Doppelsieg f\u00fcr den PSV! \ud83c\udfc6\ud83c\udfc6\n\n\ud83d\udc49 Fazit: Zwei Teams, zwei Altersklassen, zwei Mal Platz 1 \u2013 PSV-Power pur!\nEin Riesen-Dank an alle Trainerinnen, Helferinnen &amp; Eltern f\u00fcr die Unterst\u00fctzung. \ud83d\udc99\n\n#PSVWuppertal #Grash\u00fcpferPower #U8Champions #U10Gewinner #Kinderleichtathletik #TeamPSV #SolingenErobert #Vereinsliebe #BiathlonWunder #JungUndStark #WettkampfDeb\u00fct #Doppelsieg #psvwuppertalleichtathletik #ehrenamt #wuppertal #solingerleichtathletikclub\" \/><div class=\"hover-layout zoom-instagram-widget__overlay zoom-instagram-widget__black small\"><div class=\"zoom-instagram-icon-wrap\"><a class=\"zoom-svg-instagram-stroke\" href=\"https:\/\/www.instagram.com\/p\/DLKc-A1tEVX\/\" rel=\"noopener nofollow\" target=\"_blank\" title=\"\ud83c\udfc6 VON 0 AUF SIEG! \u2013 Unsere \u201eGrash\u00fcpfer\u201c rocken Solingen! \ud83d\udc38\ud83d\udd25\n\nBeim 21. Kinderleichtathletik-Sportfest des SLC Solingen am 01. Februar gingen unsere U8- und U10-Teams an den Start \u2013 und das mit ganz gro\u00dfem Kino! \ud83c\udfac\ud83d\udc99\n\n\ud83d\udfe2 U8 \u2013 \u201ePSV-Grash\u00fcpfer\u201c:\nNoch fast ganz neu im Team, Ziel war: nicht Letzter werden\u2026 und dann DAS:\n\ud83e\udd47 1. Platz \u2013 mit Power, Teamgeist und einer Biathlonstaffel zum Staunen!\n\ud83d\udca5 Platz 1 im Medizinballsto\u00df \u2714\n\ud83d\udca5 Platz 1 im Hindernissprint \u2714\n\ud83d\udca5 Nur 3 Fehlsch\u00fcsse im Biathlon \u2714\n\u27a1\ufe0f Vom Neuling zum Turniersieger \u2013 was f\u00fcr eine Geschichte! \ud83e\udd2f\ud83d\udc4f\n\n\ud83d\udd35 U10 \u2013 \u201eGrash\u00fcpfer\u201c &amp; \u201eBlaulichter\u201c:\nStarke Leistung der U10-Grash\u00fcpfer mit Platz 9 \u2013\nund dann kamen die \u201eBlaulichter\u201c:\n\ud83e\udd47 Platz 1 in der U10 \u2013 Doppelsieg f\u00fcr den PSV! \ud83c\udfc6\ud83c\udfc6\n\n\ud83d\udc49 Fazit: Zwei Teams, zwei Altersklassen, zwei Mal Platz 1 \u2013 PSV-Power pur!\nEin Riesen-Dank an alle Trainerinnen, Helferinnen &amp; Eltern f\u00fcr die Unterst\u00fctzung. \ud83d\udc99\n\n#PSVWuppertal #Grash\u00fcpferPower #U8Champions #U10Gewinner #Kinderleichtathletik #TeamPSV #SolingenErobert #Vereinsliebe #BiathlonWunder #JungUndStark #WettkampfDeb\u00fct #Doppelsieg #psvwuppertalleichtathletik #ehrenamt #wuppertal #solingerleichtathletikclub\"><\/a><\/div><a class=\"zoom-instagram-link\" data-src=\"https:\/\/www.psv-wuppertal-leichtathletik.de\/wp-content\/uploads\/2025\/06\/503939663_17982598718839807_6313133696954821570_n-640x640.jpg\" data-mfp-src=\"18057727739019985\" href=\"https:\/\/www.instagram.com\/p\/DLKc-A1tEVX\/\" target=\"_blank\" rel=\"noopener nofollow\" title=\"\ud83c\udfc6 VON 0 AUF SIEG! \u2013 Unsere \u201eGrash\u00fcpfer\u201c rocken Solingen! \ud83d\udc38\ud83d\udd25\n\nBeim 21. Kinderleichtathletik-Sportfest des SLC Solingen am 01. Februar gingen unsere U8- und U10-Teams an den Start \u2013 und das mit ganz gro\u00dfem Kino! \ud83c\udfac\ud83d\udc99\n\n\ud83d\udfe2 U8 \u2013 \u201ePSV-Grash\u00fcpfer\u201c:\nNoch fast ganz neu im Team, Ziel war: nicht Letzter werden\u2026 und dann DAS:\n\ud83e\udd47 1. Platz \u2013 mit Power, Teamgeist und einer Biathlonstaffel zum Staunen!\n\ud83d\udca5 Platz 1 im Medizinballsto\u00df \u2714\n\ud83d\udca5 Platz 1 im Hindernissprint \u2714\n\ud83d\udca5 Nur 3 Fehlsch\u00fcsse im Biathlon \u2714\n\u27a1\ufe0f Vom Neuling zum Turniersieger \u2013 was f\u00fcr eine Geschichte! \ud83e\udd2f\ud83d\udc4f\n\n\ud83d\udd35 U10 \u2013 \u201eGrash\u00fcpfer\u201c &amp; \u201eBlaulichter\u201c:\nStarke Leistung der U10-Grash\u00fcpfer mit Platz 9 \u2013\nund dann kamen die \u201eBlaulichter\u201c:\n\ud83e\udd47 Platz 1 in der U10 \u2013 Doppelsieg f\u00fcr den PSV! \ud83c\udfc6\ud83c\udfc6\n\n\ud83d\udc49 Fazit: Zwei Teams, zwei Altersklassen, zwei Mal Platz 1 \u2013 PSV-Power pur!\nEin Riesen-Dank an alle Trainerinnen, Helferinnen &amp; Eltern f\u00fcr die Unterst\u00fctzung. \ud83d\udc99\n\n#PSVWuppertal #Grash\u00fcpferPower #U8Champions #U10Gewinner #Kinderleichtathletik #TeamPSV #SolingenErobert #Vereinsliebe #BiathlonWunder #JungUndStark #WettkampfDeb\u00fct #Doppelsieg #psvwuppertalleichtathletik #ehrenamt #wuppertal #solingerleichtathletikclub\"><\/a><\/div><\/div><\/li><li class=\"zoom-instagram-widget__item media-icons-normal media-icons-hover\" data-media-type=\"image\"><div class=\"zoom-instagram-widget__item-inner-wrap\"><img loading=\"lazy\" class=\"zoom-instagram-link zoom-instagram-link-new\"  data-src=\"https:\/\/www.psv-wuppertal-leichtathletik.de\/wp-content\/uploads\/2025\/06\/509591521_17982598619839807_3574380035072918052_n-640x640.jpg\" data-mfp-src=\"18075276394913560\" width=\"640\" height=\"640\" alt=\"\ud83d\udea8 Vereinsrekord-Alarm! \ud83d\udea8\n\nClara (Jg. 2014) stellte sich der Herausforderung \u2013 und wie! \ud83d\udcaa\nEine Altersklasse h\u00f6her (W12) angetreten, ging sie beim Kugelsto\u00dfen und Speerwurf mutig an den Start \u2013 mit Zielen, die Geschichte schreiben. \ud83c\udfc6\n\n\ud83e\udd47 Kugelsto\u00dfen:\nZiel war der Vereinsrekord aus dem Jahr 1981 (!) \u2013 6,97 m.\nClara schleuderte die Kugel auf 7,10 m, holte sich Platz 1 UND den neuen Vereinsrekord! \ud83d\udd25\nDas Wintertraining zahlt sich aus!\n\n\ud83e\udd48 Speerwurf:\nErst zwei Trainingseinheiten \u2013 und trotzdem ein Volltreffer:\n16,22 m, Platz 2 und erneut Vereinsrekord in ihrer eigentlichen Altersklasse! \ud83c\udfaf\nMit mehr Konstanz ist der 20-Meter-Wurf nur noch eine Frage der Zeit.\n\n\ud83d\udc49 Zwei Starts, zwei Rekorde \u2013 und ganz viel Potenzial!\nClara, das war richtig stark! \ud83d\udc99\ud83d\udca5\n\n#PSVWuppertal #psvwuppertalleichtathletik #ehrenamt #wuppertal #Vereinsrekord #Kugelsto\u00dfen #Speerwurf #WurfPower #Nachwuchstalent #LeichtathletikLiebe #TeamPSV #WuppertalBewegtSich #Rekordj\u00e4gerin\" \/><div class=\"hover-layout zoom-instagram-widget__overlay zoom-instagram-widget__black small\"><div class=\"zoom-instagram-icon-wrap\"><a class=\"zoom-svg-instagram-stroke\" href=\"https:\/\/www.instagram.com\/p\/DLKPMQhtkkW\/\" rel=\"noopener nofollow\" target=\"_blank\" title=\"\ud83d\udea8 Vereinsrekord-Alarm! \ud83d\udea8\n\nClara (Jg. 2014) stellte sich der Herausforderung \u2013 und wie! \ud83d\udcaa\nEine Altersklasse h\u00f6her (W12) angetreten, ging sie beim Kugelsto\u00dfen und Speerwurf mutig an den Start \u2013 mit Zielen, die Geschichte schreiben. \ud83c\udfc6\n\n\ud83e\udd47 Kugelsto\u00dfen:\nZiel war der Vereinsrekord aus dem Jahr 1981 (!) \u2013 6,97 m.\nClara schleuderte die Kugel auf 7,10 m, holte sich Platz 1 UND den neuen Vereinsrekord! \ud83d\udd25\nDas Wintertraining zahlt sich aus!\n\n\ud83e\udd48 Speerwurf:\nErst zwei Trainingseinheiten \u2013 und trotzdem ein Volltreffer:\n16,22 m, Platz 2 und erneut Vereinsrekord in ihrer eigentlichen Altersklasse! \ud83c\udfaf\nMit mehr Konstanz ist der 20-Meter-Wurf nur noch eine Frage der Zeit.\n\n\ud83d\udc49 Zwei Starts, zwei Rekorde \u2013 und ganz viel Potenzial!\nClara, das war richtig stark! \ud83d\udc99\ud83d\udca5\n\n#PSVWuppertal #psvwuppertalleichtathletik #ehrenamt #wuppertal #Vereinsrekord #Kugelsto\u00dfen #Speerwurf #WurfPower #Nachwuchstalent #LeichtathletikLiebe #TeamPSV #WuppertalBewegtSich #Rekordj\u00e4gerin\"><\/a><\/div><a class=\"zoom-instagram-link\" data-src=\"https:\/\/www.psv-wuppertal-leichtathletik.de\/wp-content\/uploads\/2025\/06\/509591521_17982598619839807_3574380035072918052_n-640x640.jpg\" data-mfp-src=\"18075276394913560\" href=\"https:\/\/www.instagram.com\/p\/DLKPMQhtkkW\/\" target=\"_blank\" rel=\"noopener nofollow\" title=\"\ud83d\udea8 Vereinsrekord-Alarm! \ud83d\udea8\n\nClara (Jg. 2014) stellte sich der Herausforderung \u2013 und wie! \ud83d\udcaa\nEine Altersklasse h\u00f6her (W12) angetreten, ging sie beim Kugelsto\u00dfen und Speerwurf mutig an den Start \u2013 mit Zielen, die Geschichte schreiben. \ud83c\udfc6\n\n\ud83e\udd47 Kugelsto\u00dfen:\nZiel war der Vereinsrekord aus dem Jahr 1981 (!) \u2013 6,97 m.\nClara schleuderte die Kugel auf 7,10 m, holte sich Platz 1 UND den neuen Vereinsrekord! \ud83d\udd25\nDas Wintertraining zahlt sich aus!\n\n\ud83e\udd48 Speerwurf:\nErst zwei Trainingseinheiten \u2013 und trotzdem ein Volltreffer:\n16,22 m, Platz 2 und erneut Vereinsrekord in ihrer eigentlichen Altersklasse! \ud83c\udfaf\nMit mehr Konstanz ist der 20-Meter-Wurf nur noch eine Frage der Zeit.\n\n\ud83d\udc49 Zwei Starts, zwei Rekorde \u2013 und ganz viel Potenzial!\nClara, das war richtig stark! \ud83d\udc99\ud83d\udca5\n\n#PSVWuppertal #psvwuppertalleichtathletik #ehrenamt #wuppertal #Vereinsrekord #Kugelsto\u00dfen #Speerwurf #WurfPower #Nachwuchstalent #LeichtathletikLiebe #TeamPSV #WuppertalBewegtSich #Rekordj\u00e4gerin\"><\/a><\/div><\/div><\/li><\/ul><\/div><div class=\"zoom-instagram-widget__footer\"><a href=\"https:\/\/www.instagram.com\/psv_wuppertal_leichtathletik\" target=\"_blank\" rel=\"noopener nofollow\" class=\"wpz-button wpz-button-primary wpz-insta-view-on-insta-button\"><span class=\"button-icon zoom-svg-instagram-stroke\"><\/span> Gehe zu Instagram<\/a><\/div><div class=\"wpz-insta-lightbox-wrapper mfp-hide\"><div class=\"swiper\"><div class=\"swiper-wrapper\"><div data-uid=\"18099057238661520\" class=\"swiper-slide wpz-insta-lightbox-item\"><div class=\"wpz-insta-lightbox\"><div class=\"image-wrapper\"><video controls muted preload=\"none\"><source src=\"https:\/\/scontent-fra3-1.cdninstagram.com\/o1\/v\/t2\/f2\/m86\/AQO_ADd5QEBlgh4gZe3W_zkiyzh1r_lul1zZxuSUCISeIdDH8KybEVEumD1ZyPCbOw0DFKAV4UlqIH2o0MRp-CwpLrt40hQjC0HhwEg.mp4?_nc_cat=103&#038;_nc_sid=5e9851&#038;_nc_ht=scontent-fra3-1.cdninstagram.com&#038;_nc_ohc=bmcrnAmMn54Q7kNvwGNuBVz&#038;efg=eyJ2ZW5jb2RlX3RhZyI6Inhwdl9wcm9ncmVzc2l2ZS5JTlNUQUdSQU0uQ0xJUFMuQzMuNzIwLmRhc2hfYmFzZWxpbmVfMV92MSIsInhwdl9hc3NldF9pZCI6ODQzMzYzMzYxNjM5MjcwLCJhc3NldF9hZ2VfZGF5cyI6MTI3LCJ2aV91c2VjYXNlX2lkIjoxMDA5OSwiZHVyYXRpb25fcyI6MTIsInVybGdlbl9zb3VyY2UiOiJ3d3cifQ%3D%3D&#038;ccb=17-1&#038;vs=18cc22e3022ce701&#038;_nc_vs=HBksFQIYUmlnX3hwdl9yZWVsc19wZXJtYW5lbnRfc3JfcHJvZC80NzRDNjQ4NUJDRUNDMDZBMzdBNjg3OUY0QkU3OTRBNV92aWRlb19kYXNoaW5pdC5tcDQVAALIARIAFQIYR2lnX3hwdl9yZWVsc19wZXJtYW5lbnRfc3JfcHJvZC8xMTg0OTE1NDA3MDc5OTAzXzExNjkyMzE2NzcwNTE0MTQ4MDAubXA0FQICyAESACgAGAAbAogHdXNlX29pbAExEnByb2dyZXNzaXZlX3JlY2lwZQExFQAAJsytstmawv8CFQIoAkMzLBdAKBDlYEGJNxgSZGFzaF9iYXNlbGluZV8xX3YxEQB1_gdl5p0BAA&#038;_nc_gid=xceFXkFQ1lZmArVem45r7Q&#038;edm=ANo9K5cEAAAA&#038;_nc_zt=28&#038;_nc_tpa=Q5bMBQHoRCJkJAhEV81sjN8wkGwtvwONlDdsl_frBm4RJsEq1MyvuMGNorCZpD1yX3iEl6dWLPrW8GMY&#038;oh=00_Af5dME8w7cagZhdw_pT09UrLwV4usqXlxlIP2NDbOokgIw&#038;oe=69F6410C\" type=\"video\/mp4\"\/><\/video><\/div>\n\t\t\t\t\t<div class=\"details-wrapper\">\n\t\t\t\t\t<div class=\"wpz-insta-header\">\n\t\t\t\t\t\t<div class=\"wpz-insta-avatar\">\n\t\t\t\t\t\t\t<img loading=\"lazy\" decoding=\"async\" src=\"https:\/\/www.psv-wuppertal-leichtathletik.de\/wp-content\/uploads\/2025\/06\/311629697_1518541368580916_8865808881464703002_n-150x150.jpg\" alt=\"@psv_wuppertal_leichtathletik\" width=\"42\" height=\"42\"\/>\n\t\t\t\t\t\t<\/div>\n\t\t\t\t\t\t<div class=\"wpz-insta-buttons\">\n\t\t\t\t\t\t\t<div class=\"wpz-insta-username\">\n\t\t\t\t\t\t\t\t<a rel=\"noopener\" target=\"_blank\" href=\"https:\/\/instagram.com\/psv_wuppertal_leichtathletik\">@psv_wuppertal_leichtathletik<\/a>\n\t\t\t\t\t\t\t<\/div>\n\t\t\t\t\t\t\t<div>&bull;<\/div>\n\t\t\t\t\t\t\t<div class=\"wpz-insta-follow\">\n\t\t\t\t\t\t\t\t<a target=\"_blank\" rel=\"noopener\"\n\t\t\t\t\t\t\t\thref=\"https:\/\/instagram.com\/psv_wuppertal_leichtathletik?ref=badge\">\n\t\t\t\t\t\t\t\t\tFollow\n\t\t\t\t\t\t\t\t<\/a>\n\t\t\t\t\t\t\t<\/div>\n\t\t\t\t\t\t<\/div>\n\t\t\t\t\t<\/div><div class=\"wpz-insta-date\">4\u00a0Monaten ago<\/div><div class=\"view-post\">\n\t\t\t\t\t<a href=\"https:\/\/www.instagram.com\/reel\/DSpKzTKiOS6\/\" target=\"_blank\" rel=\"noopener\"><span class=\"dashicons dashicons-instagram\"><\/span>View on Instagram<\/a>\n\t\t\t\t\t<span class=\"delimiter\">|<\/span>\n\t\t\t\t\t<div class=\"wpz-insta-pagination\">1\/6<\/div>\n\t\t\t\t\t<\/div><\/div><\/div><\/div><div data-uid=\"18080131061491475\" class=\"swiper-slide wpz-insta-lightbox-item\"><div class=\"wpz-insta-lightbox\"><div class=\"image-wrapper\"><video controls muted preload=\"none\"><source src=\"https:\/\/scontent-fra3-1.cdninstagram.com\/o1\/v\/t2\/f2\/m86\/AQNjivqqJsSu2BkgF4YbSjUEEiVi7MDlBZA_5dHXwwTdkhi_8uWb2CzwGMMiDS7w3DP5GpZT9aDnPpC5qLMl6Qb2vBYPv6fuUfDoQXE.mp4?_nc_cat=108&#038;_nc_sid=5e9851&#038;_nc_ht=scontent-fra3-1.cdninstagram.com&#038;_nc_ohc=RulFZlnBRv4Q7kNvwHeaX09&#038;efg=eyJ2ZW5jb2RlX3RhZyI6Inhwdl9wcm9ncmVzc2l2ZS5JTlNUQUdSQU0uQ0xJUFMuQzMuNzIwLmRhc2hfYmFzZWxpbmVfMV92MSIsInhwdl9hc3NldF9pZCI6MTMwOTUyODQxMDc2Mjk3MiwiYXNzZXRfYWdlX2RheXMiOjIyMiwidmlfdXNlY2FzZV9pZCI6MTAwOTksImR1cmF0aW9uX3MiOjEyLCJ1cmxnZW5fc291cmNlIjoid3d3In0%3D&#038;ccb=17-1&#038;vs=3787a7fc524cb213&#038;_nc_vs=HBksFQIYUmlnX3hwdl9yZWVsc19wZXJtYW5lbnRfc3JfcHJvZC84RTQ4NENDREY4RTBGNjI5RTg1NzJFRTBGQ0I0NzhBQl92aWRlb19kYXNoaW5pdC5tcDQVAALIARIAFQIYR2lnX3hwdl9yZWVsc19wZXJtYW5lbnRfc3JfcHJvZC8yMDAxMTE2NDIzOTkzMzc5XzY3ODI4MzA3MDM2NDMzNjUwNjUubXA0FQICyAESACgAGAAbAogHdXNlX29pbAExEnByb2dyZXNzaXZlX3JlY2lwZQExFQAAJri7-fvKwNMEFQIoAkMzLBdAKN2yLQ5WBBgSZGFzaF9iYXNlbGluZV8xX3YxEQB1_gdl5p0BAA&#038;_nc_gid=xceFXkFQ1lZmArVem45r7Q&#038;edm=ANo9K5cEAAAA&#038;_nc_zt=28&#038;_nc_tpa=Q5bMBQEc9hrnI-lqQysGa9T2cllKGF5c1_ZWW_OP8tIBCt42gtXBVr35yJIZ5YRke3lPDmWwfMvYY9PR&#038;oh=00_Af72btn3WghDE0JfBEc8arRZWTr230peBYm5Dght3PcGJA&#038;oe=69F63F49\" type=\"video\/mp4\"\/><\/video><\/div>\n\t\t\t\t\t<div class=\"details-wrapper\">\n\t\t\t\t\t<div class=\"wpz-insta-header\">\n\t\t\t\t\t\t<div class=\"wpz-insta-avatar\">\n\t\t\t\t\t\t\t<img loading=\"lazy\" decoding=\"async\" src=\"https:\/\/www.psv-wuppertal-leichtathletik.de\/wp-content\/uploads\/2025\/06\/311629697_1518541368580916_8865808881464703002_n-150x150.jpg\" alt=\"@psv_wuppertal_leichtathletik\" width=\"42\" height=\"42\"\/>\n\t\t\t\t\t\t<\/div>\n\t\t\t\t\t\t<div class=\"wpz-insta-buttons\">\n\t\t\t\t\t\t\t<div class=\"wpz-insta-username\">\n\t\t\t\t\t\t\t\t<a rel=\"noopener\" target=\"_blank\" href=\"https:\/\/instagram.com\/psv_wuppertal_leichtathletik\">@psv_wuppertal_leichtathletik<\/a>\n\t\t\t\t\t\t\t<\/div>\n\t\t\t\t\t\t\t<div>&bull;<\/div>\n\t\t\t\t\t\t\t<div class=\"wpz-insta-follow\">\n\t\t\t\t\t\t\t\t<a target=\"_blank\" rel=\"noopener\"\n\t\t\t\t\t\t\t\thref=\"https:\/\/instagram.com\/psv_wuppertal_leichtathletik?ref=badge\">\n\t\t\t\t\t\t\t\t\tFollow\n\t\t\t\t\t\t\t\t<\/a>\n\t\t\t\t\t\t\t<\/div>\n\t\t\t\t\t\t<\/div>\n\t\t\t\t\t<\/div><div class=\"wpz-insta-caption\">Es geht doch nichts \u00fcber ein spontanes Bild. \ud83d\udcf8\n\nBei so vielen erfolgreichen Ergebnissen am heutigen Tage strahlt der PSV Wuppertal mit seinem Team. \u2728\nModeriert von @jan.fitschen beim @svbayerwuppertal \u2013 dem 58. Wuppertaler Volkslauf! \ud83c\udfc3\u200d\u2642\ufe0f\ud83c\udf89\n\nPerfekt organisiert, bei traumhaftem Wetter \u2013 ein echtes Highlight f\u00fcr alle L\u00e4uferinnen und L\u00e4ufer. \u2600\ufe0f\ud83d\udcaa\n\n#laufenmachtgl\u00fccklich #laufmotivation #runnershigh #laufliebe #runhappy #instarunners #laufmomente #volkslauf #wettkampf #runningevent #runforfun #personalbest #wuppertal #psvwuppertal #svbayerwuppertal #bergischesland #nrwl\u00e4uft #laufwetter #sportfreude #teamspirit #svbayerwuppertal #volkslauf #volkslaufwuppertal #janfitschen #teamgeist #ehrenamt #wirsindwuppertal #wuppertalaktiv<\/div><div class=\"wpz-insta-date\">7\u00a0Monaten ago<\/div><div class=\"view-post\">\n\t\t\t\t\t<a href=\"https:\/\/www.instagram.com\/reel\/DO025oJCKNf\/\" target=\"_blank\" rel=\"noopener\"><span class=\"dashicons dashicons-instagram\"><\/span>View on Instagram<\/a>\n\t\t\t\t\t<span class=\"delimiter\">|<\/span>\n\t\t\t\t\t<div class=\"wpz-insta-pagination\">2\/6<\/div>\n\t\t\t\t\t<\/div><\/div><\/div><\/div><div data-uid=\"18255989575303617\" class=\"swiper-slide wpz-insta-lightbox-item\"><div class=\"wpz-insta-lightbox\"><div class=\"image-wrapper\"><img class=\"wpzoom-swiper-image swiper-lazy\" data-src=\"https:\/\/www.psv-wuppertal-leichtathletik.de\/wp-content\/uploads\/2015\/09\/513820321_17983436432839807_17176459855191158_n.jpg\" alt=\"\ud83c\udfc3\u200d\u2640\ufe0f\ud83c\udfc3\u200d\u2642\ufe0f Regionsmeisterschaften Remscheid 2025 \ud83c\udfc6\n\ud83d\udcc5 28. Juni | \ud83d\udccd Remscheid \n\n3x800m \u2013 U14 Zeitl\u00e4ufe\nEin erfolgreicher Tag f\u00fcr den PSV Wuppertal bei den Regionsmeisterschaften in Remscheid!\n\n\ud83d\udc99 Weibliche Jugend U14 \u2013 REGIONS V I Z E MEISTER!\nJana Stanic (2012), Sophia van Look (2013) und Neele Johanna Leven (2013) liefen mit 8:20,30 min als Zweite durchs Ziel \u2013 und sichern sich damit den 2. Platz in der Regionswertung, hinter OSC Waldniel (au\u00dfer Konkurrenz) und vor der LG Remscheid.\n\ud83e\udd47 WJU14 | 2.\/I\n\n\ud83d\udd25 M\u00e4nnliche Jugend U14 \u2013 STARKER 3. PLATZ!\nAuch unsere Jungs zeigten eine tolle Teamleistung!\nOskar Bleidi\u00dfel (2013), Jona Schwedler (2014) und Jonathan Kaufmann (2013) liefen mit 8:22,77 min auf einen verdienten 3. Platz in der Regionswertung.\n\ud83e\udd49 MJU14 | 3.\/I\n\nEin rundum erfolgreicher Wettkampftag f\u00fcr unseren Nachwuchs \u2013 weiter so! \ud83d\udcaa\n#PSVWuppertal #Leichtathletik #Regionsmeisterschaft #3x800m #U14 #Remscheid2025 #Teamwork #Nachwuchsleistung #WJU14 #MJU14 #StolzAufEuch\n#psvwuppertalleichtathletik\"\/><div class=\"swiper-lazy-preloader swiper-lazy-preloader-white\"><\/div><\/div>\n\t\t\t\t\t<div class=\"details-wrapper\">\n\t\t\t\t\t<div class=\"wpz-insta-header\">\n\t\t\t\t\t\t<div class=\"wpz-insta-avatar\">\n\t\t\t\t\t\t\t<img loading=\"lazy\" decoding=\"async\" src=\"https:\/\/www.psv-wuppertal-leichtathletik.de\/wp-content\/uploads\/2025\/06\/311629697_1518541368580916_8865808881464703002_n-150x150.jpg\" alt=\"@psv_wuppertal_leichtathletik\" width=\"42\" height=\"42\"\/>\n\t\t\t\t\t\t<\/div>\n\t\t\t\t\t\t<div class=\"wpz-insta-buttons\">\n\t\t\t\t\t\t\t<div class=\"wpz-insta-username\">\n\t\t\t\t\t\t\t\t<a rel=\"noopener\" target=\"_blank\" href=\"https:\/\/instagram.com\/psv_wuppertal_leichtathletik\">@psv_wuppertal_leichtathletik<\/a>\n\t\t\t\t\t\t\t<\/div>\n\t\t\t\t\t\t\t<div>&bull;<\/div>\n\t\t\t\t\t\t\t<div class=\"wpz-insta-follow\">\n\t\t\t\t\t\t\t\t<a target=\"_blank\" rel=\"noopener\"\n\t\t\t\t\t\t\t\thref=\"https:\/\/instagram.com\/psv_wuppertal_leichtathletik?ref=badge\">\n\t\t\t\t\t\t\t\t\tFollow\n\t\t\t\t\t\t\t\t<\/a>\n\t\t\t\t\t\t\t<\/div>\n\t\t\t\t\t\t<\/div>\n\t\t\t\t\t<\/div><div class=\"wpz-insta-caption\">\ud83c\udfc3\u200d\u2640\ufe0f\ud83c\udfc3\u200d\u2642\ufe0f Regionsmeisterschaften Remscheid 2025 \ud83c\udfc6\n\ud83d\udcc5 28. Juni | \ud83d\udccd Remscheid \n\n3x800m \u2013 U14 Zeitl\u00e4ufe\nEin erfolgreicher Tag f\u00fcr den PSV Wuppertal bei den Regionsmeisterschaften in Remscheid!\n\n\ud83d\udc99 Weibliche Jugend U14 \u2013 REGIONS V I Z E MEISTER!\nJana Stanic (2012), Sophia van Look (2013) und Neele Johanna Leven (2013) liefen mit 8:20,30 min als Zweite durchs Ziel \u2013 und sichern sich damit den 2. Platz in der Regionswertung, hinter OSC Waldniel (au\u00dfer Konkurrenz) und vor der LG Remscheid.\n\ud83e\udd47 WJU14 | 2.\/I\n\n\ud83d\udd25 M\u00e4nnliche Jugend U14 \u2013 STARKER 3. PLATZ!\nAuch unsere Jungs zeigten eine tolle Teamleistung!\nOskar Bleidi\u00dfel (2013), Jona Schwedler (2014) und Jonathan Kaufmann (2013) liefen mit 8:22,77 min auf einen verdienten 3. Platz in der Regionswertung.\n\ud83e\udd49 MJU14 | 3.\/I\n\nEin rundum erfolgreicher Wettkampftag f\u00fcr unseren Nachwuchs \u2013 weiter so! \ud83d\udcaa\n#PSVWuppertal #Leichtathletik #Regionsmeisterschaft #3x800m #U14 #Remscheid2025 #Teamwork #Nachwuchsleistung #WJU14 #MJU14 #StolzAufEuch\n#psvwuppertalleichtathletik<\/div><div class=\"wpz-insta-date\">10\u00a0Monaten ago<\/div><div class=\"view-post\">\n\t\t\t\t\t<a href=\"https:\/\/www.instagram.com\/p\/DLc79vytJzU\/\" target=\"_blank\" rel=\"noopener\"><span class=\"dashicons dashicons-instagram\"><\/span>View on Instagram<\/a>\n\t\t\t\t\t<span class=\"delimiter\">|<\/span>\n\t\t\t\t\t<div class=\"wpz-insta-pagination\">3\/6<\/div>\n\t\t\t\t\t<\/div><\/div><\/div><\/div><div data-uid=\"18284047210280045\" class=\"swiper-slide wpz-insta-lightbox-item\"><div class=\"wpz-insta-lightbox\"><div class=\"image-wrapper\"><img class=\"wpzoom-swiper-image swiper-lazy\" data-src=\"https:\/\/www.psv-wuppertal-leichtathletik.de\/wp-content\/uploads\/2011\/04\/503699034_17982872714839807_6176530549750510117_n.jpg\" alt=\"\u26a1\ufe0fTarik \u00dcnal sprintet sich ins Rampenlicht! \ud83d\udd25\n\nBei den Nordrhein-Meisterschaften 2025 in Duisburg zeigte unser M14-Athlet Tarik \u00dcnal ein echtes Ausrufezeichen:\n3 L\u00e4ufe, 1 Tag, 36 Grad \u2013 und ein starker 4. Platz im Finale! \ud83d\udcaa\u2600\ufe0f\n\n\ud83c\udfc1 100m-Vorlauf: PB auf 12,00 Sek. gedr\u00fcckt \u2013 mega Einstieg!\n\ud83c\udfc1 Zwischenlauf: 12,25 Sek. \u2013 cool geblieben &amp; sicher f\u00fcrs Finale qualifiziert.\n\ud83c\udfc1 Finale: 12,21 Sek. &amp; Platz 4 bei seiner allerersten Landesmeisterschaft \u2013 stark! \ud83c\udfc5\n\n\ud83d\udcac Trainer Ralf setzt bewusst auf langsamen, gesunden Aufbau \u2013 denn: Tarik trainiert aktuell nur 2x pro Woche und steht dennoch ganz vorne mit dabei. \ud83d\udc4f\n\n\ud83e\uddca Wermutstropfen: Im Winter stehen nur 25 m Kunststoffbahn zur Verf\u00fcgung\u2026\n\u27a1\ufe0f Mehr Infrastruktur = mehr Potenzial. Eine Kaltlufthalle in Wuppertal w\u00e4re ein echter Gamechanger!\n\n\ud83d\udc49 Fazit: Tarik hat nicht nur Speed, sondern auch Herz, Fokus &amp; Perspektive.\nWir sind gespannt auf alles, was da noch kommt! \ud83d\ude80\n\n#PSVWuppertal #NordrheinMeisterschaften2025 #SprintTalent #LeichtathletikLiebe #Zukunftl\u00e4uft #WuppertalBewegtSich #MehrF\u00fcrDenSport #KaltlufthalleJetzt #ehrenamt #psvwuppertalleichtathletik\"\/><div class=\"swiper-lazy-preloader swiper-lazy-preloader-white\"><\/div><\/div>\n\t\t\t\t\t<div class=\"details-wrapper\">\n\t\t\t\t\t<div class=\"wpz-insta-header\">\n\t\t\t\t\t\t<div class=\"wpz-insta-avatar\">\n\t\t\t\t\t\t\t<img loading=\"lazy\" decoding=\"async\" src=\"https:\/\/www.psv-wuppertal-leichtathletik.de\/wp-content\/uploads\/2025\/06\/311629697_1518541368580916_8865808881464703002_n-150x150.jpg\" alt=\"@psv_wuppertal_leichtathletik\" width=\"42\" height=\"42\"\/>\n\t\t\t\t\t\t<\/div>\n\t\t\t\t\t\t<div class=\"wpz-insta-buttons\">\n\t\t\t\t\t\t\t<div class=\"wpz-insta-username\">\n\t\t\t\t\t\t\t\t<a rel=\"noopener\" target=\"_blank\" href=\"https:\/\/instagram.com\/psv_wuppertal_leichtathletik\">@psv_wuppertal_leichtathletik<\/a>\n\t\t\t\t\t\t\t<\/div>\n\t\t\t\t\t\t\t<div>&bull;<\/div>\n\t\t\t\t\t\t\t<div class=\"wpz-insta-follow\">\n\t\t\t\t\t\t\t\t<a target=\"_blank\" rel=\"noopener\"\n\t\t\t\t\t\t\t\thref=\"https:\/\/instagram.com\/psv_wuppertal_leichtathletik?ref=badge\">\n\t\t\t\t\t\t\t\t\tFollow\n\t\t\t\t\t\t\t\t<\/a>\n\t\t\t\t\t\t\t<\/div>\n\t\t\t\t\t\t<\/div>\n\t\t\t\t\t<\/div><div class=\"wpz-insta-caption\">\u26a1\ufe0fTarik \u00dcnal sprintet sich ins Rampenlicht! \ud83d\udd25\n\nBei den Nordrhein-Meisterschaften 2025 in Duisburg zeigte unser M14-Athlet Tarik \u00dcnal ein echtes Ausrufezeichen:\n3 L\u00e4ufe, 1 Tag, 36 Grad \u2013 und ein starker 4. Platz im Finale! \ud83d\udcaa\u2600\ufe0f\n\n\ud83c\udfc1 100m-Vorlauf: PB auf 12,00 Sek. gedr\u00fcckt \u2013 mega Einstieg!\n\ud83c\udfc1 Zwischenlauf: 12,25 Sek. \u2013 cool geblieben &amp; sicher f\u00fcrs Finale qualifiziert.\n\ud83c\udfc1 Finale: 12,21 Sek. &amp; Platz 4 bei seiner allerersten Landesmeisterschaft \u2013 stark! \ud83c\udfc5\n\n\ud83d\udcac Trainer Ralf setzt bewusst auf langsamen, gesunden Aufbau \u2013 denn: Tarik trainiert aktuell nur 2x pro Woche und steht dennoch ganz vorne mit dabei. \ud83d\udc4f\n\n\ud83e\uddca Wermutstropfen: Im Winter stehen nur 25 m Kunststoffbahn zur Verf\u00fcgung\u2026\n\u27a1\ufe0f Mehr Infrastruktur = mehr Potenzial. Eine Kaltlufthalle in Wuppertal w\u00e4re ein echter Gamechanger!\n\n\ud83d\udc49 Fazit: Tarik hat nicht nur Speed, sondern auch Herz, Fokus &amp; Perspektive.\nWir sind gespannt auf alles, was da noch kommt! \ud83d\ude80\n\n#PSVWuppertal #NordrheinMeisterschaften2025 #SprintTalent #LeichtathletikLiebe #Zukunftl\u00e4uft #WuppertalBewegtSich #MehrF\u00fcrDenSport #KaltlufthalleJetzt #ehrenamt #psvwuppertalleichtathletik<\/div><div class=\"wpz-insta-date\">10\u00a0Monaten ago<\/div><div class=\"view-post\">\n\t\t\t\t\t<a href=\"https:\/\/www.instagram.com\/p\/DLPVarpt40h\/\" target=\"_blank\" rel=\"noopener\"><span class=\"dashicons dashicons-instagram\"><\/span>View on Instagram<\/a>\n\t\t\t\t\t<span class=\"delimiter\">|<\/span>\n\t\t\t\t\t<div class=\"wpz-insta-pagination\">4\/6<\/div>\n\t\t\t\t\t<\/div><\/div><\/div><\/div><div data-uid=\"18057727739019985\" class=\"swiper-slide wpz-insta-lightbox-item\"><div class=\"wpz-insta-lightbox\"><div class=\"image-wrapper\"><img class=\"wpzoom-swiper-image swiper-lazy\" data-src=\"https:\/\/www.psv-wuppertal-leichtathletik.de\/wp-content\/uploads\/2025\/06\/503939663_17982598718839807_6313133696954821570_n.jpg\" alt=\"\ud83c\udfc6 VON 0 AUF SIEG! \u2013 Unsere \u201eGrash\u00fcpfer\u201c rocken Solingen! \ud83d\udc38\ud83d\udd25\n\nBeim 21. Kinderleichtathletik-Sportfest des SLC Solingen am 01. Februar gingen unsere U8- und U10-Teams an den Start \u2013 und das mit ganz gro\u00dfem Kino! \ud83c\udfac\ud83d\udc99\n\n\ud83d\udfe2 U8 \u2013 \u201ePSV-Grash\u00fcpfer\u201c:\nNoch fast ganz neu im Team, Ziel war: nicht Letzter werden\u2026 und dann DAS:\n\ud83e\udd47 1. Platz \u2013 mit Power, Teamgeist und einer Biathlonstaffel zum Staunen!\n\ud83d\udca5 Platz 1 im Medizinballsto\u00df \u2714\n\ud83d\udca5 Platz 1 im Hindernissprint \u2714\n\ud83d\udca5 Nur 3 Fehlsch\u00fcsse im Biathlon \u2714\n\u27a1\ufe0f Vom Neuling zum Turniersieger \u2013 was f\u00fcr eine Geschichte! \ud83e\udd2f\ud83d\udc4f\n\n\ud83d\udd35 U10 \u2013 \u201eGrash\u00fcpfer\u201c &amp; \u201eBlaulichter\u201c:\nStarke Leistung der U10-Grash\u00fcpfer mit Platz 9 \u2013\nund dann kamen die \u201eBlaulichter\u201c:\n\ud83e\udd47 Platz 1 in der U10 \u2013 Doppelsieg f\u00fcr den PSV! \ud83c\udfc6\ud83c\udfc6\n\n\ud83d\udc49 Fazit: Zwei Teams, zwei Altersklassen, zwei Mal Platz 1 \u2013 PSV-Power pur!\nEin Riesen-Dank an alle Trainerinnen, Helferinnen &amp; Eltern f\u00fcr die Unterst\u00fctzung. \ud83d\udc99\n\n#PSVWuppertal #Grash\u00fcpferPower #U8Champions #U10Gewinner #Kinderleichtathletik #TeamPSV #SolingenErobert #Vereinsliebe #BiathlonWunder #JungUndStark #WettkampfDeb\u00fct #Doppelsieg #psvwuppertalleichtathletik #ehrenamt #wuppertal #solingerleichtathletikclub\"\/><div class=\"swiper-lazy-preloader swiper-lazy-preloader-white\"><\/div><\/div>\n\t\t\t\t\t<div class=\"details-wrapper\">\n\t\t\t\t\t<div class=\"wpz-insta-header\">\n\t\t\t\t\t\t<div class=\"wpz-insta-avatar\">\n\t\t\t\t\t\t\t<img loading=\"lazy\" decoding=\"async\" src=\"https:\/\/www.psv-wuppertal-leichtathletik.de\/wp-content\/uploads\/2025\/06\/311629697_1518541368580916_8865808881464703002_n-150x150.jpg\" alt=\"@psv_wuppertal_leichtathletik\" width=\"42\" height=\"42\"\/>\n\t\t\t\t\t\t<\/div>\n\t\t\t\t\t\t<div class=\"wpz-insta-buttons\">\n\t\t\t\t\t\t\t<div class=\"wpz-insta-username\">\n\t\t\t\t\t\t\t\t<a rel=\"noopener\" target=\"_blank\" href=\"https:\/\/instagram.com\/psv_wuppertal_leichtathletik\">@psv_wuppertal_leichtathletik<\/a>\n\t\t\t\t\t\t\t<\/div>\n\t\t\t\t\t\t\t<div>&bull;<\/div>\n\t\t\t\t\t\t\t<div class=\"wpz-insta-follow\">\n\t\t\t\t\t\t\t\t<a target=\"_blank\" rel=\"noopener\"\n\t\t\t\t\t\t\t\thref=\"https:\/\/instagram.com\/psv_wuppertal_leichtathletik?ref=badge\">\n\t\t\t\t\t\t\t\t\tFollow\n\t\t\t\t\t\t\t\t<\/a>\n\t\t\t\t\t\t\t<\/div>\n\t\t\t\t\t\t<\/div>\n\t\t\t\t\t<\/div><div class=\"wpz-insta-caption\">\ud83c\udfc6 VON 0 AUF SIEG! \u2013 Unsere \u201eGrash\u00fcpfer\u201c rocken Solingen! \ud83d\udc38\ud83d\udd25\n\nBeim 21. Kinderleichtathletik-Sportfest des SLC Solingen am 01. Februar gingen unsere U8- und U10-Teams an den Start \u2013 und das mit ganz gro\u00dfem Kino! \ud83c\udfac\ud83d\udc99\n\n\ud83d\udfe2 U8 \u2013 \u201ePSV-Grash\u00fcpfer\u201c:\nNoch fast ganz neu im Team, Ziel war: nicht Letzter werden\u2026 und dann DAS:\n\ud83e\udd47 1. Platz \u2013 mit Power, Teamgeist und einer Biathlonstaffel zum Staunen!\n\ud83d\udca5 Platz 1 im Medizinballsto\u00df \u2714\n\ud83d\udca5 Platz 1 im Hindernissprint \u2714\n\ud83d\udca5 Nur 3 Fehlsch\u00fcsse im Biathlon \u2714\n\u27a1\ufe0f Vom Neuling zum Turniersieger \u2013 was f\u00fcr eine Geschichte! \ud83e\udd2f\ud83d\udc4f\n\n\ud83d\udd35 U10 \u2013 \u201eGrash\u00fcpfer\u201c &amp; \u201eBlaulichter\u201c:\nStarke Leistung der U10-Grash\u00fcpfer mit Platz 9 \u2013\nund dann kamen die \u201eBlaulichter\u201c:\n\ud83e\udd47 Platz 1 in der U10 \u2013 Doppelsieg f\u00fcr den PSV! \ud83c\udfc6\ud83c\udfc6\n\n\ud83d\udc49 Fazit: Zwei Teams, zwei Altersklassen, zwei Mal Platz 1 \u2013 PSV-Power pur!\nEin Riesen-Dank an alle Trainerinnen, Helferinnen &amp; Eltern f\u00fcr die Unterst\u00fctzung. \ud83d\udc99\n\n#PSVWuppertal #Grash\u00fcpferPower #U8Champions #U10Gewinner #Kinderleichtathletik #TeamPSV #SolingenErobert #Vereinsliebe #BiathlonWunder #JungUndStark #WettkampfDeb\u00fct #Doppelsieg #psvwuppertalleichtathletik #ehrenamt #wuppertal #solingerleichtathletikclub<\/div><div class=\"wpz-insta-date\">10\u00a0Monaten ago<\/div><div class=\"view-post\">\n\t\t\t\t\t<a href=\"https:\/\/www.instagram.com\/p\/DLKc-A1tEVX\/\" target=\"_blank\" rel=\"noopener\"><span class=\"dashicons dashicons-instagram\"><\/span>View on Instagram<\/a>\n\t\t\t\t\t<span class=\"delimiter\">|<\/span>\n\t\t\t\t\t<div class=\"wpz-insta-pagination\">5\/6<\/div>\n\t\t\t\t\t<\/div><\/div><\/div><\/div><div data-uid=\"18075276394913560\" class=\"swiper-slide wpz-insta-lightbox-item\"><div class=\"wpz-insta-lightbox\"><div class=\"image-wrapper\"><img class=\"wpzoom-swiper-image swiper-lazy\" data-src=\"https:\/\/www.psv-wuppertal-leichtathletik.de\/wp-content\/uploads\/2025\/06\/509591521_17982598619839807_3574380035072918052_n.jpg\" alt=\"\ud83d\udea8 Vereinsrekord-Alarm! \ud83d\udea8\n\nClara (Jg. 2014) stellte sich der Herausforderung \u2013 und wie! \ud83d\udcaa\nEine Altersklasse h\u00f6her (W12) angetreten, ging sie beim Kugelsto\u00dfen und Speerwurf mutig an den Start \u2013 mit Zielen, die Geschichte schreiben. \ud83c\udfc6\n\n\ud83e\udd47 Kugelsto\u00dfen:\nZiel war der Vereinsrekord aus dem Jahr 1981 (!) \u2013 6,97 m.\nClara schleuderte die Kugel auf 7,10 m, holte sich Platz 1 UND den neuen Vereinsrekord! \ud83d\udd25\nDas Wintertraining zahlt sich aus!\n\n\ud83e\udd48 Speerwurf:\nErst zwei Trainingseinheiten \u2013 und trotzdem ein Volltreffer:\n16,22 m, Platz 2 und erneut Vereinsrekord in ihrer eigentlichen Altersklasse! \ud83c\udfaf\nMit mehr Konstanz ist der 20-Meter-Wurf nur noch eine Frage der Zeit.\n\n\ud83d\udc49 Zwei Starts, zwei Rekorde \u2013 und ganz viel Potenzial!\nClara, das war richtig stark! \ud83d\udc99\ud83d\udca5\n\n#PSVWuppertal #psvwuppertalleichtathletik #ehrenamt #wuppertal #Vereinsrekord #Kugelsto\u00dfen #Speerwurf #WurfPower #Nachwuchstalent #LeichtathletikLiebe #TeamPSV #WuppertalBewegtSich #Rekordj\u00e4gerin\"\/><div class=\"swiper-lazy-preloader swiper-lazy-preloader-white\"><\/div><\/div>\n\t\t\t\t\t<div class=\"details-wrapper\">\n\t\t\t\t\t<div class=\"wpz-insta-header\">\n\t\t\t\t\t\t<div class=\"wpz-insta-avatar\">\n\t\t\t\t\t\t\t<img loading=\"lazy\" decoding=\"async\" src=\"https:\/\/www.psv-wuppertal-leichtathletik.de\/wp-content\/uploads\/2025\/06\/311629697_1518541368580916_8865808881464703002_n-150x150.jpg\" alt=\"@psv_wuppertal_leichtathletik\" width=\"42\" height=\"42\"\/>\n\t\t\t\t\t\t<\/div>\n\t\t\t\t\t\t<div class=\"wpz-insta-buttons\">\n\t\t\t\t\t\t\t<div class=\"wpz-insta-username\">\n\t\t\t\t\t\t\t\t<a rel=\"noopener\" target=\"_blank\" href=\"https:\/\/instagram.com\/psv_wuppertal_leichtathletik\">@psv_wuppertal_leichtathletik<\/a>\n\t\t\t\t\t\t\t<\/div>\n\t\t\t\t\t\t\t<div>&bull;<\/div>\n\t\t\t\t\t\t\t<div class=\"wpz-insta-follow\">\n\t\t\t\t\t\t\t\t<a target=\"_blank\" rel=\"noopener\"\n\t\t\t\t\t\t\t\thref=\"https:\/\/instagram.com\/psv_wuppertal_leichtathletik?ref=badge\">\n\t\t\t\t\t\t\t\t\tFollow\n\t\t\t\t\t\t\t\t<\/a>\n\t\t\t\t\t\t\t<\/div>\n\t\t\t\t\t\t<\/div>\n\t\t\t\t\t<\/div><div class=\"wpz-insta-caption\">\ud83d\udea8 Vereinsrekord-Alarm! \ud83d\udea8\n\nClara (Jg. 2014) stellte sich der Herausforderung \u2013 und wie! \ud83d\udcaa\nEine Altersklasse h\u00f6her (W12) angetreten, ging sie beim Kugelsto\u00dfen und Speerwurf mutig an den Start \u2013 mit Zielen, die Geschichte schreiben. \ud83c\udfc6\n\n\ud83e\udd47 Kugelsto\u00dfen:\nZiel war der Vereinsrekord aus dem Jahr 1981 (!) \u2013 6,97 m.\nClara schleuderte die Kugel auf 7,10 m, holte sich Platz 1 UND den neuen Vereinsrekord! \ud83d\udd25\nDas Wintertraining zahlt sich aus!\n\n\ud83e\udd48 Speerwurf:\nErst zwei Trainingseinheiten \u2013 und trotzdem ein Volltreffer:\n16,22 m, Platz 2 und erneut Vereinsrekord in ihrer eigentlichen Altersklasse! \ud83c\udfaf\nMit mehr Konstanz ist der 20-Meter-Wurf nur noch eine Frage der Zeit.\n\n\ud83d\udc49 Zwei Starts, zwei Rekorde \u2013 und ganz viel Potenzial!\nClara, das war richtig stark! \ud83d\udc99\ud83d\udca5\n\n#PSVWuppertal #psvwuppertalleichtathletik #ehrenamt #wuppertal #Vereinsrekord #Kugelsto\u00dfen #Speerwurf #WurfPower #Nachwuchstalent #LeichtathletikLiebe #TeamPSV #WuppertalBewegtSich #Rekordj\u00e4gerin<\/div><div class=\"wpz-insta-date\">10\u00a0Monaten ago<\/div><div class=\"view-post\">\n\t\t\t\t\t<a href=\"https:\/\/www.instagram.com\/p\/DLKPMQhtkkW\/\" target=\"_blank\" rel=\"noopener\"><span class=\"dashicons dashicons-instagram\"><\/span>View on Instagram<\/a>\n\t\t\t\t\t<span class=\"delimiter\">|<\/span>\n\t\t\t\t\t<div class=\"wpz-insta-pagination\">6\/6<\/div>\n\t\t\t\t\t<\/div><\/div><\/div><\/div><\/div><div class=\"swiper-button-prev\"><\/div><div class=\"swiper-button-next\"><\/div><\/div><\/div><\/div><\/p>\n","protected":false},"author":1,"featured_media":0,"parent":0,"menu_order":0,"comment_status":"closed","ping_status":"closed","template":"","meta":{"_et_pb_use_builder":"on","_et_pb_old_content":"","_et_gb_content_width":"","footnotes":""},"class_list":["post-562","page","type-page","status-publish","hentry"],"featured_media_urls":[],"_links":{"self":[{"href":"https:\/\/www.psv-wuppertal-leichtathletik.de\/index.php?rest_route=\/wp\/v2\/pages\/562","targetHints":{"allow":["GET"]}}],"collection":[{"href":"https:\/\/www.psv-wuppertal-leichtathletik.de\/index.php?rest_route=\/wp\/v2\/pages"}],"about":[{"href":"https:\/\/www.psv-wuppertal-leichtathletik.de\/index.php?rest_route=\/wp\/v2\/types\/page"}],"author":[{"embeddable":true,"href":"https:\/\/www.psv-wuppertal-leichtathletik.de\/index.php?rest_route=\/wp\/v2\/users\/1"}],"replies":[{"embeddable":true,"href":"https:\/\/www.psv-wuppertal-leichtathletik.de\/index.php?rest_route=%2Fwp%2Fv2%2Fcomments&post=562"}],"version-history":[{"count":13,"href":"https:\/\/www.psv-wuppertal-leichtathletik.de\/index.php?rest_route=\/wp\/v2\/pages\/562\/revisions"}],"predecessor-version":[{"id":4953,"href":"https:\/\/www.psv-wuppertal-leichtathletik.de\/index.php?rest_route=\/wp\/v2\/pages\/562\/revisions\/4953"}],"wp:attachment":[{"href":"https:\/\/www.psv-wuppertal-leichtathletik.de\/index.php?rest_route=%2Fwp%2Fv2%2Fmedia&parent=562"}],"curies":[{"name":"wp","href":"https:\/\/api.w.org\/{rel}","templated":true}]}}